{"id":75,"date":"2017-03-06T16:07:59","date_gmt":"2017-03-06T16:07:59","guid":{"rendered":"https:\/\/www.karibiandescanso.com\/?page_id=75"},"modified":"2023-05-15T10:57:32","modified_gmt":"2023-05-15T08:57:32","slug":"noticias","status":"publish","type":"page","link":"https:\/\/karibiandescanso.com\/fr\/noticias\/","title":{"rendered":"Actualit\u00e9s"},"content":{"rendered":"<p>[vc_row css_animation=&#8221;&#8221; row_type=&#8221;row&#8221; use_row_as_full_screen_section=&#8221;no&#8221; type=&#8221;full_width&#8221; angled_section=&#8221;no&#8221; text_align=&#8221;left&#8221; background_image_as_pattern=&#8221;without_pattern&#8221; side_padding=&#8221;5&#8243;][vc_column][vc_empty_space height=&#8221;35px&#8221;][vc_column_text]<\/p>\n<h1 style=\"text-align: center;\">Actualit\u00e9s<\/h1>\n<p>[\/vc_column_text][vc_separator type=&#8221;small&#8221; position=&#8221;center&#8221; color=&#8221;#40b4e5&#8243; thickness=&#8221;3&#8243; up=&#8221;10&#8243; down=&#8221;10&#8243;][vc_empty_space height=&#8221;10px&#8221;][\/vc_column][\/vc_row][vc_row css_animation=&#8221;&#8221; row_type=&#8221;row&#8221; use_row_as_full_screen_section=&#8221;no&#8221; type=&#8221;full_width&#8221; angled_section=&#8221;no&#8221; text_align=&#8221;left&#8221; background_image_as_pattern=&#8221;without_pattern&#8221;][vc_column][vc_empty_space height=&#8221;15px&#8221;]<div class='q_masonry_blog'><div class=\"q_masonry_blog_grid_sizer\"><\/div><div class=\"q_masonry_blog_grid_gutter\"><\/div><article  class='post-18636 post type-post status-publish format-standard has-post-thumbnail hentry category-noticias category-ferias tag-karibian tag-feria-de-milan-2026 tag-salone-del-mobile-milano-2026 tag-industria-del-descanso tag-innovacion-en-colchones tag-tendencias-del-descanso tag-diseno-de-colchones tag-materiales-innovadores tag-networking tag-ferias-internacionales tag-made-in-spain '><div class=\"q_masonry_blog_post_image\"><a itemprop=\"url\" href=\"https:\/\/karibiandescanso.com\/fr\/salone-del-mobile-milano-2026\/\" target=\"_self\"><img decoding=\"async\" itemprop=\"image\" src=\"https:\/\/karibiandescanso.com\/wp-content\/uploads\/2026\/03\/milano-portada.jpg\" \/><\/a><\/div><div class=\"q_masonry_blog_post_text\"><h5 itemprop=\"name\" class=\"q_masonry_blog_title entry_title\"><a itemprop=\"url\" href=\"https:\/\/karibiandescanso.com\/fr\/salone-del-mobile-milano-2026\/\">SALONE DEL MOBILE MILANO 2026<\/a><\/h5><p itemprop=\"description\" class=\"q_masonry_blog_excerpt\">D\u00e9couvrez deux fa\u00e7ons de vous reposer et trouvez quel matelas hybride vous convient le mieux. Nous comparons la mousse HR et les ressorts ensach\u00e9s pour vous aider \u00e0 choisir le matelas id\u00e9al....<\/p><div class=\"q_masonry_blog_post_info\"><span itemprop=\"dateCreated\" class=\"time entry_date updated\">28 April, 2026<meta itemprop=\"interactionCount\" content=\"UserComments: <?php echo get_comments_number(qode_get_page_id()); ?>\"\/><\/span><\/div><\/div><\/article><article  class='post-18494 post type-post status-publish format-standard has-post-thumbnail hentry category-noticias category-descanso tag-salud-y-confort tag-descanso-de-calidad tag-bienestar tag-hybrid tag-articulados tag-viscoelasticas tag-colchones-hibridos tag-hr tag-hybrid-performance tag-pocket-spring tag-elastex-hybrid tag-made-in-spain tag-karibian tag-vida-saludable tag-dormir-mejor '><div class=\"q_masonry_blog_post_image\"><a itemprop=\"url\" href=\"https:\/\/karibiandescanso.com\/fr\/dos-formas-de-descansar-hybrid\/\" target=\"_self\"><img decoding=\"async\" itemprop=\"image\" src=\"https:\/\/karibiandescanso.com\/wp-content\/uploads\/2026\/03\/2-modos-descanso-hybrid.webp\" \/><\/a><\/div><div class=\"q_masonry_blog_post_text\"><h5 itemprop=\"name\" class=\"q_masonry_blog_title entry_title\"><a itemprop=\"url\" href=\"https:\/\/karibiandescanso.com\/fr\/dos-formas-de-descansar-hybrid\/\">Deux fa\u00e7ons de se reposer: Hybrid<\/a><\/h5><p itemprop=\"description\" class=\"q_masonry_blog_excerpt\">D\u00e9couvrez deux fa\u00e7ons de vous reposer et trouvez quel matelas hybride vous convient le mieux. Nous comparons la mousse HR et les ressorts ensach\u00e9s pour vous aider \u00e0 choisir le matelas id\u00e9al....<\/p><div class=\"q_masonry_blog_post_info\"><span itemprop=\"dateCreated\" class=\"time entry_date updated\">26 March, 2026<meta itemprop=\"interactionCount\" content=\"UserComments: <?php echo get_comments_number(qode_get_page_id()); ?>\"\/><\/span><\/div><\/div><\/article><article  class='post-18361 post type-post status-publish format-standard has-post-thumbnail hentry category-descanso category-noticias tag-autocuidado tag-san-valentin tag-made-in-spain tag-karibian tag-vida-saludable tag-higiene-del-sueno tag-dormir-mejor tag-salud-y-confort tag-descanso-de-calidad tag-dormir-bien tag-bienestar tag-rutina-de-sueno '><div class=\"q_masonry_blog_post_image\"><a itemprop=\"url\" href=\"https:\/\/karibiandescanso.com\/fr\/san-valentin-descanso\/\" target=\"_self\"><img decoding=\"async\" itemprop=\"image\" src=\"https:\/\/karibiandescanso.com\/wp-content\/uploads\/2026\/02\/Imagen-2-4.jpg\" \/><\/a><\/div><div class=\"q_masonry_blog_post_text\"><h5 itemprop=\"name\" class=\"q_masonry_blog_title entry_title\"><a itemprop=\"url\" href=\"https:\/\/karibiandescanso.com\/fr\/san-valentin-descanso\/\">Comment prendre soin de soi gr\u00e2ce \u00e0 une routine de sommeil saine<\/a><\/h5><p itemprop=\"description\" class=\"q_masonry_blog_excerpt\">Cette Saint-Valentin, c\u00e9l\u00e9brez \u00e0 votre fa\u00e7on en prenant soin de votre repos. D\u00e9couvrez des conseils pour prendre soin de vous et un mini-guide pour mieux dormir....<\/p><div class=\"q_masonry_blog_post_info\"><span itemprop=\"dateCreated\" class=\"time entry_date updated\">14 February, 2026<meta itemprop=\"interactionCount\" content=\"UserComments: <?php echo get_comments_number(qode_get_page_id()); ?>\"\/><\/span><\/div><\/div><\/article><article  class='post-18279 post type-post status-publish format-standard has-post-thumbnail hentry category-noticias category-descanso tag-karibian tag-vida-saludable tag-higiene-del-sueno tag-dormir-mejor tag-salud-y-confort tag-descanso-de-calidad tag-propositos tag-resolutions tag-bienestar tag-made-in-spain '><div class=\"q_masonry_blog_post_image\"><a itemprop=\"url\" href=\"https:\/\/karibiandescanso.com\/fr\/10-propositos-para-dormir-mejor\/\" target=\"_self\"><img decoding=\"async\" itemprop=\"image\" src=\"https:\/\/karibiandescanso.com\/wp-content\/uploads\/2026\/01\/Portada.jpg\" \/><\/a><\/div><div class=\"q_masonry_blog_post_text\"><h5 itemprop=\"name\" class=\"q_masonry_blog_title entry_title\"><a itemprop=\"url\" href=\"https:\/\/karibiandescanso.com\/fr\/10-propositos-para-dormir-mejor\/\">10 R\u00c9SOLUTIONS POUR MIEUX DORMIR<\/a><\/h5><p itemprop=\"description\" class=\"q_masonry_blog_excerpt\">Avec le d\u00e9but de la nouvelle ann\u00e9e, vous allez probablement dresser une liste de bonnes r\u00e9solutions, comme chaque ann\u00e9e. Et cette ann\u00e9e, nous avons pris la libert\u00e9 de vous donner un coup de main, \u00e0 condition que l'un de vos objectifs soit de prendre davantage soin de vous....<\/p><div class=\"q_masonry_blog_post_info\"><span itemprop=\"dateCreated\" class=\"time entry_date updated\">13 January, 2026<meta itemprop=\"interactionCount\" content=\"UserComments: <?php echo get_comments_number(qode_get_page_id()); ?>\"\/><\/span><\/div><\/div><\/article><article  class='post-18130 post type-post status-publish format-standard has-post-thumbnail hentry category-noticias category-ferias tag-isaloni tag-feria-mueble tag-karibian-descanso tag-fuorisalone tag-colchon tag-milan tag-mattress tag-milanodesignweek tag-europe tag-furniture tag-mueble-de-espana tag-spain-furniture tag-italy '><div class=\"q_masonry_blog_post_image\"><a itemprop=\"url\" href=\"https:\/\/karibiandescanso.com\/fr\/salone-del-mobile-milano-2025\/\" target=\"_self\"><img decoding=\"async\" itemprop=\"image\" src=\"https:\/\/karibiandescanso.com\/wp-content\/uploads\/2025\/04\/MILAN-PORTADA.jpg\" \/><\/a><\/div><div class=\"q_masonry_blog_post_text\"><h5 itemprop=\"name\" class=\"q_masonry_blog_title entry_title\"><a itemprop=\"url\" href=\"https:\/\/karibiandescanso.com\/fr\/salone-del-mobile-milano-2025\/\">SALONE DEL MOBILE.MILANO 2025<\/a><\/h5><p itemprop=\"description\" class=\"q_masonry_blog_excerpt\">Karibian Descanso a expos\u00e9 ses nouveaux produits au Salone del Mobile. Milano 2025, qui s'est tenu du 8 au 13 avril 2025 \u00e0 Milan. L'entreprise a pr\u00e9sent\u00e9 ses derni\u00e8res innovations dans un stand attrayant....<\/p><div class=\"q_masonry_blog_post_info\"><span itemprop=\"dateCreated\" class=\"time entry_date updated\">16 April, 2025<meta itemprop=\"interactionCount\" content=\"UserComments: <?php echo get_comments_number(qode_get_page_id()); ?>\"\/><\/span><\/div><\/div><\/article><article  class='post-18143 post type-post status-publish format-standard has-post-thumbnail hentry category-noticias category-descanso tag-comfort tag-interiorismo tag-alta-calidad tag-mobiliario tag-international tag-arquitectura tag-zona-de-noche tag-colchones tag-magazine tag-archiproducts tag-design '><div class=\"q_masonry_blog_post_image\"><a itemprop=\"url\" href=\"https:\/\/karibiandescanso.com\/fr\/archiproducts\/\" target=\"_self\"><img decoding=\"async\" itemprop=\"image\" src=\"https:\/\/karibiandescanso.com\/wp-content\/uploads\/2025\/04\/ARCHIPRODUCTS.jpg\" \/><\/a><\/div><div class=\"q_masonry_blog_post_text\"><h5 itemprop=\"name\" class=\"q_masonry_blog_title entry_title\"><a itemprop=\"url\" href=\"https:\/\/karibiandescanso.com\/fr\/archiproducts\/\">ARCHIPRODUCTS<\/a><\/h5><p itemprop=\"description\" class=\"q_masonry_blog_excerpt\">Archiproducts est le portail le plus r\u00e9cent pour les produits d'architecture et de design. D\u00e9couvrez le profil de Karibian Descanso sur le site international Archiproducts, dans la cat\u00e9gorie mobilier et vie nocturne....<\/p><div class=\"q_masonry_blog_post_info\"><span itemprop=\"dateCreated\" class=\"time entry_date updated\">11 February, 2025<meta itemprop=\"interactionCount\" content=\"UserComments: <?php echo get_comments_number(qode_get_page_id()); ?>\"\/><\/span><\/div><\/div><\/article><article  class='post-18115 post type-post status-publish format-standard has-post-thumbnail hentry category-ferias category-noticias tag-colchon tag-paris tag-espritmeuble tag-mattress tag-furniture tag-mueble-de-espana tag-spain-furniture tag-contract tag-espritsommeil tag-karibian-descanso tag-ferias-2024 '><div class=\"q_masonry_blog_post_image\"><a itemprop=\"url\" href=\"https:\/\/karibiandescanso.com\/fr\/espritmeuble-paris-2024\/\" target=\"_self\"><img decoding=\"async\" itemprop=\"image\" src=\"https:\/\/karibiandescanso.com\/wp-content\/uploads\/2024\/11\/PARIS-PORTADA.jpg\" \/><\/a><\/div><div class=\"q_masonry_blog_post_text\"><h5 itemprop=\"name\" class=\"q_masonry_blog_title entry_title\"><a itemprop=\"url\" href=\"https:\/\/karibiandescanso.com\/fr\/espritmeuble-paris-2024\/\">ESPRITMEUBLE PARIS 2024<\/a><\/h5><p itemprop=\"description\" class=\"q_masonry_blog_excerpt\">Karibian a particip\u00e9 \u00e0 la 12\u00e8me \u00e9dition d'EspritMeuble 2024 \u00e0 Paris. Cet \u00e9v\u00e9nement s'est d\u00e9roul\u00e9 du 16 au 19 novembre. Le cabinet a pr\u00e9sent\u00e9 ses derni\u00e8res innovations en mati\u00e8re de repos....<\/p><div class=\"q_masonry_blog_post_info\"><span itemprop=\"dateCreated\" class=\"time entry_date updated\">22 November, 2024<meta itemprop=\"interactionCount\" content=\"UserComments: <?php echo get_comments_number(qode_get_page_id()); ?>\"\/><\/span><\/div><\/div><\/article><article  class='post-17173 post type-post status-publish format-standard has-post-thumbnail hentry category-ferias category-noticias tag-europe tag-furniture tag-mueble-de-espana tag-spain-furniture tag-spain-interiors tag-feria-mueble tag-habitat tag-karibian-descanso tag-valencia tag-colchon tag-mattress '><div class=\"q_masonry_blog_post_image\"><a itemprop=\"url\" href=\"https:\/\/karibiandescanso.com\/fr\/58-feria-habitat-valencia\/\" target=\"_self\"><img decoding=\"async\" itemprop=\"image\" src=\"https:\/\/karibiandescanso.com\/wp-content\/uploads\/2025\/01\/VALENCIA-PORTADA.jpg\" \/><\/a><\/div><div class=\"q_masonry_blog_post_text\"><h5 itemprop=\"name\" class=\"q_masonry_blog_title entry_title\"><a itemprop=\"url\" href=\"https:\/\/karibiandescanso.com\/fr\/58-feria-habitat-valencia\/\">58 H\u00c1BITAT VALENCIA FAIR<\/a><\/h5><p itemprop=\"description\" class=\"q_masonry_blog_excerpt\">Karibian Descanso a particip\u00e9 \u00e0 la derni\u00e8re \u00e9dition de la Foire de l'Habitat de Valence, qui s'est d\u00e9roul\u00e9e du 30 septembre au 3 octobre 2024. Quelques jours intenses d'activit\u00e9s sur le stand de l'entreprise......<\/p><div class=\"q_masonry_blog_post_info\"><span itemprop=\"dateCreated\" class=\"time entry_date updated\">07 October, 2024<meta itemprop=\"interactionCount\" content=\"UserComments: <?php echo get_comments_number(qode_get_page_id()); ?>\"\/><\/span><\/div><\/div><\/article><article  class='post-14696 post type-post status-publish format-standard has-post-thumbnail hentry category-noticias tag-certificado tag-colchon tag-mattress tag-mueble-de-espana tag-spain-interiors tag-fabricantes tag-diseno tag-materiales tag-oeko-tex tag-karibian-descanso tag-textiles tag-salud tag-standard-100 '><div class=\"q_masonry_blog_post_image\"><a itemprop=\"url\" href=\"https:\/\/karibiandescanso.com\/fr\/oeko-tex-2017ok1452\/\" target=\"_self\"><img decoding=\"async\" itemprop=\"image\" src=\"https:\/\/karibiandescanso.com\/wp-content\/uploads\/2024\/06\/OEKO-TEX-PORTADA.jpg\" \/><\/a><\/div><div class=\"q_masonry_blog_post_text\"><h5 itemprop=\"name\" class=\"q_masonry_blog_title entry_title\"><a itemprop=\"url\" href=\"https:\/\/karibiandescanso.com\/fr\/oeko-tex-2017ok1452\/\">OEKO-TEX 2017OK1452<\/a><\/h5><p itemprop=\"description\" class=\"q_masonry_blog_excerpt\">Karibian Descanso prolonge le OEKO-TEX\u00ae 2017OK1452 AITEX pour une ann\u00e9e suppl\u00e9mentaire.Le certificat Oeko-Tex Standard 100 est l\u00b4\u00e9tiquette \u00e9cologique leader mondial pour certifier les articles textiles qui sont libres de substances nocives....<\/p><div class=\"q_masonry_blog_post_info\"><span itemprop=\"dateCreated\" class=\"time entry_date updated\">11 June, 2024<meta itemprop=\"interactionCount\" content=\"UserComments: <?php echo get_comments_number(qode_get_page_id()); ?>\"\/><\/span><\/div><\/div><\/article><article  class='post-14603 post type-post status-publish format-standard has-post-thumbnail hentry category-ferias category-noticias tag-furniture tag-mueble-de-espana tag-spain-furniture tag-feria-mueble-yecla tag-fmy2024 tag-ven-y-crece tag-contract tag-karibian-descanso tag-colchon tag-mattress '><div class=\"q_masonry_blog_post_image\"><a itemprop=\"url\" href=\"https:\/\/karibiandescanso.com\/fr\/62o-fmy2024\/\" target=\"_self\"><img decoding=\"async\" itemprop=\"image\" src=\"https:\/\/karibiandescanso.com\/wp-content\/uploads\/2024\/06\/FMY-24.jpg\" \/><\/a><\/div><div class=\"q_masonry_blog_post_text\"><h5 itemprop=\"name\" class=\"q_masonry_blog_title entry_title\"><a itemprop=\"url\" href=\"https:\/\/karibiandescanso.com\/fr\/62o-fmy2024\/\">62\u00ba FMY2024<\/a><\/h5><p itemprop=\"description\" class=\"q_masonry_blog_excerpt\">Karibian Descanso a particip\u00e9 au 62\u00e8me Salon du Meuble de Yecla 2024. Ce Concours s'est d\u00e9roul\u00e9 du 28 au 31 mai, et a \u00e9t\u00e9 le point de rencontre entre les professionnels des secteurs du meuble, du bois et connexes......<\/p><div class=\"q_masonry_blog_post_info\"><span itemprop=\"dateCreated\" class=\"time entry_date updated\">03 June, 2024<meta itemprop=\"interactionCount\" content=\"UserComments: <?php echo get_comments_number(qode_get_page_id()); ?>\"\/><\/span><\/div><\/div><\/article><article  class='post-14912 post type-post status-publish format-standard has-post-thumbnail hentry category-noticias tag-tenis tag-colchon tag-mattress tag-mueble-de-espana tag-vida-saludable tag-ii-open-internacional tag-yecla tag-karibian-descanso tag-deporte tag-salud '><div class=\"q_masonry_blog_post_image\"><a itemprop=\"url\" href=\"https:\/\/karibiandescanso.com\/fr\/ii-open-internacional\/\" target=\"_self\"><img decoding=\"async\" itemprop=\"image\" src=\"https:\/\/karibiandescanso.com\/wp-content\/uploads\/2024\/06\/TENIS.jpg\" \/><\/a><\/div><div class=\"q_masonry_blog_post_text\"><h5 itemprop=\"name\" class=\"q_masonry_blog_title entry_title\"><a itemprop=\"url\" href=\"https:\/\/karibiandescanso.com\/fr\/ii-open-internacional\/\">II OPEN INTERNACIONAL<\/a><\/h5><p itemprop=\"description\" class=\"q_masonry_blog_excerpt\">Karibian Descanso sera sponsor Or du IIe Open International de Tennis F\u00e9minin \u00ab Ciudad de Yecla \u00bb. Organis\u00e9e par le Yecla Tennis Club, elle s'est d\u00e9roul\u00e9e dans cette m\u00eame ville, du 29 avril au 5 mai 2024....<\/p><div class=\"q_masonry_blog_post_info\"><span itemprop=\"dateCreated\" class=\"time entry_date updated\">07 May, 2024<meta itemprop=\"interactionCount\" content=\"UserComments: <?php echo get_comments_number(qode_get_page_id()); ?>\"\/><\/span><\/div><\/div><\/article><article  class='post-14880 post type-post status-publish format-standard has-post-thumbnail hentry category-noticias category-ferias tag-italy tag-isaloni tag-feria-mueble tag-karibian-descanso tag-fuorisalone tag-colchon tag-milan tag-mattress tag-milanodesignweek tag-europe tag-furniture tag-mueble-de-espana tag-spain-furniture '><div class=\"q_masonry_blog_post_image\"><a itemprop=\"url\" href=\"https:\/\/karibiandescanso.com\/fr\/milan-design-week\/\" target=\"_self\"><img decoding=\"async\" itemprop=\"image\" src=\"https:\/\/karibiandescanso.com\/wp-content\/uploads\/2024\/06\/PORTADA-MILAN.jpg\" \/><\/a><\/div><div class=\"q_masonry_blog_post_text\"><h5 itemprop=\"name\" class=\"q_masonry_blog_title entry_title\"><a itemprop=\"url\" href=\"https:\/\/karibiandescanso.com\/fr\/milan-design-week\/\">MILAN DESIGN WEEK<\/a><\/h5><p itemprop=\"description\" class=\"q_masonry_blog_excerpt\">Karibian Descanso\u00a0a expos\u00e9 ses nouveaux produits \u00e0 la Milan Design Week, qui s'est tenue du 15 au 21 avril 2024. La soci\u00e9t\u00e9 a pr\u00e9sent\u00e9 ses mod\u00e8les au Salone del Mobile.Milano et au FuoriSalone....<\/p><div class=\"q_masonry_blog_post_info\"><span itemprop=\"dateCreated\" class=\"time entry_date updated\">25 April, 2024<meta itemprop=\"interactionCount\" content=\"UserComments: <?php echo get_comments_number(qode_get_page_id()); ?>\"\/><\/span><\/div><\/div><\/article><article  class='post-14850 post type-post status-publish format-standard has-post-thumbnail hentry category-noticias category-ferias tag-contract tag-feria-del-mueble-zaragoza tag-karibian-descanso tag-colchon tag-mattress tag-furniture tag-mueble-de-espana tag-zaragoza-es-mueble tag-spain-furniture tag-fmz '><div class=\"q_masonry_blog_post_image\"><a itemprop=\"url\" href=\"https:\/\/karibiandescanso.com\/fr\/9o-fmz\/\" target=\"_self\"><img decoding=\"async\" itemprop=\"image\" src=\"https:\/\/karibiandescanso.com\/wp-content\/uploads\/2024\/03\/ZG-PORTADA.jpg\" \/><\/a><\/div><div class=\"q_masonry_blog_post_text\"><h5 itemprop=\"name\" class=\"q_masonry_blog_title entry_title\"><a itemprop=\"url\" href=\"https:\/\/karibiandescanso.com\/fr\/9o-fmz\/\">9\u00c8ME FMZ<\/a><\/h5><p itemprop=\"description\" class=\"q_masonry_blog_excerpt\">Du 12 au 15 mars 2024, Karibian a particip\u00e9 \u00e0 la 9e \u00e9dition du Salon du meuble de Saragosse. Une rencontre entre professionnels du secteur, o\u00f9 Karibian a pr\u00e9sent\u00e9 ses derni\u00e8res nouveaut\u00e9s en mati\u00e8re de repos....<\/p><div class=\"q_masonry_blog_post_info\"><span itemprop=\"dateCreated\" class=\"time entry_date updated\">18 March, 2024<meta itemprop=\"interactionCount\" content=\"UserComments: <?php echo get_comments_number(qode_get_page_id()); ?>\"\/><\/span><\/div><\/div><\/article><article  class='post-13908 post type-post status-publish format-standard has-post-thumbnail hentry category-ferias category-noticias tag-spain-furniture tag-spain-interiors tag-feria-mueble tag-habitat tag-karibian-descanso tag-valencia tag-colchon tag-mattress tag-europe tag-furniture tag-mueble-de-espana '><div class=\"q_masonry_blog_post_image\"><a itemprop=\"url\" href=\"https:\/\/karibiandescanso.com\/fr\/57-feria-habitat-valencia\/\" target=\"_self\"><img decoding=\"async\" itemprop=\"image\" src=\"https:\/\/karibiandescanso.com\/wp-content\/uploads\/2023\/09\/VALENCIA-PORTADA.jpg\" \/><\/a><\/div><div class=\"q_masonry_blog_post_text\"><h5 itemprop=\"name\" class=\"q_masonry_blog_title entry_title\"><a itemprop=\"url\" href=\"https:\/\/karibiandescanso.com\/fr\/57-feria-habitat-valencia\/\">57 H\u00c1BITAT VALENCIA FAIR<\/a><\/h5><p itemprop=\"description\" class=\"q_masonry_blog_excerpt\">Karibian Descanso a particip\u00e9 \u00e0 la derni\u00e8re \u00e9dition du Salon de l'Habitat de Valence, qui s'est d\u00e9roul\u00e9e du 19 au 22 septembre 2023. Quelques jours intenses d'activit\u00e9s sur le stand de l'entreprise......<\/p><div class=\"q_masonry_blog_post_info\"><span itemprop=\"dateCreated\" class=\"time entry_date updated\">26 September, 2023<meta itemprop=\"interactionCount\" content=\"UserComments: <?php echo get_comments_number(qode_get_page_id()); ?>\"\/><\/span><\/div><\/div><\/article><article  class='post-12089 post type-post status-publish format-standard has-post-thumbnail hentry category-noticias tag-25-aniversario tag-fabricacion tag-celebracion tag-equipo-humano tag-karibian-descanso tag-colchon tag-mattress tag-aniversario tag-mueble-de-espana tag-spain-furniture tag-spain-interiors '><div class=\"q_masonry_blog_post_image\"><a itemprop=\"url\" href=\"https:\/\/karibiandescanso.com\/fr\/cumplimos-25-anos\/\" target=\"_self\"><img decoding=\"async\" itemprop=\"image\" src=\"https:\/\/karibiandescanso.com\/wp-content\/uploads\/2023\/08\/KARIBIAN-25.jpg\" \/><\/a><\/div><div class=\"q_masonry_blog_post_text\"><h5 itemprop=\"name\" class=\"q_masonry_blog_title entry_title\"><a itemprop=\"url\" href=\"https:\/\/karibiandescanso.com\/fr\/cumplimos-25-anos\/\">NOUS AVONS 25 ANS<\/a><\/h5><p itemprop=\"description\" class=\"q_masonry_blog_excerpt\">Karibian Rest J'ai particip\u00e9 au 60e Salone del Mobile de Milan, qui se tient du 7 au 12 juin \u00e0 Milan (Italie). Les mod\u00e8les de literie les plus actuels et innovants de Karibian ont \u00e9t\u00e9 pr\u00e9sent\u00e9s dans un stand attractif et accueillant, aux c\u00f4t\u00e9s des lits Koala....<\/p><div class=\"q_masonry_blog_post_info\"><span itemprop=\"dateCreated\" class=\"time entry_date updated\">03 August, 2023<meta itemprop=\"interactionCount\" content=\"UserComments: <?php echo get_comments_number(qode_get_page_id()); ?>\"\/><\/span><\/div><\/div><\/article><article  class='post-11575 post type-post status-publish format-standard has-post-thumbnail hentry category-ferias category-noticias tag-isaloni tag-karibian-descanso tag-salone-mobile-milano tag-colchon tag-feria-mueble tag-mattress tag-europe tag-furniture tag-mueble-de-espana tag-spain-furniture tag-spain-interiors tag-italy '><div class=\"q_masonry_blog_post_image\"><a itemprop=\"url\" href=\"https:\/\/karibiandescanso.com\/fr\/61-salone-del-mobile-milano\/\" target=\"_self\"><img decoding=\"async\" itemprop=\"image\" src=\"https:\/\/karibiandescanso.com\/wp-content\/uploads\/2023\/04\/ISALONI-PORTADA.jpg\" \/><\/a><\/div><div class=\"q_masonry_blog_post_text\"><h5 itemprop=\"name\" class=\"q_masonry_blog_title entry_title\"><a itemprop=\"url\" href=\"https:\/\/karibiandescanso.com\/fr\/61-salone-del-mobile-milano\/\">61 SALONE DEL MOBILE MILANO<\/a><\/h5><p itemprop=\"description\" class=\"q_masonry_blog_excerpt\">Karibian Rest J'ai particip\u00e9 au 60e Salone del Mobile de Milan, qui se tient du 7 au 12 juin \u00e0 Milan (Italie). Les mod\u00e8les de literie les plus actuels et innovants de Karibian ont \u00e9t\u00e9 pr\u00e9sent\u00e9s dans un stand attractif et accueillant, aux c\u00f4t\u00e9s des lits Koala....<\/p><div class=\"q_masonry_blog_post_info\"><span itemprop=\"dateCreated\" class=\"time entry_date updated\">25 April, 2023<meta itemprop=\"interactionCount\" content=\"UserComments: <?php echo get_comments_number(qode_get_page_id()); ?>\"\/><\/span><\/div><\/div><\/article><article  class='post-11137 post type-post status-publish format-standard has-post-thumbnail hentry category-noticias tag-natural tag-materiales-naturales tag-colchon tag-mattress tag-mueble-de-espana tag-spain-interiors tag-relax tag-eco-nature tag-coco tag-fibras-de-coco tag-karibian-descanso '><div class=\"q_masonry_blog_post_image\"><a itemprop=\"url\" href=\"https:\/\/karibiandescanso.com\/fr\/el-coco\/\" target=\"_self\"><img decoding=\"async\" itemprop=\"image\" src=\"https:\/\/karibiandescanso.com\/wp-content\/uploads\/2023\/02\/COCO.jpg\" \/><\/a><\/div><div class=\"q_masonry_blog_post_text\"><h5 itemprop=\"name\" class=\"q_masonry_blog_title entry_title\"><a itemprop=\"url\" href=\"https:\/\/karibiandescanso.com\/fr\/el-coco\/\">LA FIBRE DE COCO<\/a><\/h5><p itemprop=\"description\" class=\"q_masonry_blog_excerpt\">La fibre de coco est \u00e0 l\u2019honneur dans cette nouvelle collection o\u00f9 le confort et la technologie s\u2019allient \u00e0 la fine fleur des mati\u00e8res naturelles. Une fois encore, nous proposons la meilleure qualit\u00e9...<\/p><div class=\"q_masonry_blog_post_info\"><span itemprop=\"dateCreated\" class=\"time entry_date updated\">10 February, 2023<meta itemprop=\"interactionCount\" content=\"UserComments: <?php echo get_comments_number(qode_get_page_id()); ?>\"\/><\/span><\/div><\/div><\/article><article  class='post-10889 post type-post status-publish format-standard has-post-thumbnail hentry category-sin-categoria category-noticias tag-fabricantes tag-habitat tag-251 tag-eco-nature tag-organic tag-cotton tag-karibian-descanso tag-silk tag-natural tag-latex tag-materiales-naturales tag-linen tag-colchon tag-mattress '><div class=\"q_masonry_blog_post_image\"><a itemprop=\"url\" href=\"https:\/\/karibiandescanso.com\/fr\/coleccion-eco-nature\/\" target=\"_self\"><img decoding=\"async\" itemprop=\"image\" src=\"https:\/\/karibiandescanso.com\/wp-content\/uploads\/2022\/12\/ECO_PORTADA-copia.jpg\" \/><\/a><\/div><div class=\"q_masonry_blog_post_text\"><h5 itemprop=\"name\" class=\"q_masonry_blog_title entry_title\"><a itemprop=\"url\" href=\"https:\/\/karibiandescanso.com\/fr\/coleccion-eco-nature\/\">COLLECTION ECO-NATURE<\/a><\/h5><p itemprop=\"description\" class=\"q_masonry_blog_excerpt\">La Collection exclusive Eco Nature de Karibian d\u00e9passe les limites du confort. Confort et technologie, combin\u00e9s avec les meilleurs mat\u00e9riaux naturels, comme le coton, le lin, la soie, le latex et la fibre de coco....<\/p><div class=\"q_masonry_blog_post_info\"><span itemprop=\"dateCreated\" class=\"time entry_date updated\">20 December, 2022<meta itemprop=\"interactionCount\" content=\"UserComments: <?php echo get_comments_number(qode_get_page_id()); ?>\"\/><\/span><\/div><\/div><\/article><article  class='post-10612 post type-post status-publish format-standard has-post-thumbnail hentry category-ferias category-noticias tag-karibian-descanso tag-valencia tag-colchon tag-habitat2022 tag-mattress tag-wdc2022 tag-europe tag-furniture tag-mueble-de-espana tag-spain-furniture tag-spain-interiors tag-feria-mueble tag-habitat '><div class=\"q_masonry_blog_post_image\"><a itemprop=\"url\" href=\"https:\/\/karibiandescanso.com\/fr\/feria-habitat-valencia\/\" target=\"_self\"><img decoding=\"async\" itemprop=\"image\" src=\"https:\/\/karibiandescanso.com\/wp-content\/uploads\/2022\/09\/habitat-portada.jpg\" \/><\/a><\/div><div class=\"q_masonry_blog_post_text\"><h5 itemprop=\"name\" class=\"q_masonry_blog_title entry_title\"><a itemprop=\"url\" href=\"https:\/\/karibiandescanso.com\/fr\/feria-habitat-valencia\/\">56E F\u00c9RIA D&#8217;HABITAT VALENCE<\/a><\/h5><p itemprop=\"description\" class=\"q_masonry_blog_excerpt\">Du 20 au 23 septembre,\u00a0Karibian Descanso a expos\u00e9 ses nouveaut\u00e9s \u00e0 la 56e \u00e9dition de la Foire H\u00e1bitat \u00e0 Valencia Foire de l'Habitat \u00e0 Valence. Le rendez-vous phare de l'Habitat 'Made in Spain' est revenu ce mois de septembre, avec un grand appel international....<\/p><div class=\"q_masonry_blog_post_info\"><span itemprop=\"dateCreated\" class=\"time entry_date updated\">27 September, 2022<meta itemprop=\"interactionCount\" content=\"UserComments: <?php echo get_comments_number(qode_get_page_id()); ?>\"\/><\/span><\/div><\/div><\/article><article  class='post-10298 post type-post status-publish format-standard has-post-thumbnail hentry category-ferias category-noticias tag-europe tag-furniture tag-mueble-de-espana tag-spain-furniture tag-spain-interiors tag-italy tag-isaloni tag-karibian-descanso tag-salone-mobile-milano tag-colchon tag-feria-mueble tag-mattress '><div class=\"q_masonry_blog_post_image\"><a itemprop=\"url\" href=\"https:\/\/karibiandescanso.com\/fr\/60-salone-del-mobile-milano\/\" target=\"_self\"><img decoding=\"async\" itemprop=\"image\" src=\"https:\/\/karibiandescanso.com\/wp-content\/uploads\/2022\/06\/ISALONI-KARIBIAN-1.jpg\" \/><\/a><\/div><div class=\"q_masonry_blog_post_text\"><h5 itemprop=\"name\" class=\"q_masonry_blog_title entry_title\"><a itemprop=\"url\" href=\"https:\/\/karibiandescanso.com\/fr\/60-salone-del-mobile-milano\/\">60 SALONE DEL MOBILE MILANO<\/a><\/h5><p itemprop=\"description\" class=\"q_masonry_blog_excerpt\">Karibian Descanso a particip\u00e9 au 60e Salone del Mobile de Milan, qui s'est tenu du 7 au 12 juin \u00e0 Milan (Italie). Les mod\u00e8les de literie les plus actuels et innovants de Karibian ont \u00e9t\u00e9 pr\u00e9sent\u00e9s dans un stand attrayant et accueillant, aux c\u00f4t\u00e9s des lits Koala....<\/p><div class=\"q_masonry_blog_post_info\"><span itemprop=\"dateCreated\" class=\"time entry_date updated\">13 June, 2022<meta itemprop=\"interactionCount\" content=\"UserComments: <?php echo get_comments_number(qode_get_page_id()); ?>\"\/><\/span><\/div><\/div><\/article><article  class='post-10202 post type-post status-publish format-standard has-post-thumbnail hentry category-noticias tag-fabricantes tag-diseno tag-materiales tag-oeko-tex tag-karibian-descanso tag-textiles tag-salud tag-standard-100 tag-certificado tag-colchon tag-mattress tag-mueble-de-espana tag-spain-interiors '><div class=\"q_masonry_blog_post_image\"><a itemprop=\"url\" href=\"https:\/\/karibiandescanso.com\/fr\/renovacion-oeko-tex\/\" target=\"_self\"><img decoding=\"async\" itemprop=\"image\" src=\"https:\/\/karibiandescanso.com\/wp-content\/uploads\/2022\/04\/OEKO-TEX-PORTADA.jpg\" \/><\/a><\/div><div class=\"q_masonry_blog_post_text\"><h5 itemprop=\"name\" class=\"q_masonry_blog_title entry_title\"><a itemprop=\"url\" href=\"https:\/\/karibiandescanso.com\/fr\/renovacion-oeko-tex\/\">RENOUVELLEMENT OEKO-TEX<\/a><\/h5><p itemprop=\"description\" class=\"q_masonry_blog_excerpt\">Karibian Descanso prolonge le OEKO-TEX\u00ae 2017OK1452 AITEX pour une ann\u00e9e suppl\u00e9mentaire.Le certificat Oeko-Tex Standard 100 est l\u00b4\u00e9tiquette \u00e9cologique leader mondial pour certifier les articles textiles qui sont libres de substances nocives....<\/p><div class=\"q_masonry_blog_post_info\"><span itemprop=\"dateCreated\" class=\"time entry_date updated\">29 April, 2022<meta itemprop=\"interactionCount\" content=\"UserComments: <?php echo get_comments_number(qode_get_page_id()); ?>\"\/><\/span><\/div><\/div><\/article><article  class='post-10108 post type-post status-publish format-standard has-post-thumbnail hentry category-noticias category-ferias tag-spain-interiors tag-fmz tag-karibian-descanso tag-fmz2022 tag-colchon tag-mattress tag-furniture tag-mueble-de-espana tag-feria-mueble-zaragoza tag-zaragoza-es-mueble tag-spain-furniture '><div class=\"q_masonry_blog_post_image\"><a itemprop=\"url\" href=\"https:\/\/karibiandescanso.com\/fr\/8-feria-mueble-zaragoza\/\" target=\"_self\"><img decoding=\"async\" itemprop=\"image\" src=\"https:\/\/karibiandescanso.com\/wp-content\/uploads\/2022\/04\/FERIA-ZARAGOZA.jpg\" \/><\/a><\/div><div class=\"q_masonry_blog_post_text\"><h5 itemprop=\"name\" class=\"q_masonry_blog_title entry_title\"><a itemprop=\"url\" href=\"https:\/\/karibiandescanso.com\/fr\/8-feria-mueble-zaragoza\/\">8EME SALON DU MEUBLE DE SARAGOSSE<\/a><\/h5><p itemprop=\"description\" class=\"q_masonry_blog_excerpt\">Du 22 au 25 mars, Karibian Descanso a pr\u00e9sent\u00e9 ses derni\u00e8res innovations en mati\u00e8re d'articles de repos lors de la 8e \u00e9dition du Salon du meuble de Saragosse. Cet \u00e9v\u00e9nement international rassemble des professionnels du...<\/p><div class=\"q_masonry_blog_post_info\"><span itemprop=\"dateCreated\" class=\"time entry_date updated\">30 March, 2022<meta itemprop=\"interactionCount\" content=\"UserComments: <?php echo get_comments_number(qode_get_page_id()); ?>\"\/><\/span><\/div><\/div><\/article><article  class='post-9614 post type-post status-publish format-standard has-post-thumbnail hentry category-ferias category-noticias tag-colchon tag-mattress tag-furniture tag-mueble-de-espana tag-spain-furniture tag-spain-interiors tag-feria-mueble-yecla tag-fmy2021 tag-reconecta tag-karibian-descanso '><div class=\"q_masonry_blog_post_image\"><a itemprop=\"url\" href=\"https:\/\/karibiandescanso.com\/fr\/fmy2021\/\" target=\"_self\"><img decoding=\"async\" itemprop=\"image\" src=\"https:\/\/karibiandescanso.com\/wp-content\/uploads\/2021\/10\/FMY-KARIBIAN.jpg\" \/><\/a><\/div><div class=\"q_masonry_blog_post_text\"><h5 itemprop=\"name\" class=\"q_masonry_blog_title entry_title\"><a itemprop=\"url\" href=\"https:\/\/karibiandescanso.com\/fr\/fmy2021\/\">59\u00e8me \u00c9DITION DU SALON DU MEUBLE DE YECLA 2021<\/a><\/h5><p itemprop=\"description\" class=\"q_masonry_blog_excerpt\">Du 20 au 23 octobre, Karibian a pr\u00e9sent\u00e9 ses derni\u00e8res innovations en mati\u00e8re d'articles de repos lors de la 59e \u00e9dition du Salon du meuble de Yecla, qui co\u00efncide avec son 60e anniversaire....<\/p><div class=\"q_masonry_blog_post_info\"><span itemprop=\"dateCreated\" class=\"time entry_date updated\">26 October, 2021<meta itemprop=\"interactionCount\" content=\"UserComments: <?php echo get_comments_number(qode_get_page_id()); ?>\"\/><\/span><\/div><\/div><\/article><article  class='post-9629 post type-post status-publish format-standard has-post-thumbnail hentry category-noticias tag-materiales tag-karibian-descanso tag-feria tag-colchon tag-mattress tag-mueble-de-espana tag-spain-interiors tag-export tag-video-corporativo tag-fabricantes tag-diseno '><div class=\"q_masonry_blog_post_image\"><a itemprop=\"url\" href=\"https:\/\/karibiandescanso.com\/fr\/nuevo-video-corporativo\/\" target=\"_self\"><img decoding=\"async\" itemprop=\"image\" src=\"https:\/\/karibiandescanso.com\/wp-content\/uploads\/2021\/10\/FACTORY.jpg\" \/><\/a><\/div><div class=\"q_masonry_blog_post_text\"><h5 itemprop=\"name\" class=\"q_masonry_blog_title entry_title\"><a itemprop=\"url\" href=\"https:\/\/karibiandescanso.com\/fr\/nuevo-video-corporativo\/\">NOUVELLE VID\u00c9O CORPORATIVE<\/a><\/h5><p itemprop=\"description\" class=\"q_masonry_blog_excerpt\">Nous avons le plaisir de vous pr\u00e9senter en exclusivit\u00e9 la nouvelle vid\u00e9o corporative de Karibian Descanso. Un petit \u00e9chantillon de tout le processus de production r\u00e9alis\u00e9 jour apr\u00e8s jour par plus de 130 professionnels qui...<\/p><div class=\"q_masonry_blog_post_info\"><span itemprop=\"dateCreated\" class=\"time entry_date updated\">08 October, 2021<meta itemprop=\"interactionCount\" content=\"UserComments: <?php echo get_comments_number(qode_get_page_id()); ?>\"\/><\/span><\/div><\/div><\/article><article  class='post-9415 post type-post status-publish format-standard has-post-thumbnail hentry category-sin-categoria category-noticias category-descanso tag-colchon tag-calor tag-verano tag-wellbeing tag-made-in-spain tag-estilos-de-vida tag-dormirenverano tag-karibian-descanso tag-summertime tag-descanso tag-karibian tag-cooler '><div class=\"q_masonry_blog_post_image\"><a itemprop=\"url\" href=\"https:\/\/karibiandescanso.com\/fr\/descansa-bien-en-vacaciones\/\" target=\"_self\"><img decoding=\"async\" itemprop=\"image\" src=\"https:\/\/karibiandescanso.com\/wp-content\/uploads\/2021\/08\/POST.jpg\" \/><\/a><\/div><div class=\"q_masonry_blog_post_text\"><h5 itemprop=\"name\" class=\"q_masonry_blog_title entry_title\"><a itemprop=\"url\" href=\"https:\/\/karibiandescanso.com\/fr\/descansa-bien-en-vacaciones\/\">TEMPS DE REPOS<\/a><\/h5><p itemprop=\"description\" class=\"q_masonry_blog_excerpt\">Ao\u00fbt est le mois des vacances par excellence. En cette ann\u00e9e si \u00e9trange que nous vivons, nous avons plus que jamais besoin d'une pause pour nous d\u00e9connecter de la r\u00e9alit\u00e9, compte tenu de tous les \u00e9v\u00e9nements qui se sont produits....<\/p><div class=\"q_masonry_blog_post_info\"><span itemprop=\"dateCreated\" class=\"time entry_date updated\">11 August, 2021<meta itemprop=\"interactionCount\" content=\"UserComments: <?php echo get_comments_number(qode_get_page_id()); ?>\"\/><\/span><\/div><\/div><\/article><article  class='post-9315 post type-post status-publish format-standard has-post-thumbnail hentry category-noticias tag-spain-interiors tag-relax tag-verano tag-karibian-descanso tag-promo tag-cooler tag-tejidos tag-colchon tag-dormir tag-mattress tag-calor tag-mueble-de-espana '><div class=\"q_masonry_blog_post_image\"><a itemprop=\"url\" href=\"https:\/\/karibiandescanso.com\/fr\/nuevo-modelo-atlantic-cooler\/\" target=\"_self\"><img decoding=\"async\" itemprop=\"image\" src=\"https:\/\/karibiandescanso.com\/wp-content\/uploads\/2021\/08\/ATLANTIC-COOLER-KARIBIAN.jpg\" \/><\/a><\/div><div class=\"q_masonry_blog_post_text\"><h5 itemprop=\"name\" class=\"q_masonry_blog_title entry_title\"><a itemprop=\"url\" href=\"https:\/\/karibiandescanso.com\/fr\/nuevo-modelo-atlantic-cooler\/\">NOUVEAU MOD\u00c8LE ATLANTIC COOLER<\/a><\/h5><p itemprop=\"description\" class=\"q_masonry_blog_excerpt\">Le matelas Atlantic Cooler de la s\u00e9rie Pocket Spring pr\u00e9sente le confort dans sa forme la plus pure. Un mod\u00e8le de repos \u00e9quip\u00e9 des derni\u00e8res technologies, \u00e0 travers le fil Cooler. Cette technologie innovante est capable de maintenir un environnement frais, ce qui en fait le choix id\u00e9al pour les nuits d'\u00e9t\u00e9....<\/p><div class=\"q_masonry_blog_post_info\"><span itemprop=\"dateCreated\" class=\"time entry_date updated\">29 July, 2021<meta itemprop=\"interactionCount\" content=\"UserComments: <?php echo get_comments_number(qode_get_page_id()); ?>\"\/><\/span><\/div><\/div><\/article><article  class='post-9180 post type-post status-publish format-standard has-post-thumbnail hentry category-noticias tag-tejido-frio tag-confort tag-dormir-sin-calor tag-karibiandescanso tag-innovation tag-cooler tag-repos tag-sommeil tag-tissus tag-naturel tag-verano tag-technology '><div class=\"q_masonry_blog_post_image\"><a itemprop=\"url\" href=\"https:\/\/karibiandescanso.com\/fr\/el-verano-es-nuestro\/\" target=\"_self\"><img decoding=\"async\" itemprop=\"image\" src=\"https:\/\/karibiandescanso.com\/wp-content\/uploads\/2021\/07\/COOLER-POST-1-1.jpg\" \/><\/a><\/div><div class=\"q_masonry_blog_post_text\"><h5 itemprop=\"name\" class=\"q_masonry_blog_title entry_title\"><a itemprop=\"url\" href=\"https:\/\/karibiandescanso.com\/fr\/el-verano-es-nuestro\/\">DEEP SLEEP ON A COOL BED<\/a><\/h5><p itemprop=\"description\" class=\"q_masonry_blog_excerpt\">Chez Karibian Descanso nous avons d\u00e9velopp\u00e9, gr\u00e2ce \u00e0 la technologie COOLER, un matelas capable de se tenir fra\u00eeche et apporter au corps une sensation de fra\u00eecheur et confort. Le tissu Cooler maximise la qualit\u00e9 du sommeil. L\u00b4\u00e9t\u00e9 est tout pr\u00e8s, le soleil devient le protagoniste....<\/p><div class=\"q_masonry_blog_post_info\"><span itemprop=\"dateCreated\" class=\"time entry_date updated\">01 July, 2021<meta itemprop=\"interactionCount\" content=\"UserComments: <?php echo get_comments_number(qode_get_page_id()); ?>\"\/><\/span><\/div><\/div><\/article><article  class='post-5299 post type-post status-publish format-standard has-post-thumbnail hentry category-sin-categoria category-noticias category-descanso tag-ninos tag-juvenil tag-firmeza tag-infantil tag-karibian-descanso tag-colchonjuvenil tag-descanso tag-colchon tag-dormir tag-sleep tag-madeinspain '><div class=\"q_masonry_blog_post_image\"><a itemprop=\"url\" href=\"https:\/\/karibiandescanso.com\/fr\/descanso-ninos\/\" target=\"_self\"><img decoding=\"async\" itemprop=\"image\" src=\"https:\/\/karibiandescanso.com\/wp-content\/uploads\/2021\/04\/BLOG-KIDS.jpg\" \/><\/a><\/div><div class=\"q_masonry_blog_post_text\"><h5 itemprop=\"name\" class=\"q_masonry_blog_title entry_title\"><a itemprop=\"url\" href=\"https:\/\/karibiandescanso.com\/fr\/descanso-ninos\/\">REPOS ET ENFANTS<\/a><\/h5><p itemprop=\"description\" class=\"q_masonry_blog_excerpt\">Les heures de repos des enfants et des jeunes supposent un \u00e9l\u00e9ment d\u00e9terminant pour leur croissance. Le sommeil a une fonction r\u00e9gulatrice et r\u00e9paratrice pour l'organisme, ainsi que dans leur d\u00e9veloppement physique et mental, au jour le jour....<\/p><div class=\"q_masonry_blog_post_info\"><span itemprop=\"dateCreated\" class=\"time entry_date updated\">12 April, 2021<meta itemprop=\"interactionCount\" content=\"UserComments: <?php echo get_comments_number(qode_get_page_id()); ?>\"\/><\/span><\/div><\/div><\/article><article  class='post-8414 post type-post status-publish format-standard has-post-thumbnail hentry category-noticias tag-karibian-descanso tag-tejidos tag-materiales-naturales tag-colchon tag-mattress tag-mueble-de-espana tag-spain-interiors tag-relax tag-modal tag-fibra-modal '><div class=\"q_masonry_blog_post_image\"><a itemprop=\"url\" href=\"https:\/\/karibiandescanso.com\/fr\/colchon-modal-v4\/\" target=\"_self\"><img decoding=\"async\" itemprop=\"image\" src=\"https:\/\/karibiandescanso.com\/wp-content\/uploads\/2020\/12\/POST-MODAL.jpg\" \/><\/a><\/div><div class=\"q_masonry_blog_post_text\"><h5 itemprop=\"name\" class=\"q_masonry_blog_title entry_title\"><a itemprop=\"url\" href=\"https:\/\/karibiandescanso.com\/fr\/colchon-modal-v4\/\">LE MATELAS MODAL V4<\/a><\/h5><p itemprop=\"description\" class=\"q_masonry_blog_excerpt\">Le matelas Modal V4 de la s\u00e9rie Silver garantit des sensations fra\u00eeches et douces \u00e0 vos nuits de repos. Fabriqu\u00e9 en tissu extensible avec de la fibre naturelle Modal, il est aussi compos\u00e9 de 4 centim\u00e8tres de mousse visco-\u00e9lastique entre l'\u00e2me du matelas et le rembourrage....<\/p><div class=\"q_masonry_blog_post_info\"><span itemprop=\"dateCreated\" class=\"time entry_date updated\">28 December, 2020<meta itemprop=\"interactionCount\" content=\"UserComments: <?php echo get_comments_number(qode_get_page_id()); ?>\"\/><\/span><\/div><\/div><\/article><article  class='post-8240 post type-post status-publish format-standard has-post-thumbnail hentry category-noticias tag-colchon tag-mattress tag-tecnologia tag-mueble-de-espana tag-premio tag-larazon tag-innovacion tag-periodico tag-reconocimiento tag-karibian-descanso tag-crecimiento tag-calidad '><div class=\"q_masonry_blog_post_image\"><a itemprop=\"url\" href=\"https:\/\/karibiandescanso.com\/fr\/premio-tecnologia-e-innovacion\/\" target=\"_self\"><img decoding=\"async\" itemprop=\"image\" src=\"https:\/\/karibiandescanso.com\/wp-content\/uploads\/2020\/11\/PORTADA-1.jpg\" \/><\/a><\/div><div class=\"q_masonry_blog_post_text\"><h5 itemprop=\"name\" class=\"q_masonry_blog_title entry_title\"><a itemprop=\"url\" href=\"https:\/\/karibiandescanso.com\/fr\/premio-tecnologia-e-innovacion\/\">PRIX DE LA TECHNOLOGIE ET L&#8217;INNOVATION<\/a><\/h5><p itemprop=\"description\" class=\"q_masonry_blog_excerpt\">Karibian Descanso a re\u00e7u le prix \u00ab\u00a0Innovation en mati\u00e8re de repos\u00a0\u00bb du journal La Raz\u00f3n, dans le cadre de la IV\u00e8me \u00e9dition des prix de la technologie et l'innovation. La remise des prix a eu lieu le 27 octobre, \u00e0 Madrid....<\/p><div class=\"q_masonry_blog_post_info\"><span itemprop=\"dateCreated\" class=\"time entry_date updated\">11 November, 2020<meta itemprop=\"interactionCount\" content=\"UserComments: <?php echo get_comments_number(qode_get_page_id()); ?>\"\/><\/span><\/div><\/div><\/article><article  class='post-8137 post type-post status-publish format-standard has-post-thumbnail hentry category-noticias tag-colchon tag-mattress tag-mueble-de-espana tag-spain-interiors tag-relax tag-latex-natural tag-latexco tag-coocum-nature tag-karibian-descanso tag-materiales-naturales '><div class=\"q_masonry_blog_post_image\"><a itemprop=\"url\" href=\"https:\/\/karibiandescanso.com\/fr\/latex-natural\/\" target=\"_self\"><img decoding=\"async\" itemprop=\"image\" src=\"https:\/\/karibiandescanso.com\/wp-content\/uploads\/2020\/10\/POST-LATEX.jpg\" \/><\/a><\/div><div class=\"q_masonry_blog_post_text\"><h5 itemprop=\"name\" class=\"q_masonry_blog_title entry_title\"><a itemprop=\"url\" href=\"https:\/\/karibiandescanso.com\/fr\/latex-natural\/\">LATEX NATUREL<\/a><\/h5><p itemprop=\"description\" class=\"q_masonry_blog_excerpt\">Le meilleur pour un repos parfait. Chez Karibian Descanso nous travaillons chaque jour pour grandir, am\u00e9liorer et pour offrir les meilleurs solutions dans nos mod\u00e8les de repos, en nous adaptant aux exigences et \u00a0 aux besoins de toutes les personnes....<\/p><div class=\"q_masonry_blog_post_info\"><span itemprop=\"dateCreated\" class=\"time entry_date updated\">22 October, 2020<meta itemprop=\"interactionCount\" content=\"UserComments: <?php echo get_comments_number(qode_get_page_id()); ?>\"\/><\/span><\/div><\/div><\/article><article  class='post-7987 post type-post status-publish format-standard has-post-thumbnail hentry category-ferias category-noticias tag-imm-cologne tag-mueble-de-espana tag-spain-interiors tag-magazine tag-export tag-karibian-descanso tag-rusia tag-feria tag-colchon tag-mattress tag-furniture '><div class=\"q_masonry_blog_post_image\"><a itemprop=\"url\" href=\"https:\/\/karibiandescanso.com\/fr\/karibian-en-interior-magazine\/\" target=\"_self\"><img decoding=\"async\" itemprop=\"image\" src=\"https:\/\/karibiandescanso.com\/wp-content\/uploads\/2020\/09\/Miniatura-9.png\" \/><\/a><\/div><div class=\"q_masonry_blog_post_text\"><h5 itemprop=\"name\" class=\"q_masonry_blog_title entry_title\"><a itemprop=\"url\" href=\"https:\/\/karibiandescanso.com\/fr\/karibian-en-interior-magazine\/\">KARIBIAN DANS LE MAGAZINE \u00abINTERIOR\u00bb<\/a><\/h5><p itemprop=\"description\" class=\"q_masonry_blog_excerpt\">Le magazine russe \u00ab\u00a0Interior\u00a0\u00bb a publi\u00e9 un article int\u00e9ressant sur Karibian Descanso, dans la section sp\u00e9ciale IMM Cologne. Dans la cat\u00e9gorie \u00ab\u00a0The best of IMM Cologne\u00a0\u00bb, on a d\u00e9crit quelques lignes sur Karibian....<\/p><div class=\"q_masonry_blog_post_info\"><span itemprop=\"dateCreated\" class=\"time entry_date updated\">29 September, 2020<meta itemprop=\"interactionCount\" content=\"UserComments: <?php echo get_comments_number(qode_get_page_id()); ?>\"\/><\/span><\/div><\/div><\/article><article  class='post-7750 post type-post status-publish format-standard has-post-thumbnail hentry category-sin-categoria category-noticias category-descanso tag-made-in-spain tag-estilos-de-vida tag-dormirenverano tag-karibian-descanso tag-summertime tag-descanso tag-karibian tag-cooler tag-colchon tag-calor tag-verano tag-wellbeing '><div class=\"q_masonry_blog_post_image\"><a itemprop=\"url\" href=\"https:\/\/karibiandescanso.com\/fr\/momento-de-desconectar\/\" target=\"_self\"><img decoding=\"async\" itemprop=\"image\" src=\"https:\/\/karibiandescanso.com\/wp-content\/uploads\/2020\/08\/POST.jpg\" \/><\/a><\/div><div class=\"q_masonry_blog_post_text\"><h5 itemprop=\"name\" class=\"q_masonry_blog_title entry_title\"><a itemprop=\"url\" href=\"https:\/\/karibiandescanso.com\/fr\/momento-de-desconectar\/\">TEMPS DE REPOS<\/a><\/h5><p itemprop=\"description\" class=\"q_masonry_blog_excerpt\">Ao\u00fbt est le mois des vacances par excellence. En cette ann\u00e9e si \u00e9trange que nous vivons, nous avons plus que jamais besoin d'une pause pour nous d\u00e9connecter de la r\u00e9alit\u00e9, compte tenu de tous les \u00e9v\u00e9nements qui se sont produits....<\/p><div class=\"q_masonry_blog_post_info\"><span itemprop=\"dateCreated\" class=\"time entry_date updated\">06 August, 2020<meta itemprop=\"interactionCount\" content=\"UserComments: <?php echo get_comments_number(qode_get_page_id()); ?>\"\/><\/span><\/div><\/div><\/article><article  class='post-7438 post type-post status-publish format-standard has-post-thumbnail hentry category-sin-categoria category-noticias tag-estilos-de-vida tag-salud tag-descanso tag-colchon tag-dormir tag-mattress tag-sleep tag-dormir-en-pareja tag-wellbeing tag-posturas-para-dormir tag-made-in-spain tag-karibian-descanso '><div class=\"q_masonry_blog_post_image\"><a itemprop=\"url\" href=\"https:\/\/karibiandescanso.com\/fr\/dormir-en-pareja\/\" target=\"_self\"><img decoding=\"async\" itemprop=\"image\" src=\"https:\/\/karibiandescanso.com\/wp-content\/uploads\/2020\/07\/DORMIR-EN-PAREJA.png\" \/><\/a><\/div><div class=\"q_masonry_blog_post_text\"><h5 itemprop=\"name\" class=\"q_masonry_blog_title entry_title\"><a itemprop=\"url\" href=\"https:\/\/karibiandescanso.com\/fr\/dormir-en-pareja\/\">DORMIR EN COUPLE<\/a><\/h5><p itemprop=\"description\" class=\"q_masonry_blog_excerpt\">Beaucoup de gens se demandent s'il est pr\u00e9f\u00e9rable de dormir avec un partenaire ou s'il est pr\u00e9f\u00e9rable de dormir seul\/-e. Diff\u00e9rentes \u00e9tudes scientifiques ont prouv\u00e9 que le fait de dormir \u00e0 deux pr\u00e9sente de nombreux avantages pour la sant\u00e9....<\/p><div class=\"q_masonry_blog_post_info\"><span itemprop=\"dateCreated\" class=\"time entry_date updated\">14 July, 2020<meta itemprop=\"interactionCount\" content=\"UserComments: <?php echo get_comments_number(qode_get_page_id()); ?>\"\/><\/span><\/div><\/div><\/article><article  class='post-7278 post type-post status-publish format-standard has-post-thumbnail hentry category-noticias tag-colchon tag-mattress tag-mueble-de-espana tag-spain-interiors tag-verano tag-covid-19 tag-coronavirus tag-pandemia tag-karibian-descanso tag-responsabilidad '><div class=\"q_masonry_blog_post_image\"><a itemprop=\"url\" href=\"https:\/\/karibiandescanso.com\/fr\/unidos-ante-el-covid-19\/\" target=\"_self\"><img decoding=\"async\" itemprop=\"image\" src=\"https:\/\/karibiandescanso.com\/wp-content\/uploads\/2020\/06\/portada-covid.png\" \/><\/a><\/div><div class=\"q_masonry_blog_post_text\"><h5 itemprop=\"name\" class=\"q_masonry_blog_title entry_title\"><a itemprop=\"url\" href=\"https:\/\/karibiandescanso.com\/fr\/unidos-ante-el-covid-19\/\">UNE SEULE \u00c9QUIPE CONTRE LE COVID-19<\/a><\/h5><p itemprop=\"description\" class=\"q_masonry_blog_excerpt\">Karibian Descanso a d\u00e9velopp\u00e9 un guide de bonnes pratiques pour traiter la COVID-19. Nous restons fid\u00e8les \u00e0 notre engagement avec nos employ\u00e9s, nos clients, nos distributeurs, nos fournisseurs et la soci\u00e9t\u00e9 en g\u00e9n\u00e9ral...<\/p><div class=\"q_masonry_blog_post_info\"><span itemprop=\"dateCreated\" class=\"time entry_date updated\">19 June, 2020<meta itemprop=\"interactionCount\" content=\"UserComments: <?php echo get_comments_number(qode_get_page_id()); ?>\"\/><\/span><\/div><\/div><\/article><article  class='post-6981 post type-post status-publish format-standard has-post-thumbnail hentry category-noticias tag-cooler tag-colchon tag-mattress tag-calor tag-mueble-de-espana tag-spain-interiors tag-relax tag-verano tag-karibian-descanso '><div class=\"q_masonry_blog_post_image\"><a itemprop=\"url\" href=\"https:\/\/karibiandescanso.com\/fr\/que-el-calor-no-te-quite-el-sueno\/\" target=\"_self\"><img decoding=\"async\" itemprop=\"image\" src=\"https:\/\/karibiandescanso.com\/wp-content\/uploads\/2020\/05\/MINIATURA.jpg\" \/><\/a><\/div><div class=\"q_masonry_blog_post_text\"><h5 itemprop=\"name\" class=\"q_masonry_blog_title entry_title\"><a itemprop=\"url\" href=\"https:\/\/karibiandescanso.com\/fr\/que-el-calor-no-te-quite-el-sueno\/\">LA CHALEUR NE PREND PAS VOTRE SOMMEIL<\/a><\/h5><p itemprop=\"description\" class=\"q_masonry_blog_excerpt\">Chez Karibian Descanso\u00a0nous avons d\u00e9velopp\u00e9, gr\u00e2ce \u00e0 la technologie COOLER, un matelas capable de se tenir fra\u00eeche et apporter au corps une sensation de fra\u00eecheur et confort. Le tissu Cooler maximise la qualit\u00e9...<\/p><div class=\"q_masonry_blog_post_info\"><span itemprop=\"dateCreated\" class=\"time entry_date updated\">13 May, 2020<meta itemprop=\"interactionCount\" content=\"UserComments: <?php echo get_comments_number(qode_get_page_id()); ?>\"\/><\/span><\/div><\/div><\/article><article  class='post-6828 post type-post status-publish format-standard has-post-thumbnail hentry category-noticias tag-colchon tag-mattress tag-mueble-de-espana tag-spain-interiors tag-lectura tag-relax tag-dia-del-libro tag-reading tag-karibian-descanso '><div class=\"q_masonry_blog_post_image\"><a itemprop=\"url\" href=\"https:\/\/karibiandescanso.com\/fr\/lectura-en-la-cama\/\" target=\"_self\"><img decoding=\"async\" itemprop=\"image\" src=\"https:\/\/karibiandescanso.com\/wp-content\/uploads\/2020\/04\/PORTADA-3.png\" \/><\/a><\/div><div class=\"q_masonry_blog_post_text\"><h5 itemprop=\"name\" class=\"q_masonry_blog_title entry_title\"><a itemprop=\"url\" href=\"https:\/\/karibiandescanso.com\/fr\/lectura-en-la-cama\/\">LIRE AVANT DE DORMIR<\/a><\/h5><p itemprop=\"description\" class=\"q_masonry_blog_excerpt\">Lire avant de dormir est l'une des habitudes les plus r\u00e9pandues dans la soci\u00e9t\u00e9. Cette habitude aide les lecteurs \u00e0 se d\u00e9tendre et \u00e0 dormir plus facilement. La lecture est un plaisir pour ceux qui savent en profiter pleinement....<\/p><div class=\"q_masonry_blog_post_info\"><span itemprop=\"dateCreated\" class=\"time entry_date updated\">23 April, 2020<meta itemprop=\"interactionCount\" content=\"UserComments: <?php echo get_comments_number(qode_get_page_id()); ?>\"\/><\/span><\/div><\/div><\/article><article  class='post-6707 post type-post status-publish format-standard has-post-thumbnail hentry category-descanso category-yomequedoencasa category-noticias tag-yo-me-quedo-en-casa tag-rutina-del-sueno tag-todo-saldra-bien tag-este-virus-lo-paramos-unidos tag-thankyouforstayinghome tag-sleeproutine tag-covid19 tag-karibian-descanso tag-descanso '><div class=\"q_masonry_blog_post_image\"><a itemprop=\"url\" href=\"https:\/\/karibiandescanso.com\/fr\/yomequedoencasa\/\" target=\"_self\"><img decoding=\"async\" itemprop=\"image\" src=\"https:\/\/karibiandescanso.com\/wp-content\/uploads\/2020\/04\/portada.jpg\" \/><\/a><\/div><div class=\"q_masonry_blog_post_text\"><h5 itemprop=\"name\" class=\"q_masonry_blog_title entry_title\"><a itemprop=\"url\" href=\"https:\/\/karibiandescanso.com\/fr\/yomequedoencasa\/\">#Jereste\u00e0lamaison<\/a><\/h5><p itemprop=\"description\" class=\"q_masonry_blog_excerpt\">Karibian Descanso veut vous transmettre un message d'optimisme pour aider toutes les personnes \u00e0 endurer ce confinement de la mani\u00e8re la plus active. Nous avons pass\u00e9 les premi\u00e8res semaines. Pourtant,...<\/p><div class=\"q_masonry_blog_post_info\"><span itemprop=\"dateCreated\" class=\"time entry_date updated\">14 April, 2020<meta itemprop=\"interactionCount\" content=\"UserComments: <?php echo get_comments_number(qode_get_page_id()); ?>\"\/><\/span><\/div><\/div><\/article><article  class='post-6375 post type-post status-publish format-standard has-post-thumbnail hentry category-noticias tag-mattress tag-furniture tag-mueble-de-espana tag-spain-furniture tag-spain-interiors tag-kiff2020 tag-kiev-international-furniture-forum-exhibition tag-ukraine tag-karibian-descanso tag-colchon '><div class=\"q_masonry_blog_post_image\"><a itemprop=\"url\" href=\"https:\/\/karibiandescanso.com\/fr\/kiff-2020-kiev-international-furniture-forum-exhibition\/\" target=\"_self\"><img decoding=\"async\" itemprop=\"image\" src=\"https:\/\/karibiandescanso.com\/wp-content\/uploads\/2020\/02\/miniatura_03.png\" \/><\/a><\/div><div class=\"q_masonry_blog_post_text\"><h5 itemprop=\"name\" class=\"q_masonry_blog_title entry_title\"><a itemprop=\"url\" href=\"https:\/\/karibiandescanso.com\/fr\/kiff-2020-kiev-international-furniture-forum-exhibition\/\">KIFF 2020 KIEV INTERNATIONAL<\/a><\/h5><p itemprop=\"description\" class=\"q_masonry_blog_excerpt\">Karibian Descanso sera pr\u00e9sent au Kiev International Furniture Forum & Exhibition 2020 (KIFF 2020),\u00a0qui aura lieu du 26 au 29 f\u00e9vrier\u00a0\u00e0 Kiev (Ukraine). Vous pouvez visiter au stand 1A 441 - Hall 1....<\/p><div class=\"q_masonry_blog_post_info\"><span itemprop=\"dateCreated\" class=\"time entry_date updated\">25 February, 2020<meta itemprop=\"interactionCount\" content=\"UserComments: <?php echo get_comments_number(qode_get_page_id()); ?>\"\/><\/span><\/div><\/div><\/article><article  class='post-6112 post type-post status-publish format-standard has-post-thumbnail hentry category-noticias tag-mattress tag-furniture tag-feria-mueble-zaragoza tag-fmz2020 tag-zaragoza-es-mueble tag-spain-furniture tag-spain-interiors tag-karibian-descanso tag-colchon '><div class=\"q_masonry_blog_post_image\"><a itemprop=\"url\" href=\"https:\/\/karibiandescanso.com\/fr\/7a-edicion-fmz\/\" target=\"_self\"><img decoding=\"async\" itemprop=\"image\" src=\"https:\/\/karibiandescanso.com\/wp-content\/uploads\/2020\/01\/karibian-portada.jpg\" \/><\/a><\/div><div class=\"q_masonry_blog_post_text\"><h5 itemprop=\"name\" class=\"q_masonry_blog_title entry_title\"><a itemprop=\"url\" href=\"https:\/\/karibiandescanso.com\/fr\/7a-edicion-fmz\/\">7\u00c9ME SALON INTERNATIONAL DU MEUBLE \u00c0 SARAGOSSE<\/a><\/h5><p itemprop=\"description\" class=\"q_masonry_blog_excerpt\">Vendredi dernier, 24 janvier, la 7\u00e8me \u00e9dition du Salon international du meuble de Saragosse s'est termin\u00e9e apr\u00e8s quatre jours d'activit\u00e9 intense. Selon des sources officielles...<\/p><div class=\"q_masonry_blog_post_info\"><span itemprop=\"dateCreated\" class=\"time entry_date updated\">28 January, 2020<meta itemprop=\"interactionCount\" content=\"UserComments: <?php echo get_comments_number(qode_get_page_id()); ?>\"\/><\/span><\/div><\/div><\/article><article  class='post-5793 post type-post status-publish format-standard has-post-thumbnail hentry category-noticias tag-karibian-descanso tag-feria tag-mattress tag-furniture tag-imm-cologne tag-germany tag-cologne tag-mueble-de-espana '><div class=\"q_masonry_blog_post_image\"><a itemprop=\"url\" href=\"https:\/\/karibiandescanso.com\/fr\/participacion-en-imm-cologne-2020\/\" target=\"_self\"><img decoding=\"async\" itemprop=\"image\" src=\"https:\/\/karibiandescanso.com\/wp-content\/uploads\/2019\/12\/COLOGNE-POST-2.png\" \/><\/a><\/div><div class=\"q_masonry_blog_post_text\"><h5 itemprop=\"name\" class=\"q_masonry_blog_title entry_title\"><a itemprop=\"url\" href=\"https:\/\/karibiandescanso.com\/fr\/participacion-en-imm-cologne-2020\/\">KARIBIAN AU SALON IMM COLOGNE 2020<\/a><\/h5><p itemprop=\"description\" class=\"q_masonry_blog_excerpt\">Le secteur du meuble espagnol aura un r\u00f4le central au Salon IMM Cologne 2020, l'un des principaux salons internationaux du meuble. La pr\u00e9sence espagnole significative n'est pas...<\/p><div class=\"q_masonry_blog_post_info\"><span itemprop=\"dateCreated\" class=\"time entry_date updated\">02 January, 2020<meta itemprop=\"interactionCount\" content=\"UserComments: <?php echo get_comments_number(qode_get_page_id()); ?>\"\/><\/span><\/div><\/div><\/article><article  class='post-5211 post type-post status-publish format-standard has-post-thumbnail hentry category-sin-categoria category-noticias tag-pesadillas tag-karibian-descanso tag-descanso tag-colchon tag-luxury tag-pocket-spring tag-halloween '><div class=\"q_masonry_blog_post_image\"><a itemprop=\"url\" href=\"https:\/\/karibiandescanso.com\/fr\/tiempo-de-pesadillas\/\" target=\"_self\"><img decoding=\"async\" itemprop=\"image\" src=\"https:\/\/karibiandescanso.com\/wp-content\/uploads\/2019\/09\/PORTADA-BLOG.png\" \/><\/a><\/div><div class=\"q_masonry_blog_post_text\"><h5 itemprop=\"name\" class=\"q_masonry_blog_title entry_title\"><a itemprop=\"url\" href=\"https:\/\/karibiandescanso.com\/fr\/tiempo-de-pesadillas\/\">TEMPS DE CAUCHEMARS<\/a><\/h5><p itemprop=\"description\" class=\"q_masonry_blog_excerpt\">L'\u00e9t\u00e9 est arriv\u00e9, la p\u00e9riode la plus chaude de l'ann\u00e9e avec ses temp\u00e9ratures \u00e9lev\u00e9es. Comme d'habitude et pour beaucoup de gens, cela peut devenir un inconv\u00e9nient quand il s'agit de dormir et de se reposer \u00e9tant...<\/p><div class=\"q_masonry_blog_post_info\"><span itemprop=\"dateCreated\" class=\"time entry_date updated\">31 October, 2019<meta itemprop=\"interactionCount\" content=\"UserComments: <?php echo get_comments_number(qode_get_page_id()); ?>\"\/><\/span><\/div><\/div><\/article><article  class='post-5337 post type-post status-publish format-standard has-post-thumbnail hentry category-noticias tag-karibian-descanso tag-feder tag-union-europea tag-una-manera-de-hacer-europa '><div class=\"q_masonry_blog_post_image\"><a itemprop=\"url\" href=\"https:\/\/karibiandescanso.com\/fr\/una-manera-de-hacer-europa\/\" target=\"_self\"><img decoding=\"async\" itemprop=\"image\" src=\"https:\/\/karibiandescanso.com\/wp-content\/uploads\/2019\/10\/1A1A.png\" \/><\/a><\/div><div class=\"q_masonry_blog_post_text\"><h5 itemprop=\"name\" class=\"q_masonry_blog_title entry_title\"><a itemprop=\"url\" href=\"https:\/\/karibiandescanso.com\/fr\/una-manera-de-hacer-europa\/\">UNE MANI\u00c8RE DE FAIRE L&#8217;EUROPE<\/a><\/h5><p itemprop=\"description\" class=\"q_masonry_blog_excerpt\">COMERCIAL GODEMA, S.L. \u00e0 travers sa marque Karibian Descanso a eu acc\u00e8s au programme de soutien aux investissements productifs et technologiques qui est lanc\u00e9 dans le but de promouvoir la croissance et...<\/p><div class=\"q_masonry_blog_post_info\"><span itemprop=\"dateCreated\" class=\"time entry_date updated\">15 July, 2019<meta itemprop=\"interactionCount\" content=\"UserComments: <?php echo get_comments_number(qode_get_page_id()); ?>\"\/><\/span><\/div><\/div><\/article><article  class='post-4807 post type-post status-publish format-standard has-post-thumbnail hentry category-sin-categoria category-noticias tag-calor tag-frio tag-karibian-descanso tag-tejido tag-innovation tag-cooler tag-natural tag-dormir tag-suenos tag-mattress tag-sleep tag-tecnologia '><div class=\"q_masonry_blog_post_image\"><a itemprop=\"url\" href=\"https:\/\/karibiandescanso.com\/fr\/summer-is-here\/\" target=\"_self\"><img decoding=\"async\" itemprop=\"image\" src=\"https:\/\/karibiandescanso.com\/wp-content\/uploads\/2019\/07\/portada-.png\" \/><\/a><\/div><div class=\"q_masonry_blog_post_text\"><h5 itemprop=\"name\" class=\"q_masonry_blog_title entry_title\"><a itemprop=\"url\" href=\"https:\/\/karibiandescanso.com\/fr\/summer-is-here\/\">SUMMER IS HERE<\/a><\/h5><p itemprop=\"description\" class=\"q_masonry_blog_excerpt\">L'\u00e9t\u00e9 est arriv\u00e9, la p\u00e9riode la plus chaude de l'ann\u00e9e avec ses temp\u00e9ratures \u00e9lev\u00e9es. Comme d'habitude et pour beaucoup de gens, cela peut devenir un inconv\u00e9nient quand il s'agit de dormir et de se reposer \u00e9tant donn\u00e9 que les...<\/p><div class=\"q_masonry_blog_post_info\"><span itemprop=\"dateCreated\" class=\"time entry_date updated\">11 July, 2019<meta itemprop=\"interactionCount\" content=\"UserComments: <?php echo get_comments_number(qode_get_page_id()); ?>\"\/><\/span><\/div><\/div><\/article><article  class='post-3903 post type-post status-publish format-standard has-post-thumbnail hentry category-sin-categoria category-noticias tag-descanso tag-materiales-naturales tag-colchon tag-sleep tag-matelas tag-muelles tag-algodon tag-cotton-fiber tag-naturaleza tag-pocketspring tag-karibian-descanso '><div class=\"q_masonry_blog_post_image\"><a itemprop=\"url\" href=\"https:\/\/karibiandescanso.com\/fr\/el-algodon\/\" target=\"_self\"><img decoding=\"async\" itemprop=\"image\" src=\"https:\/\/karibiandescanso.com\/wp-content\/uploads\/2019\/02\/ornell1-a-binni-224982-unsplash.png\" \/><\/a><\/div><div class=\"q_masonry_blog_post_text\"><h5 itemprop=\"name\" class=\"q_masonry_blog_title entry_title\"><a itemprop=\"url\" href=\"https:\/\/karibiandescanso.com\/fr\/el-algodon\/\">LE COTON UN CADEAU NATUREL<\/a><\/h5><p itemprop=\"description\" class=\"q_masonry_blog_excerpt\">Chez Karibian Descanso nous utilisons des mat\u00e9riaux naturels, comme le coton, dans les processus de production de nos produits. La recherche d\u2019un sommeil parfait nous rapproche la nature. Tous les mod\u00e8les poss\u00e8dent le...<\/p><div class=\"q_masonry_blog_post_info\"><span itemprop=\"dateCreated\" class=\"time entry_date updated\">27 February, 2019<meta itemprop=\"interactionCount\" content=\"UserComments: <?php echo get_comments_number(qode_get_page_id()); ?>\"\/><\/span><\/div><\/div><\/article><article  class='post-3659 post type-post status-publish format-standard has-post-thumbnail hentry category-sin-categoria category-noticias tag-repos tag-suenos tag-colchones tag-viscoelastica tag-muelles tag-san-valentin tag-almohada tag-saint-valentin tag-karibian-descanso tag-descanso tag-bienestar '><div class=\"q_masonry_blog_post_image\"><a itemprop=\"url\" href=\"https:\/\/karibiandescanso.com\/fr\/love-your-dreams\/\" target=\"_self\"><img decoding=\"async\" itemprop=\"image\" src=\"https:\/\/karibiandescanso.com\/wp-content\/uploads\/2019\/02\/1-portada-.png\" \/><\/a><\/div><div class=\"q_masonry_blog_post_text\"><h5 itemprop=\"name\" class=\"q_masonry_blog_title entry_title\"><a itemprop=\"url\" href=\"https:\/\/karibiandescanso.com\/fr\/love-your-dreams\/\">LOVE YOUR DREAMS<\/a><\/h5><p itemprop=\"description\" class=\"q_masonry_blog_excerpt\">Le bien-\u00eatre est le d\u00e9but de tout. Chez Karibian Descanso, nous vous proposons pour cette journ\u00e9e des amoureux, d\u2019aimer et de vous aimer \u00e0 vous-m\u00eame. Et si vous profitez le 14 f\u00e9vrier pour sortir de la routine?...<\/p><div class=\"q_masonry_blog_post_info\"><span itemprop=\"dateCreated\" class=\"time entry_date updated\">14 February, 2019<meta itemprop=\"interactionCount\" content=\"UserComments: <?php echo get_comments_number(qode_get_page_id()); ?>\"\/><\/span><\/div><\/div><\/article><article  class='post-2205 post type-post status-publish format-standard has-post-thumbnail hentry category-sin-categoria category-noticias tag-viscoelasticas tag-muelles tag-ressorts tag-pocketspring tag-hr tag-karibian-descanso tag-salud tag-colchon tag-healthylife tag-mattress tag-matelas '><div class=\"q_masonry_blog_post_image\"><a itemprop=\"url\" href=\"https:\/\/karibiandescanso.com\/fr\/descanso-y-vida-sana-para-2019\/\" target=\"_self\"><img decoding=\"async\" itemprop=\"image\" src=\"https:\/\/karibiandescanso.com\/wp-content\/uploads\/2019\/01\/PORTADA-.jpg\" \/><\/a><\/div><div class=\"q_masonry_blog_post_text\"><h5 itemprop=\"name\" class=\"q_masonry_blog_title entry_title\"><a itemprop=\"url\" href=\"https:\/\/karibiandescanso.com\/fr\/descanso-y-vida-sana-para-2019\/\">REPOS ET VIE SAINE POUR 2019<\/a><\/h5><p itemprop=\"description\" class=\"q_masonry_blog_excerpt\">Avec l\u2019arriv\u00e9e de 2019, nous avons une nouvelle ann\u00e9e devant nous. Chez Karibian Descanso\u00a0nous nous avons propos\u00e9: t\u2019offrir le repos parfait pendant tout le 2019. Voulez-vous savoir comment?...<\/p><div class=\"q_masonry_blog_post_info\"><span itemprop=\"dateCreated\" class=\"time entry_date updated\">23 January, 2019<meta itemprop=\"interactionCount\" content=\"UserComments: <?php echo get_comments_number(qode_get_page_id()); ?>\"\/><\/span><\/div><\/div><\/article><article  class='post-2789 post type-post status-publish format-standard has-post-thumbnail hentry category-sin-categoria category-noticias tag-feriadelmueble tag-furniture tag-fmy2018 tag-foiredumeuble tag-viscoelasticas tag-ameubement tag-yecla tag-confort tag-karibiandescanso tag-mattress '><div class=\"q_masonry_blog_post_image\"><a itemprop=\"url\" href=\"https:\/\/karibiandescanso.com\/fr\/57-edicion-fmy2018\/\" target=\"_self\"><img decoding=\"async\" itemprop=\"image\" src=\"https:\/\/karibiandescanso.com\/wp-content\/uploads\/2018\/09\/PORTADA-2-.jpg\" \/><\/a><\/div><div class=\"q_masonry_blog_post_text\"><h5 itemprop=\"name\" class=\"q_masonry_blog_title entry_title\"><a itemprop=\"url\" href=\"https:\/\/karibiandescanso.com\/fr\/57-edicion-fmy2018\/\">57\u00c8ME \u00c9DITION FMY2018<\/a><\/h5><p itemprop=\"description\" class=\"q_masonry_blog_excerpt\">Karibian Descanso\u00a0a \u00e9t\u00e9 pr\u00e9sent une ann\u00e9e de plus au Salon du Meuble Yecla 2018. Un point de rencontre pour les professionnels du secteur, tant \u00e0 niveau national qu\u2019international. L\u2019\u00e9v\u00e9nement s\u2019est tenu du 17 au 20 de...<\/p><div class=\"q_masonry_blog_post_info\"><span itemprop=\"dateCreated\" class=\"time entry_date updated\">25 September, 2018<meta itemprop=\"interactionCount\" content=\"UserComments: <?php echo get_comments_number(qode_get_page_id()); ?>\"\/><\/span><\/div><\/div><\/article><article  class='post-2301 post type-post status-publish format-standard has-post-thumbnail hentry category-sin-categoria category-noticias tag-vida-sana tag-dormir tag-conseils tag-vie-sain tag-karibian-descanso tag-descanso tag-consejos tag-colchon '><div class=\"q_masonry_blog_post_image\"><a itemprop=\"url\" href=\"https:\/\/karibiandescanso.com\/fr\/sueno-de-calidad\/\" target=\"_self\"><img decoding=\"async\" itemprop=\"image\" src=\"https:\/\/karibiandescanso.com\/wp-content\/uploads\/2018\/08\/Portada-Sue\u00f1o-de-calidad.jpg\" \/><\/a><\/div><div class=\"q_masonry_blog_post_text\"><h5 itemprop=\"name\" class=\"q_masonry_blog_title entry_title\"><a itemprop=\"url\" href=\"https:\/\/karibiandescanso.com\/fr\/sueno-de-calidad\/\">SOMMEIL DE QUALIT\u00c9<\/a><\/h5><p itemprop=\"description\" class=\"q_masonry_blog_excerpt\">Chez Karibian Descanso, nous prenons soin de vous et pour \u00e7a nous voulons vous offrir quelques conseils afin que vous ayez un repos r\u00e9parateur, sain et de qualit\u00e9. Il y a diff\u00e9rents types de matelas: fermes, moelleux....<\/p><div class=\"q_masonry_blog_post_info\"><span itemprop=\"dateCreated\" class=\"time entry_date updated\">01 August, 2018<meta itemprop=\"interactionCount\" content=\"UserComments: <?php echo get_comments_number(qode_get_page_id()); ?>\"\/><\/span><\/div><\/div><\/article><article  class='post-1983 post type-post status-publish format-standard has-post-thumbnail hentry category-noticias tag-dia-del-medio-ambiente tag-world-environment-day tag-journee-mondiale-de-lenvironnement tag-karibian-descanso tag-materiales-naturales tag-5th-june tag-nature '><div class=\"q_masonry_blog_post_image\"><a itemprop=\"url\" href=\"https:\/\/karibiandescanso.com\/fr\/protegeant-la-planete\/\" target=\"_self\"><img decoding=\"async\" itemprop=\"image\" src=\"https:\/\/karibiandescanso.com\/wp-content\/uploads\/2018\/06\/portada-blog-1.jpg\" \/><\/a><\/div><div class=\"q_masonry_blog_post_text\"><h5 itemprop=\"name\" class=\"q_masonry_blog_title entry_title\"><a itemprop=\"url\" href=\"https:\/\/karibiandescanso.com\/fr\/protegeant-la-planete\/\">EN PROT\u00c9GEANT LA PLAN\u00c8TE<\/a><\/h5><p itemprop=\"description\" class=\"q_masonry_blog_excerpt\">La Journ\u00e9e Mondiale de l\u00b4environnement\u00a0est l\u00b4\u00e9v\u00e9nement plus important pour la promotion de l\u00b4action social en faveur de la nature. Pendant le processus de fabrication de chaque mod\u00e8le de repos, il y a diff\u00e9rents facteurs....<\/p><div class=\"q_masonry_blog_post_info\"><span itemprop=\"dateCreated\" class=\"time entry_date updated\">05 June, 2018<meta itemprop=\"interactionCount\" content=\"UserComments: <?php echo get_comments_number(qode_get_page_id()); ?>\"\/><\/span><\/div><\/div><\/article><article  class='post-1842 post type-post status-publish format-standard has-post-thumbnail hentry category-noticias tag-cooler tag-repos tag-sommeil tag-tissus tag-naturel tag-confort tag-karibiandescanso tag-innovation '><div class=\"q_masonry_blog_post_image\"><a itemprop=\"url\" href=\"https:\/\/karibiandescanso.com\/fr\/deep-sleep-on-a-cool-bed\/\" target=\"_self\"><img decoding=\"async\" itemprop=\"image\" src=\"https:\/\/karibiandescanso.com\/wp-content\/uploads\/2018\/05\/Osos-cooler--e1526555645861.jpg\" \/><\/a><\/div><div class=\"q_masonry_blog_post_text\"><h5 itemprop=\"name\" class=\"q_masonry_blog_title entry_title\"><a itemprop=\"url\" href=\"https:\/\/karibiandescanso.com\/fr\/deep-sleep-on-a-cool-bed\/\">DEEP SLEEP ON A COOL BED<\/a><\/h5><p itemprop=\"description\" class=\"q_masonry_blog_excerpt\">Chez Karibian Descanso nous avons d\u00e9velopp\u00e9, gr\u00e2ce \u00e0 la technologie COOLER, un matelas capable de se tenir fra\u00eeche et apporter au corps une sensation de fra\u00eecheur et confort. Le tissu Cooler maximise la qualit\u00e9 du sommeil....<\/p><div class=\"q_masonry_blog_post_info\"><span itemprop=\"dateCreated\" class=\"time entry_date updated\">16 May, 2018<meta itemprop=\"interactionCount\" content=\"UserComments: <?php echo get_comments_number(qode_get_page_id()); ?>\"\/><\/span><\/div><\/div><\/article><article  class='post-1731 post type-post status-publish format-standard has-post-thumbnail hentry category-noticias tag-karibian-descanso tag-descanso tag-confort tag-serie-silver tag-sueno tag-natural-linen tag-lino-natural '><div class=\"q_masonry_blog_post_image\"><a itemprop=\"url\" href=\"https:\/\/karibiandescanso.com\/fr\/nuevos-conceptos-linen-v4\/\" target=\"_self\"><img decoding=\"async\" itemprop=\"image\" src=\"https:\/\/karibiandescanso.com\/wp-content\/uploads\/2018\/04\/Lino-imagen-1-e1524493581154.jpg\" \/><\/a><\/div><div class=\"q_masonry_blog_post_text\"><h5 itemprop=\"name\" class=\"q_masonry_blog_title entry_title\"><a itemprop=\"url\" href=\"https:\/\/karibiandescanso.com\/fr\/nuevos-conceptos-linen-v4\/\">NOUVEAUX CONCEPTS, LINEN V4<\/a><\/h5><p itemprop=\"description\" class=\"q_masonry_blog_excerpt\">L\u00b4exclusif matelas \u00ab\u00a0Linen V4\u00a0\u00bb, fait partie de la S\u00e9rie Silver dans l\u00b4haute gamme de produits chez Karibian Descanso. Un mod\u00e8le de coupe classique avec personnalit\u00e9 propre. Linen a \u00e9t\u00e9 d\u00e9sign\u00e9 pour offre un repos confortable....<\/p><div class=\"q_masonry_blog_post_info\"><span itemprop=\"dateCreated\" class=\"time entry_date updated\">23 April, 2018<meta itemprop=\"interactionCount\" content=\"UserComments: <?php echo get_comments_number(qode_get_page_id()); ?>\"\/><\/span><\/div><\/div><\/article><article  class='post-1618 post type-post status-publish format-standard has-post-thumbnail hentry category-noticias tag-deporte tag-salud tag-descanso tag-challenger-open tag-juan-carlos-ferrero tag-tenis tag-bienestar tag-bien-etre tag-tennis tag-sports tag-karibian-descanso '><div class=\"q_masonry_blog_post_image\"><a itemprop=\"url\" href=\"https:\/\/karibiandescanso.com\/fr\/colaboracion-en-jc-ferrero-co\/\" target=\"_self\"><img decoding=\"async\" itemprop=\"image\" src=\"https:\/\/karibiandescanso.com\/wp-content\/uploads\/2018\/04\/1234.jpg\" \/><\/a><\/div><div class=\"q_masonry_blog_post_text\"><h5 itemprop=\"name\" class=\"q_masonry_blog_title entry_title\"><a itemprop=\"url\" href=\"https:\/\/karibiandescanso.com\/fr\/colaboracion-en-jc-ferrero-co\/\">COLLABORATION AU JCFCO<\/a><\/h5><p itemprop=\"description\" class=\"q_masonry_blog_excerpt\">Karibian Descanso collabore dans la premi\u00e8re \u00c9dition du Tournoi de tennis professionnel international \u00abFerrero Challenger Open\u00bb qui a eu lieu \u00e0 Villena du 31 de Mars au 7 d\u00b4avril dans les installations sportives du club....<\/p><div class=\"q_masonry_blog_post_info\"><span itemprop=\"dateCreated\" class=\"time entry_date updated\">06 April, 2018<meta itemprop=\"interactionCount\" content=\"UserComments: <?php echo get_comments_number(qode_get_page_id()); ?>\"\/><\/span><\/div><\/div><\/article><article  class='post-1557 post type-post status-publish format-standard has-post-thumbnail hentry category-noticias tag-salud tag-descanso tag-karibiandescanso tag-certificado tag-calidad tag-oekotex tag-healthylife '><div class=\"q_masonry_blog_post_image\"><a itemprop=\"url\" href=\"https:\/\/karibiandescanso.com\/fr\/certificado-oeko-tex\/\" target=\"_self\"><img decoding=\"async\" itemprop=\"image\" src=\"https:\/\/karibiandescanso.com\/wp-content\/uploads\/2018\/02\/Blog-portada-feria-zaragoza.jpg\" \/><\/a><\/div><div class=\"q_masonry_blog_post_text\"><h5 itemprop=\"name\" class=\"q_masonry_blog_title entry_title\"><a itemprop=\"url\" href=\"https:\/\/karibiandescanso.com\/fr\/certificado-oeko-tex\/\">CERTIFICAT OEKO TEK<\/a><\/h5><p itemprop=\"description\" class=\"q_masonry_blog_excerpt\">La\u00a0norme Oeko-Tex Standard 100 est un syst\u00e8me d\u00b4essais et certification unifi\u00e9 \u00e0 niveau mondial pour produits textiles pendant toutes les \u00e9tapes du processus de fabrication. Les analyses des substances toxiques incluent....<\/p><div class=\"q_masonry_blog_post_info\"><span itemprop=\"dateCreated\" class=\"time entry_date updated\">19 February, 2018<meta itemprop=\"interactionCount\" content=\"UserComments: <?php echo get_comments_number(qode_get_page_id()); ?>\"\/><\/span><\/div><\/div><\/article><article  class='post-1416 post type-post status-publish format-standard has-post-thumbnail hentry category-noticias tag-karibian-descanso tag-descanso tag-confort tag-feria tag-mueble tag-zaragoza tag-64 '><div class=\"q_masonry_blog_post_image\"><a itemprop=\"url\" href=\"https:\/\/karibiandescanso.com\/fr\/participacionferiamueblezaragoza2018\/\" target=\"_self\"><img decoding=\"async\" itemprop=\"image\" src=\"https:\/\/karibiandescanso.com\/wp-content\/uploads\/2018\/02\/Blog-portada-feria-zaragoza1-final.png\" \/><\/a><\/div><div class=\"q_masonry_blog_post_text\"><h5 itemprop=\"name\" class=\"q_masonry_blog_title entry_title\"><a itemprop=\"url\" href=\"https:\/\/karibiandescanso.com\/fr\/participacionferiamueblezaragoza2018\/\">PARTICIPATION 6\u00e8me FMZ2018<\/a><\/h5><p itemprop=\"description\" class=\"q_masonry_blog_excerpt\">Du 24 au 27 de Janvier Karibian Descanso a particip\u00e9 \u00e0 la 6\u00e8me Foire du Meuble de Saragosse 2018, en pr\u00e9sentant diff\u00e9rentes nouveaut\u00e9s en syst\u00e8mes de repos, afin de nous adapter aux besoins du march\u00e9....<\/p><div class=\"q_masonry_blog_post_info\"><span itemprop=\"dateCreated\" class=\"time entry_date updated\">06 February, 2018<meta itemprop=\"interactionCount\" content=\"UserComments: <?php echo get_comments_number(qode_get_page_id()); ?>\"\/><\/span><\/div><\/div><\/article><article  class='post-1393 post type-post status-publish format-standard has-post-thumbnail hentry category-noticias tag-mueble tag-zaragoza tag-64 tag-karibian-descanso tag-confort tag-feria '><div class=\"q_masonry_blog_post_image\"><a itemprop=\"url\" href=\"https:\/\/karibiandescanso.com\/fr\/feriamueblezaragoza2018\/\" target=\"_self\"><img decoding=\"async\" itemprop=\"image\" src=\"https:\/\/karibiandescanso.com\/wp-content\/uploads\/2018\/01\/Blog-portada-feria-zaragoza.png\" \/><\/a><\/div><div class=\"q_masonry_blog_post_text\"><h5 itemprop=\"name\" class=\"q_masonry_blog_title entry_title\"><a itemprop=\"url\" href=\"https:\/\/karibiandescanso.com\/fr\/feriamueblezaragoza2018\/\">6\u00c9ME FOIRE SARAGOSSE 2018<\/a><\/h5><p itemprop=\"description\" class=\"q_masonry_blog_excerpt\">La foire du Meuble de Saragosse est de plus en plus proche et Karibian Descanso sera pr\u00e9sent du 24 au 27 de Janvier, en pr\u00e9sentant les nouveaut\u00e9s pour cette ann\u00e9e 2018. Karibian Descanso pr\u00e9sent un stand \u00e9l\u00e9gant....<\/p><div class=\"q_masonry_blog_post_info\"><span itemprop=\"dateCreated\" class=\"time entry_date updated\">22 January, 2018<meta itemprop=\"interactionCount\" content=\"UserComments: <?php echo get_comments_number(qode_get_page_id()); ?>\"\/><\/span><\/div><\/div><\/article><article  class='post-1360 post type-post status-publish format-standard has-post-thumbnail hentry category-noticias tag-karibian-descanso tag-descanso tag-confort tag-suenos tag-paris tag-europa tag-espritmeuble '><div class=\"q_masonry_blog_post_image\"><a itemprop=\"url\" href=\"https:\/\/karibiandescanso.com\/fr\/una-manera-europa\/\" target=\"_self\"><img decoding=\"async\" itemprop=\"image\" src=\"https:\/\/karibiandescanso.com\/wp-content\/uploads\/2017\/12\/bLOG-FONDO-EUROPEO.jpg\" \/><\/a><\/div><div class=\"q_masonry_blog_post_text\"><h5 itemprop=\"name\" class=\"q_masonry_blog_title entry_title\"><a itemprop=\"url\" href=\"https:\/\/karibiandescanso.com\/fr\/una-manera-europa\/\">UNE MANI\u00c8RE DE FAIRE L\u00b4EUROPE<\/a><\/h5><p itemprop=\"description\" class=\"q_masonry_blog_excerpt\">L\u00b4entreprise Comercial Godema S.L, avec sa marque Karibian Descanso a particip\u00e9 dans le salon Espritmeuble \u00e0 Paris 2017. Nous avons compt\u00e9 avec l\u00b4aide du ICEX, et le cofinancement des fonds europ\u00e9ens FEDER....<\/p><div class=\"q_masonry_blog_post_info\"><span itemprop=\"dateCreated\" class=\"time entry_date updated\">29 December, 2017<meta itemprop=\"interactionCount\" content=\"UserComments: <?php echo get_comments_number(qode_get_page_id()); ?>\"\/><\/span><\/div><\/div><\/article><article  class='post-1271 post type-post status-publish format-standard has-post-thumbnail hentry category-noticias tag-karibian-descanso tag-salud tag-bienestar tag-sueno tag-healthylife tag-sleep '><div class=\"q_masonry_blog_post_image\"><a itemprop=\"url\" href=\"https:\/\/karibiandescanso.com\/fr\/alimentosquemejorantudescanso\/\" target=\"_self\"><img decoding=\"async\" itemprop=\"image\" src=\"https:\/\/karibiandescanso.com\/wp-content\/uploads\/2017\/12\/BLOG-IMAGEN-ALIMENTOS.jpg\" \/><\/a><\/div><div class=\"q_masonry_blog_post_text\"><h5 itemprop=\"name\" class=\"q_masonry_blog_title entry_title\"><a itemprop=\"url\" href=\"https:\/\/karibiandescanso.com\/fr\/alimentosquemejorantudescanso\/\">ALIMENTS POUR DORMIR<\/a><\/h5><p itemprop=\"description\" class=\"q_masonry_blog_excerpt\">Avez-vous des probl\u00e8mes pour trouver le sommeil? Le repos est indispensable pour jouir d\u00b4une bonne sant\u00e9 physique et \u00e9motionnelle. Un bon repos, une alimentation \u00e9quilibr\u00e9e et l\u2019exercice physique r\u00e9gulier......<\/p><div class=\"q_masonry_blog_post_info\"><span itemprop=\"dateCreated\" class=\"time entry_date updated\">28 December, 2017<meta itemprop=\"interactionCount\" content=\"UserComments: <?php echo get_comments_number(qode_get_page_id()); ?>\"\/><\/span><\/div><\/div><\/article><article  class='post-1179 post type-post status-publish format-standard has-post-thumbnail hentry category-noticias tag-paris tag-espritmeuble tag-feria-del-mueble tag-24 tag-karibian-descanso '><div class=\"q_masonry_blog_post_image\"><a itemprop=\"url\" href=\"https:\/\/karibiandescanso.com\/fr\/espritmeuble-paris-2017\/\" target=\"_self\"><img decoding=\"async\" itemprop=\"image\" src=\"https:\/\/karibiandescanso.com\/wp-content\/uploads\/2017\/12\/youtube-espritmeuble-paris-final.jpg\" \/><\/a><\/div><div class=\"q_masonry_blog_post_text\"><h5 itemprop=\"name\" class=\"q_masonry_blog_title entry_title\"><a itemprop=\"url\" href=\"https:\/\/karibiandescanso.com\/fr\/espritmeuble-paris-2017\/\">ESPRITMEUBLE PARIS 2017<\/a><\/h5><p itemprop=\"description\" class=\"q_masonry_blog_excerpt\">Dans notre effort constant de croissance et ouverture de fronti\u00e8res, nous avons \u00e9t\u00e9 pr\u00e9sentes au salon Espritmeuble Paris 2017, du 02 au 05 D\u00e9cembre 2017. Un lieu de rencontre pour professionnelles du monde du meuble......<\/p><div class=\"q_masonry_blog_post_info\"><span itemprop=\"dateCreated\" class=\"time entry_date updated\">27 December, 2017<meta itemprop=\"interactionCount\" content=\"UserComments: <?php echo get_comments_number(qode_get_page_id()); ?>\"\/><\/span><\/div><\/div><\/article><article  class='post-1156 post type-post status-publish format-standard has-post-thumbnail hentry category-noticias tag-karibian-descanso tag-confort tag-paris tag-espritmeuble tag-feria-internacional tag-ameublement '><div class=\"q_masonry_blog_post_image\"><a itemprop=\"url\" href=\"https:\/\/karibiandescanso.com\/fr\/participacion-espritmeuble-paris-2017\/\" target=\"_self\"><img decoding=\"async\" itemprop=\"image\" src=\"https:\/\/karibiandescanso.com\/wp-content\/uploads\/2017\/12\/Espritmeuble-Karibian-Descanso-1.jpg\" \/><\/a><\/div><div class=\"q_masonry_blog_post_text\"><h5 itemprop=\"name\" class=\"q_masonry_blog_title entry_title\"><a itemprop=\"url\" href=\"https:\/\/karibiandescanso.com\/fr\/participacion-espritmeuble-paris-2017\/\">PARTICIPATION ESPRITMEUBLE 2017<\/a><\/h5><p itemprop=\"description\" class=\"q_masonry_blog_excerpt\">Dans notre effort constant de croissance et ouverture de fronti\u00e8res, nous avons \u00e9t\u00e9 pr\u00e9sentes au salon Espritmeuble Paris 2017, du 02 au 05 D\u00e9cembre 2017. Un lieu de rencontre pour professionnelles du monde du meuble......<\/p><div class=\"q_masonry_blog_post_info\"><span itemprop=\"dateCreated\" class=\"time entry_date updated\">20 December, 2017<meta itemprop=\"interactionCount\" content=\"UserComments: <?php echo get_comments_number(qode_get_page_id()); ?>\"\/><\/span><\/div><\/div><\/article><article  class='post-1030 post type-post status-publish format-standard has-post-thumbnail hentry category-noticias tag-healthylife tag-mattress tag-advice tag-salud tag-sueno tag-karibiandescanso tag-consejos tag-colchon '><div class=\"q_masonry_blog_post_image\"><a itemprop=\"url\" href=\"https:\/\/karibiandescanso.com\/fr\/cuida-de-tu-colchon\/\" target=\"_self\"><img decoding=\"async\" itemprop=\"image\" src=\"https:\/\/karibiandescanso.com\/wp-content\/uploads\/2017\/10\/Cuida-tu-colch\u00f3n-blog-BR.jpg\" \/><\/a><\/div><div class=\"q_masonry_blog_post_text\"><h5 itemprop=\"name\" class=\"q_masonry_blog_title entry_title\"><a itemprop=\"url\" href=\"https:\/\/karibiandescanso.com\/fr\/cuida-de-tu-colchon\/\">Conseils pour votre matelas<\/a><\/h5><p itemprop=\"description\" class=\"q_masonry_blog_excerpt\">Parfois, l\u00b4importance d\u00b4avoir un bon matelas en parfaites conditions n\u00b4est pas valoris\u00e9. En moyenne une personne passe 7 heures par jour sur le matelas, pour ceci, il est tr\u00e8s important l\u2019hygi\u00e8ne......<\/p><div class=\"q_masonry_blog_post_info\"><span itemprop=\"dateCreated\" class=\"time entry_date updated\">08 November, 2017<meta itemprop=\"interactionCount\" content=\"UserComments: <?php echo get_comments_number(qode_get_page_id()); ?>\"\/><\/span><\/div><\/div><\/article><article  class='post-1040 post type-post status-publish format-standard has-post-thumbnail hentry category-noticias tag-descanso tag-sueno tag-karibiandescanso tag-europe tag-missioninverse tag-feder tag-furniture '><div class=\"q_masonry_blog_post_image\"><a itemprop=\"url\" href=\"https:\/\/karibiandescanso.com\/fr\/mision-comercial-inversa-del-mueble-yecla\/\" target=\"_self\"><img decoding=\"async\" itemprop=\"image\" src=\"https:\/\/karibiandescanso.com\/wp-content\/uploads\/2017\/10\/Blog-Misi\u00f3n-Comercial-Inversa-del-Mueble-de-Yecla.png\" \/><\/a><\/div><div class=\"q_masonry_blog_post_text\"><h5 itemprop=\"name\" class=\"q_masonry_blog_title entry_title\"><a itemprop=\"url\" href=\"https:\/\/karibiandescanso.com\/fr\/mision-comercial-inversa-del-mueble-yecla\/\">MISSION COMMERCIALE INVERSE 17<\/a><\/h5><p itemprop=\"description\" class=\"q_masonry_blog_excerpt\">Pendant la pr\u00e9sente \u00e9dition de la FMY 2017, l\u00b4entreprise Commercial Godema SL avec sa marque Karibian Descanso a particip\u00e9 dans la mission inverse du meuble qui a \u00e9t\u00e9 c\u00e9l\u00e9br\u00e9 le 25 et 26 Septembre du 2017 \u00e0 Yecla....<\/p><div class=\"q_masonry_blog_post_info\"><span itemprop=\"dateCreated\" class=\"time entry_date updated\">31 October, 2017<meta itemprop=\"interactionCount\" content=\"UserComments: <?php echo get_comments_number(qode_get_page_id()); ?>\"\/><\/span><\/div><\/div><\/article><article  class='post-977 post type-post status-publish format-standard has-post-thumbnail hentry category-noticias tag-mattress tag-bimbambum tag-interiordesign tag-deluxe tag-descanso tag-karibiandescanso '><div class=\"q_masonry_blog_post_image\"><a itemprop=\"url\" href=\"https:\/\/karibiandescanso.com\/fr\/interior-show-aprendiendo-respirar\/\" target=\"_self\"><img decoding=\"async\" itemprop=\"image\" src=\"https:\/\/karibiandescanso.com\/wp-content\/uploads\/2017\/10\/Blog-APRENDIENDO-A-RESPIRAR.png\" \/><\/a><\/div><div class=\"q_masonry_blog_post_text\"><h5 itemprop=\"name\" class=\"q_masonry_blog_title entry_title\"><a itemprop=\"url\" href=\"https:\/\/karibiandescanso.com\/fr\/interior-show-aprendiendo-respirar\/\">EN APPRENANT \u00c0 RESPIRER<\/a><\/h5><p itemprop=\"description\" class=\"q_masonry_blog_excerpt\">En apprenant \u00e0 respirer\u00bb est une cr\u00e9ation de l\u00b4entreprise sp\u00e9cialis\u00e9e en design d\u00b4int\u00e9rieur BIMBAMBUM, o\u00f9 diff\u00e9rents entreprises pr\u00e9sentes \u00e0 la foire du Meuble \u00e0 Yecla ont particip\u00e9, entre eux KARIBIAN DESCANSO....<\/p><div class=\"q_masonry_blog_post_info\"><span itemprop=\"dateCreated\" class=\"time entry_date updated\">10 October, 2017<meta itemprop=\"interactionCount\" content=\"UserComments: <?php echo get_comments_number(qode_get_page_id()); ?>\"\/><\/span><\/div><\/div><\/article><article  class='post-972 post type-post status-publish format-standard has-post-thumbnail hentry category-noticias tag-yecla tag-descanso tag-karibiandescanso tag-fmy2017 tag-mattress tag-models tag-feriadelmueble '><div class=\"q_masonry_blog_post_image\"><a itemprop=\"url\" href=\"https:\/\/karibiandescanso.com\/fr\/56-edicion-fmy-2017\/\" target=\"_self\"><img decoding=\"async\" itemprop=\"image\" src=\"https:\/\/karibiandescanso.com\/wp-content\/uploads\/2017\/09\/Imagen-Chica-feria.jpg\" \/><\/a><\/div><div class=\"q_masonry_blog_post_text\"><h5 itemprop=\"name\" class=\"q_masonry_blog_title entry_title\"><a itemprop=\"url\" href=\"https:\/\/karibiandescanso.com\/fr\/56-edicion-fmy-2017\/\">56 edition FMY 2017<\/a><\/h5><p itemprop=\"description\" class=\"q_masonry_blog_excerpt\">Karibian Descanso r\u00e9v\u00e8le un autre an ses nouveaut\u00e9s destin\u00e9s au monde du repos dans la 56 foire du meuble \u00e0 Yecla (1ere foire du meuble en Espagne depuis 1961) du 25 au 28 septembre 2017....<\/p><div class=\"q_masonry_blog_post_info\"><span itemprop=\"dateCreated\" class=\"time entry_date updated\">06 October, 2017<meta itemprop=\"interactionCount\" content=\"UserComments: <?php echo get_comments_number(qode_get_page_id()); ?>\"\/><\/span><\/div><\/div><\/article><\/div>[\/vc_column][\/vc_row][vc_row css_animation=&#8221;&#8221; row_type=&#8221;row&#8221; use_row_as_full_screen_section=&#8221;no&#8221; type=&#8221;full_width&#8221; angled_section=&#8221;no&#8221; text_align=&#8221;left&#8221; background_image_as_pattern=&#8221;without_pattern&#8221;][vc_column][vc_empty_space height=&#8221;50px&#8221;][\/vc_column][\/vc_row]<\/p>\n","protected":false},"excerpt":{"rendered":"<p>[vc_row css_animation=&#8221;&#8221; row_type=&#8221;row&#8221; use_row_as_full_screen_section=&#8221;no&#8221; type=&#8221;full_width&#8221; angled_section=&#8221;no&#8221; text_align=&#8221;left&#8221; background_image_as_pattern=&#8221;without_pattern&#8221; side_padding=&#8221;5&#8243;][vc_column][vc_empty_space height=&#8221;35px&#8221;][vc_column_text] Actualit\u00e9s [\/vc_column_text][vc_separator type=&#8221;small&#8221; position=&#8221;center&#8221; color=&#8221;#40b4e5&#8243; thickness=&#8221;3&#8243; up=&#8221;10&#8243; down=&#8221;10&#8243;][vc_empty_space height=&#8221;10px&#8221;][\/vc_column][\/vc_row][vc_row css_animation=&#8221;&#8221; row_type=&#8221;row&#8221; use_row_as_full_screen_section=&#8221;no&#8221; type=&#8221;full_width&#8221; angled_section=&#8221;no&#8221; text_align=&#8221;left&#8221; background_image_as_pattern=&#8221;without_pattern&#8221;][vc_column][vc_empty_space height=&#8221;15px&#8221;][\/vc_column][\/vc_row][vc_row css_animation=&#8221;&#8221; row_type=&#8221;row&#8221; use_row_as_full_screen_section=&#8221;no&#8221; type=&#8221;full_width&#8221; angled_section=&#8221;no&#8221; text_align=&#8221;left&#8221; background_image_as_pattern=&#8221;without_pattern&#8221;][vc_column][vc_empty_space height=&#8221;50px&#8221;][\/vc_column][\/vc_row]<\/p>\n","protected":false},"author":1,"featured_media":0,"parent":0,"menu_order":0,"comment_status":"closed","ping_status":"closed","template":"","meta":{"footnotes":""},"class_list":["post-75","page","type-page","status-publish","hentry"],"yoast_head":"<!-- This site is optimized with the Yoast SEO plugin v27.0 - https:\/\/yoast.com\/product\/yoast-seo-wordpress\/ -->\n<title>Actualit\u00e9s - Karibian Descanso<\/title>\n<meta name=\"robots\" content=\"index, follow, max-snippet:-1, max-image-preview:large, max-video-preview:-1\" \/>\n<link rel=\"canonical\" href=\"https:\/\/karibiandescanso.com\/noticias\/\" \/>\n<meta property=\"og:locale\" content=\"fr_FR\" \/>\n<meta property=\"og:type\" content=\"article\" \/>\n<meta property=\"og:title\" content=\"Actualit\u00e9s - Karibian Descanso\" \/>\n<meta property=\"og:description\" content=\"[vc_row css_animation=&#8221;&#8221; row_type=&#8221;row&#8221; use_row_as_full_screen_section=&#8221;no&#8221; type=&#8221;full_width&#8221; angled_section=&#8221;no&#8221; text_align=&#8221;left&#8221; background_image_as_pattern=&#8221;without_pattern&#8221; side_padding=&#8221;5&#8243;][vc_column][vc_empty_space height=&#8221;35px&#8221;][vc_column_text] Actualit\u00e9s [\/vc_column_text][vc_separator type=&#8221;small&#8221; position=&#8221;center&#8221; color=&#8221;#40b4e5&#8243; thickness=&#8221;3&#8243; up=&#8221;10&#8243; down=&#8221;10&#8243;][vc_empty_space height=&#8221;10px&#8221;][\/vc_column][\/vc_row][vc_row css_animation=&#8221;&#8221; row_type=&#8221;row&#8221; use_row_as_full_screen_section=&#8221;no&#8221; type=&#8221;full_width&#8221; angled_section=&#8221;no&#8221; text_align=&#8221;left&#8221; background_image_as_pattern=&#8221;without_pattern&#8221;][vc_column][vc_empty_space height=&#8221;15px&#8221;][\/vc_column][\/vc_row][vc_row css_animation=&#8221;&#8221; row_type=&#8221;row&#8221; use_row_as_full_screen_section=&#8221;no&#8221; type=&#8221;full_width&#8221; angled_section=&#8221;no&#8221; text_align=&#8221;left&#8221; background_image_as_pattern=&#8221;without_pattern&#8221;][vc_column][vc_empty_space height=&#8221;50px&#8221;][\/vc_column][\/vc_row]\" \/>\n<meta property=\"og:url\" content=\"https:\/\/karibiandescanso.com\/noticias\/\" \/>\n<meta property=\"og:site_name\" content=\"Karibian Descanso\" \/>\n<meta property=\"article:modified_time\" content=\"2023-05-15T08:57:32+00:00\" \/>\n<meta name=\"twitter:card\" content=\"summary_large_image\" \/>\n<meta name=\"twitter:label1\" content=\"Dur\u00e9e de lecture estim\u00e9e\" \/>\n\t<meta name=\"twitter:data1\" content=\"1 minute\" \/>\n<script type=\"application\/ld+json\" class=\"yoast-schema-graph\">{\"@context\":\"https:\/\/schema.org\",\"@graph\":[{\"@type\":\"WebPage\",\"@id\":\"https:\/\/karibiandescanso.com\/noticias\/\",\"url\":\"https:\/\/karibiandescanso.com\/noticias\/\",\"name\":\"Actualit\u00e9s - Karibian Descanso\",\"isPartOf\":{\"@id\":\"https:\/\/karibiandescanso.com\/#website\"},\"datePublished\":\"2017-03-06T16:07:59+00:00\",\"dateModified\":\"2023-05-15T08:57:32+00:00\",\"breadcrumb\":{\"@id\":\"https:\/\/karibiandescanso.com\/noticias\/#breadcrumb\"},\"inLanguage\":\"fr-FR\",\"potentialAction\":[{\"@type\":\"ReadAction\",\"target\":[\"https:\/\/karibiandescanso.com\/noticias\/\"]}]},{\"@type\":\"BreadcrumbList\",\"@id\":\"https:\/\/karibiandescanso.com\/noticias\/#breadcrumb\",\"itemListElement\":[{\"@type\":\"ListItem\",\"position\":1,\"name\":\"Portada\",\"item\":\"https:\/\/karibiandescanso.com\/\"},{\"@type\":\"ListItem\",\"position\":2,\"name\":\"Noticias\"}]},{\"@type\":\"WebSite\",\"@id\":\"https:\/\/karibiandescanso.com\/#website\",\"url\":\"https:\/\/karibiandescanso.com\/\",\"name\":\"Karibian Descanso\",\"description\":\"O\u00f9 est le repos\",\"potentialAction\":[{\"@type\":\"SearchAction\",\"target\":{\"@type\":\"EntryPoint\",\"urlTemplate\":\"https:\/\/karibiandescanso.com\/?s={search_term_string}\"},\"query-input\":{\"@type\":\"PropertyValueSpecification\",\"valueRequired\":true,\"valueName\":\"search_term_string\"}}],\"inLanguage\":\"fr-FR\"}]}<\/script>\n<!-- \/ Yoast SEO plugin. -->","yoast_head_json":{"title":"Actualit\u00e9s - Karibian Descanso","robots":{"index":"index","follow":"follow","max-snippet":"max-snippet:-1","max-image-preview":"max-image-preview:large","max-video-preview":"max-video-preview:-1"},"canonical":"https:\/\/karibiandescanso.com\/noticias\/","og_locale":"fr_FR","og_type":"article","og_title":"Actualit\u00e9s - Karibian Descanso","og_description":"[vc_row css_animation=&#8221;&#8221; row_type=&#8221;row&#8221; use_row_as_full_screen_section=&#8221;no&#8221; type=&#8221;full_width&#8221; angled_section=&#8221;no&#8221; text_align=&#8221;left&#8221; background_image_as_pattern=&#8221;without_pattern&#8221; side_padding=&#8221;5&#8243;][vc_column][vc_empty_space height=&#8221;35px&#8221;][vc_column_text] Actualit\u00e9s [\/vc_column_text][vc_separator type=&#8221;small&#8221; position=&#8221;center&#8221; color=&#8221;#40b4e5&#8243; thickness=&#8221;3&#8243; up=&#8221;10&#8243; down=&#8221;10&#8243;][vc_empty_space height=&#8221;10px&#8221;][\/vc_column][\/vc_row][vc_row css_animation=&#8221;&#8221; row_type=&#8221;row&#8221; use_row_as_full_screen_section=&#8221;no&#8221; type=&#8221;full_width&#8221; angled_section=&#8221;no&#8221; text_align=&#8221;left&#8221; background_image_as_pattern=&#8221;without_pattern&#8221;][vc_column][vc_empty_space height=&#8221;15px&#8221;][\/vc_column][\/vc_row][vc_row css_animation=&#8221;&#8221; row_type=&#8221;row&#8221; use_row_as_full_screen_section=&#8221;no&#8221; type=&#8221;full_width&#8221; angled_section=&#8221;no&#8221; text_align=&#8221;left&#8221; background_image_as_pattern=&#8221;without_pattern&#8221;][vc_column][vc_empty_space height=&#8221;50px&#8221;][\/vc_column][\/vc_row]","og_url":"https:\/\/karibiandescanso.com\/noticias\/","og_site_name":"Karibian Descanso","article_modified_time":"2023-05-15T08:57:32+00:00","twitter_card":"summary_large_image","twitter_misc":{"Dur\u00e9e de lecture estim\u00e9e":"1 minute"},"schema":{"@context":"https:\/\/schema.org","@graph":[{"@type":"WebPage","@id":"https:\/\/karibiandescanso.com\/noticias\/","url":"https:\/\/karibiandescanso.com\/noticias\/","name":"Actualit\u00e9s - Karibian Descanso","isPartOf":{"@id":"https:\/\/karibiandescanso.com\/#website"},"datePublished":"2017-03-06T16:07:59+00:00","dateModified":"2023-05-15T08:57:32+00:00","breadcrumb":{"@id":"https:\/\/karibiandescanso.com\/noticias\/#breadcrumb"},"inLanguage":"fr-FR","potentialAction":[{"@type":"ReadAction","target":["https:\/\/karibiandescanso.com\/noticias\/"]}]},{"@type":"BreadcrumbList","@id":"https:\/\/karibiandescanso.com\/noticias\/#breadcrumb","itemListElement":[{"@type":"ListItem","position":1,"name":"Portada","item":"https:\/\/karibiandescanso.com\/"},{"@type":"ListItem","position":2,"name":"Noticias"}]},{"@type":"WebSite","@id":"https:\/\/karibiandescanso.com\/#website","url":"https:\/\/karibiandescanso.com\/","name":"Karibian Descanso","description":"O\u00f9 est le repos","potentialAction":[{"@type":"SearchAction","target":{"@type":"EntryPoint","urlTemplate":"https:\/\/karibiandescanso.com\/?s={search_term_string}"},"query-input":{"@type":"PropertyValueSpecification","valueRequired":true,"valueName":"search_term_string"}}],"inLanguage":"fr-FR"}]}},"_links":{"self":[{"href":"https:\/\/karibiandescanso.com\/fr\/wp-json\/wp\/v2\/pages\/75","targetHints":{"allow":["GET"]}}],"collection":[{"href":"https:\/\/karibiandescanso.com\/fr\/wp-json\/wp\/v2\/pages"}],"about":[{"href":"https:\/\/karibiandescanso.com\/fr\/wp-json\/wp\/v2\/types\/page"}],"author":[{"embeddable":true,"href":"https:\/\/karibiandescanso.com\/fr\/wp-json\/wp\/v2\/users\/1"}],"replies":[{"embeddable":true,"href":"https:\/\/karibiandescanso.com\/fr\/wp-json\/wp\/v2\/comments?post=75"}],"version-history":[{"count":0,"href":"https:\/\/karibiandescanso.com\/fr\/wp-json\/wp\/v2\/pages\/75\/revisions"}],"wp:attachment":[{"href":"https:\/\/karibiandescanso.com\/fr\/wp-json\/wp\/v2\/media?parent=75"}],"curies":[{"name":"wp","href":"https:\/\/api.w.org\/{rel}","templated":true}]}}