{"id":4880,"date":"2019-07-02T08:18:07","date_gmt":"2019-07-02T07:18:07","guid":{"rendered":"https:\/\/www.karibiandescanso.com\/?page_id=4880"},"modified":"2024-01-08T17:04:19","modified_gmt":"2024-01-08T16:04:19","slug":"politica-de-privacidad","status":"publish","type":"page","link":"https:\/\/karibiandescanso.com\/pl\/politica-de-privacidad\/","title":{"rendered":"POLITYKA PRYWATNO\u015aCI"},"content":{"rendered":"<p>[vc_row css_animation=&#8221;&#8221; row_type=&#8221;row&#8221; use_row_as_full_screen_section=&#8221;no&#8221; type=&#8221;full_width&#8221; angled_section=&#8221;no&#8221; text_align=&#8221;left&#8221; background_image_as_pattern=&#8221;without_pattern&#8221;][vc_column][vc_empty_space height=&#8221;30px&#8221;][vc_column_text]<\/p>\n<h3 style=\"text-align: center;\">POLITYKA PRYWATNO\u015aCI STRONY INTERNETOWEJ<\/h3>\n<p style=\"text-align: center;\"><a href=\"https:\/\/www.karibiandescanso.com\">www.karibiandescanso.com<\/a><\/p>\n<p>[\/vc_column_text][vc_empty_space height=&#8221;30px&#8221;][vc_column_text]<\/p>\n<p style=\"font-weight: 400; text-align: justify;\">Niniejsza polityka prywatno\u015bci opisuje, w jaki spos\u00f3b zbieramy informacje, w jakim celu je wykorzystujemy i jak nimi zarz\u0105dzamy. Twoja prywatno\u015b\u0107 jest dla nas istotna i przywi\u0105zujemy do niej du\u017c\u0105 wag\u0119, dlatego pragniemy wyrazi\u0107 maksymalne zaanga\u017cowanie w ochron\u0119 danych osobowych naszych U\u017cytkownik\u00f3w. Wdro\u017cyli\u015bmy niezb\u0119dne \u015brodki techniczne i organizacyjne wskazane w przepisach o ochronie danych, aby zapewni\u0107 poufno\u015b\u0107 Twoich danych, zgodnie z zatwierdzonym przez Uni\u0119 Europejsk\u0105 og\u00f3lnym rozporz\u0105dzeniem o ochronie danych (RODO) i ustaw\u0105 organiczn\u0105 3\/2018 z dnia 5 grudnia (LOPDGDD). Nie mo\u017cemy jednak ponosi\u0107 \u017cadnej odpowiedzialno\u015bci za szkody wynikaj\u0105ce ze zmian, jakie osoby trzecie mog\u0105 spowodowa\u0107 w systemach komputerowych, dokumentach elektronicznych lub plikach U\u017cytkownika.<\/p>\n<p>&nbsp;<\/p>\n<p><strong>KTO JEST ODPOWIEDZIALNY ZA PRZETWARZANIE DANYCH?<\/strong><\/p>\n<p style=\"font-weight: 400;\">Nazwa: <strong>KARIBIAN DESCANSO, S.L.<\/strong>\u00a0(w dalszej cz\u0119\u015bci, \u201cFirma\u201d lub \u201cOdpowiedzialny\u201d).<br \/>\nNIP: B72997679<br \/>\nAdres: CTRA. DE PINOSO KM. 2 APDO 611 \u2013 30510 \u2013 YECLA \u2013 MURCIA<br \/>\nTelefon: 968753798<br \/>\nAdres e-mail do korespondencji dotycz\u0105cej ochrony danych:\u00a0<a href=\"mailto:contabilidad@godema.es\">contabilidad@godema.es<\/a><\/p>\n<p style=\"font-weight: 400;\"><strong>JAKI JEST CEL PRZETWARZANIA DANYCH? <\/strong><\/p>\n<p style=\"font-weight: 400; text-align: justify;\">Dane osobowe zainteresowanych b\u0119d\u0105 przetwarzane przez KARIBIAN DESCANSO, S.L. zgodnie z nast\u0119puj\u0105cymi celami, w zale\u017cno\u015bci od momentu podania tych informacji:<\/p>\n<ol>\n<li style=\"font-weight: 400; text-align: justify;\">W celu rozpatrzenia Pa\u0144stwa zapyta\u0144 lub przes\u0142ania informacji zwi\u0105zanych z zapytaniem, mo\u017ce by\u0107 konieczne uzyskanie przez nas informacji od Pa\u0144stwa, w takim przypadku poprosimy o ich dobrowolne i wyra\u017ane przekazanie. Nale\u017cy przes\u0142a\u0107 nam dane, kt\u00f3rych jest si\u0119 w\u0142a\u015bcicielem, lub os\u00f3b trzecich tylko wtedy, gdy jest si\u0119 ich prawnym przedstawicielem lub gdy uzyska\u0142o si\u0119 ich jednoznaczn\u0105 zgod\u0119. Podstawa prawna przetwarzania odpowiada art. 6.1 a) RODO (zgoda osoby, kt\u00f3rej dane dotycz\u0105).<\/li>\n<\/ol>\n<ol start=\"2\">\n<li style=\"font-weight: 400; text-align: justify;\">Zarz\u0105dzanie subskrypcjami na otrzymywanie informacji handlowych o KARIBIAN DESCANSO, S.L., na kt\u00f3re uzyskuje si\u0119 zgod\u0119 osoby zainteresowanej w naszym newsletterze, poprzez mechanizmy przeznaczone do tego celu na stonie. Podstaw\u0105 prawn\u0105 jest art. 6.1 a) RODO (zgoda osoby zainteresowanej), kt\u00f3r\u0105 mo\u017cna wycofa\u0107 w dowolnym momencie bez wp\u0142ywu na zgodno\u015b\u0107 z prawem przetwarzania przed jego cofni\u0119ciem.<\/li>\n<\/ol>\n<ol start=\"3\">\n<li style=\"font-weight: 400; text-align: justify;\">Uczestniczy\u0107 w ewentualnych procesach selekcji personelu, kt\u00f3re mo\u017cemy przeprowadzi\u0107 w przypadku przes\u0142ania nam CV. Podstaw\u0105 prawn\u0105 przetwarzania jest zgoda osoby zainteresowanej, zgodnie z art. 6.1 a) RODO.<\/li>\n<\/ol>\n<ol start=\"4\">\n<li style=\"font-weight: 400; text-align: justify;\">W celu zarz\u0105dzania komentarzami z aktualno\u015bciami na naszym blogu. Podstaw\u0105 prawn\u0105 jest art. 6.1 a) RODO (zgoda osoby zainteresowanej).<\/li>\n<\/ol>\n<ol start=\"5\">\n<li style=\"font-weight: 400; text-align: justify;\">W celach analitycznych i statystycznych, w przypadku akceptacji plik\u00f3w cookies wykorzystywanych przez serwis do tych cel\u00f3w, na co wyra\u017cona zosta\u0142a wyra\u017cona zgoda u\u017cytkownika, zgodnie z art. 6.1 a) RODO i art. 22 LSSI.<\/li>\n<\/ol>\n<p>&nbsp;<\/p>\n<p>&nbsp;<\/p>\n<p style=\"font-weight: 400;\"><strong>JAKIE S\u0104 KRYTERIA PRZECHOWYWANIA DANYCH?<\/strong><\/p>\n<p style=\"font-weight: 400; text-align: justify;\">Dane b\u0119d\u0105 przechowywane przez czas niezb\u0119dny do realizacji celu, dla kt\u00f3rego zosta\u0142y zebrane, a nast\u0119pnie pozostan\u0105 one zablokowane na czas, w kt\u00f3rym mog\u0142aby powsta\u0107 odpowiedzialno\u015b\u0107 za przetwarzanie i\/lub cel.<\/p>\n<p style=\"font-weight: 400; text-align: justify;\">Otrzymane CV zostan\u0105 zniszczone w przypadku odrzucenia ich z mo\u017cliwych proces\u00f3w rekrutacyjnych, kt\u00f3re mogliby\u015bmy przeprowadzi\u0107, przechowuj\u0105c je maksymalnie przez okres jednego roku.<\/p>\n<p>&nbsp;<\/p>\n<p style=\"font-weight: 400;\">Okres przechowywania danych w celu przesy\u0142ania komunikat\u00f3w handlowych:<\/p>\n<ul>\n<li style=\"text-align: justify;\">W przypadku, gdy nas wyra\u017anie Pa\u0144stwo do tego upowa\u017cnili, b\u0119dziemy przechowywa\u0107 dane do czasu wycofania zgody.<\/li>\n<li style=\"text-align: justify;\">W przypadku, gdy \u0142\u0105czy\u0142 Pa\u0144stwa z nami stosunek umowny i wysy\u0142amy komunikacj\u0119 marketingow\u0105, b\u0119dziemy przechowywa\u0107 dane do czasu, gdy Pa\u0144stwo zdecyduj\u0105 si\u0119 wnie\u015b\u0107 sprzeciw wobec takiego przetwarzania.<\/li>\n<\/ul>\n<p>&nbsp;<\/p>\n<p><strong>W JAKI SPOS\u00d3B AKTUALIZOWA\u0106 SWOJE DANE?<\/strong><\/p>\n<p style=\"font-weight: 400; text-align: justify;\">U\u017cytkownik gwarantuje, \u017ce dane osobowe przekazane nam za po\u015brednictwem tego serwisu s\u0105 prawdziwe, prawid\u0142owe, aktualne i kompletne. U\u017cytkownik musi powiadomi\u0107 nas o wszelkich zmianach lub aktualizacjach, wysy\u0142aj\u0105c wiadomo\u015b\u0107 na adresy pocztowe lub elektroniczne wskazane w sekcji, gdzie mo\u017cesz skorzysta\u0107 ze swoich praw.<\/p>\n<p>&nbsp;<\/p>\n<p style=\"font-weight: 400;\"><strong>KIM S\u0104 ODBIORCY INFORMACJI?<\/strong><\/p>\n<p style=\"font-weight: 400; text-align: justify;\">Nie b\u0119dziemy przekazywa\u0107 informacji stronom trzecim, z wyj\u0105tkiem zobowi\u0105za\u0144 prawnych i niezb\u0119dnych do \u015bwiadczenia us\u0142ug lub w przypadku wyra\u017cenia przez Pa\u0144stwa wyra\u017anej i jednoznacznej zgody.<\/p>\n<p>&nbsp;<\/p>\n<p style=\"font-weight: 400;\"><strong>CZY ISTNIEJE MI\u0118DZYNARODOWY TRANSFER DANYCH?<\/strong><\/p>\n<p style=\"font-weight: 400; text-align: justify;\">KARIBIAN DESCANSO, S.L. nie ma zamiaru dokonywa\u0107 mi\u0119dzynarodowych transfer\u00f3w Pa\u0144twa danych. Mo\u017cemy jednak korzysta\u0107 z us\u0142ug dostawc\u00f3w i podmiot\u00f3w przetwarzaj\u0105cych dane, kt\u00f3re dzia\u0142aj\u0105 w imieniu KARIBIAN DESCANSO, S.L. Us\u0142ugi mog\u0105 obejmowa\u0107 us\u0142ugi hostingu i konserwacji systemu, us\u0142ugi analityczne, us\u0142ugi przesy\u0142ania wiadomo\u015bci e-mail itp. Te firmy zewn\u0119trzne maj\u0105 obowi\u0105zek zagwarantowa\u0107, \u017ce informacje s\u0105 przetwarzane zgodnie z obowi\u0105zuj\u0105cymi przepisami. Ze swojej strony zawsze do\u0142o\u017cymy wszelkich stara\u0144, aby wszystkie podmioty trzecie, z kt\u00f3rymi wsp\u00f3\u0142pracujemy, dba\u0142y o bezpiecze\u0144stwo Pa\u0144stwa danych osobowych.<\/p>\n<p>&nbsp;<\/p>\n<p style=\"font-weight: 400;\"><strong>JAKIE PRAWA MAJ\u0104 ZAINTERESOWANE STRONY?<\/strong><\/p>\n<p style=\"font-weight: 400; text-align: justify;\">Ka\u017cdy ma prawo do uzyskania potwierdzenia, czy przetwarzamy dane osobowe, kt\u00f3re go dotycz\u0105. Zainteresowane osoby maj\u0105 prawo do dost\u0119pu do swoich danych osobowych, a tak\u017ce \u017c\u0105dania poprawienia niedok\u0142adnych danych lub, w okre\u015blonych przypadkach, \u017c\u0105dania ich usuni\u0119cia, gdy mi\u0119dzy innymi dane nie s\u0105 ju\u017c potrzebne do cel\u00f3w, dla kt\u00f3rych zosta\u0142y zebrane.<\/p>\n<p style=\"font-weight: 400; text-align: justify;\">W okre\u015blonych okoliczno\u015bciach zainteresowane strony mog\u0105 \u017c\u0105da\u0107 ograniczenia przetwarzania ich danych \u2013 w takim przypadku b\u0119dziemy je przechowywa\u0107 wy\u0142\u0105cznie w celu dochodzenia lub obrony roszcze\u0144. W okre\u015blonych okoliczno\u015bciach i z przyczyn zwi\u0105zanych z ich szczeg\u00f3ln\u0105 sytuacj\u0105 zainteresowane strony mog\u0105 sprzeciwi\u0107 si\u0119 przetwarzaniu ich danych. W takim przypadku zaprzestaniemy przetwarzania danych, z wyj\u0105tkiem wa\u017cnych prawnie uzasadnionych przyczyn lub dochodzenia, lub obrony ewentualnych roszcze\u0144. Przys\u0142uguje r\u00f3wnie\u017c prawo do cofni\u0119cia zgody na przetwarzanie\u00a0 danych w dowolnym momencie, gdy prawn\u0105 podstaw\u0105 jest uzyskanie zgody osoby zainteresowanej.<\/p>\n<p style=\"font-weight: 400;\">Istnieje mo\u017cliwo\u015b\u0107 z\u0142o\u017cenia skargi do w\u0142a\u015bciwego Organu Kontroli Ochrony Danych, takiego jak Hiszpa\u0144ska Agencja Ochrony Danych Osobowych, zw\u0142aszcza gdy nie zosta\u0142a uzyskana satysfakcja z korzystania ze swoich praw lub przetwarzanie danych nie jest adekwatne do obowi\u0105zuj\u0105cych przepis\u00f3w.<\/p>\n<p>&nbsp;<\/p>\n<p style=\"font-weight: 400;\"><strong>GDZIE MO\u017bESZ SKORZYSTA\u0106 ZE SWOICH PRAW?<\/strong><\/p>\n<p style=\"font-weight: 400; text-align: justify;\">Poprzez pisemn\u0105 korespondencj\u0119 skierowan\u0105 do KARIBIAN DESCANSO, S.L., CTRA. DE PINOSO KM.2, YECLA, 30510 (MURCIA), lub wysy\u0142aj\u0105c wiadomo\u015b\u0107 e-mail na adres contabilidad@godema.es, potwierdzaj\u0105c swoj\u0105 to\u017csamo\u015b\u0107 i okre\u015blaj\u0105c swoj\u0105 pro\u015bb\u0119, dostarczaj\u0105c kserokopi\u0119 swojego Dowodu Osobistego lub r\u00f3wnowa\u017cnego dokumentu.<\/p>\n<p style=\"font-weight: 400; text-align: justify;\">W komunikacji handlowej, w tym w biuletynach, mo\u017cesz anulowa\u0107 udzielon\u0105 zgod\u0119, wysy\u0142aj\u0105c wiadomo\u015b\u0107 e-mail na nasz adres contabilidad@godema.es. ze wskazaniem we wiadomo\u015bci frazy \u201eAnuluj subskrypcj\u0119 us\u0142ugi komunikacyjnej\u201d lub klikni\u0119cie \u0142\u0105cza rezygnacji z subskrypcji, je\u015bli wiadomo\u015b\u0107 e-mail tak wskazuje.<\/p>\n<p>&nbsp;<\/p>\n<p style=\"font-weight: 400;\"><strong>\u015aRODKI BEZPIECZE\u0143STWA<\/strong><\/p>\n<p style=\"font-weight: 400; text-align: justify;\">Zgodnie z przepisami obowi\u0105zuj\u0105cymi w przepisach o ochronie danych osobowych, ADMINISTRATOR przestrzega wszystkich przepis\u00f3w OG\u00d3LNEGO ROZPORZ\u0104DZENIA O OCHRONIE DANYCH (RODO) w zakresie przetwarzania danych osobowych, za kt\u00f3re odpowiada, oraz w spos\u00f3b wynikaj\u0105cy z zasad opisanych w art. 5, w zwi\u0105zku, z kt\u00f3rymi s\u0105 one traktowane w spos\u00f3b zgodny z prawem, lojalny i przejrzysty w stosunku do zainteresowanej strony oraz stosowne do tego, co jest niezb\u0119dne do cel\u00f3w, dla kt\u00f3rych s\u0105 przeznaczone. ADMINISTRATOR gwarantuje, \u017ce wdro\u017cy\u0142 odpowiedni\u0105 polityk\u0119 techniczn\u0105 i organizacyjn\u0105 stosowania \u015brodk\u00f3w bezpiecze\u0144stwa ustanowionych przez RODO w celu ochrony wolno\u015bci i praw U\u017cytkownik\u00f3w oraz udzieli\u0142 im odpowiednich informacji, aby mogli z nich korzysta\u0107.<\/p>\n<p>&nbsp;<\/p>\n<p style=\"font-weight: 400;\"><strong>AKCEPTACJA I ZGODA<\/strong><\/p>\n<p style=\"text-align: justify;\">U\u017cytkownik o\u015bwiadcza, \u017ce \u200b\u200bzosta\u0142 poinformowany o naszej polityce ochrony danych i wyra\u017ca zgod\u0119 na ich przetwarzanie w celach okre\u015blonych powy\u017cej. Nale\u017cy zauwa\u017cy\u0107, \u017ce niekt\u00f3re us\u0142ugi \u015bwiadczone w Internecie mog\u0105 podlega\u0107 szczeg\u00f3lnym warunkom, o czym u\u017cytkownicy zostan\u0105 nale\u017cycie poinformowani.<\/p>\n<p>[\/vc_column_text][vc_empty_space height=&#8221;30px&#8221;][\/vc_column][\/vc_row]<\/p>\n","protected":false},"excerpt":{"rendered":"<p>[vc_row css_animation=&#8221;&#8221; row_type=&#8221;row&#8221; use_row_as_full_screen_section=&#8221;no&#8221; type=&#8221;full_width&#8221; angled_section=&#8221;no&#8221; text_align=&#8221;left&#8221; background_image_as_pattern=&#8221;without_pattern&#8221;][vc_column][vc_empty_space height=&#8221;30px&#8221;][vc_column_text] POLITYKA PRYWATNO\u015aCI STRONY INTERNETOWEJ www.karibiandescanso.com [\/vc_column_text][vc_empty_space height=&#8221;30px&#8221;][vc_column_text] Niniejsza polityka prywatno\u015bci opisuje, w jaki spos\u00f3b zbieramy informacje, w jakim celu je wykorzystujemy i jak nimi zarz\u0105dzamy. Twoja prywatno\u015b\u0107 jest dla nas istotna i przywi\u0105zujemy do niej du\u017c\u0105&#8230;<\/p>\n","protected":false},"author":1,"featured_media":0,"parent":0,"menu_order":0,"comment_status":"closed","ping_status":"closed","template":"","meta":{"footnotes":""},"class_list":["post-4880","page","type-page","status-publish","hentry"],"yoast_head":"<!-- This site is optimized with the Yoast SEO plugin v27.0 - https:\/\/yoast.com\/product\/yoast-seo-wordpress\/ -->\n<title>POLITYKA PRYWATNO\u015aCI - Karibian Descanso<\/title>\n<meta name=\"robots\" content=\"noindex, follow\" \/>\n<meta property=\"og:locale\" content=\"pl_PL\" \/>\n<meta property=\"og:type\" content=\"article\" \/>\n<meta property=\"og:title\" content=\"POLITYKA PRYWATNO\u015aCI - Karibian Descanso\" \/>\n<meta property=\"og:description\" content=\"[vc_row css_animation=&#8221;&#8221; row_type=&#8221;row&#8221; use_row_as_full_screen_section=&#8221;no&#8221; type=&#8221;full_width&#8221; angled_section=&#8221;no&#8221; text_align=&#8221;left&#8221; background_image_as_pattern=&#8221;without_pattern&#8221;][vc_column][vc_empty_space height=&#8221;30px&#8221;][vc_column_text] POLITYKA PRYWATNO\u015aCI STRONY INTERNETOWEJ www.karibiandescanso.com [\/vc_column_text][vc_empty_space height=&#8221;30px&#8221;][vc_column_text] Niniejsza polityka prywatno\u015bci opisuje, w jaki spos\u00f3b zbieramy informacje, w jakim celu je wykorzystujemy i jak nimi zarz\u0105dzamy. Twoja prywatno\u015b\u0107 jest dla nas istotna i przywi\u0105zujemy do niej du\u017c\u0105...\" \/>\n<meta property=\"og:url\" content=\"https:\/\/karibiandescanso.com\/politica-de-privacidad\/\" \/>\n<meta property=\"og:site_name\" content=\"Karibian Descanso\" \/>\n<meta property=\"article:modified_time\" content=\"2024-01-08T16:04:19+00:00\" \/>\n<meta name=\"twitter:card\" content=\"summary_large_image\" \/>\n<meta name=\"twitter:label1\" content=\"Szacowany czas czytania\" \/>\n\t<meta name=\"twitter:data1\" content=\"5 minut\" \/>\n<script type=\"application\/ld+json\" class=\"yoast-schema-graph\">{\"@context\":\"https:\/\/schema.org\",\"@graph\":[{\"@type\":\"WebPage\",\"@id\":\"https:\/\/karibiandescanso.com\/politica-de-privacidad\/\",\"url\":\"https:\/\/karibiandescanso.com\/politica-de-privacidad\/\",\"name\":\"POLITYKA PRYWATNO\u015aCI - Karibian Descanso\",\"isPartOf\":{\"@id\":\"https:\/\/karibiandescanso.com\/#website\"},\"datePublished\":\"2019-07-02T07:18:07+00:00\",\"dateModified\":\"2024-01-08T16:04:19+00:00\",\"breadcrumb\":{\"@id\":\"https:\/\/karibiandescanso.com\/politica-de-privacidad\/#breadcrumb\"},\"inLanguage\":\"pl-PL\",\"potentialAction\":[{\"@type\":\"ReadAction\",\"target\":[\"https:\/\/karibiandescanso.com\/politica-de-privacidad\/\"]}]},{\"@type\":\"BreadcrumbList\",\"@id\":\"https:\/\/karibiandescanso.com\/politica-de-privacidad\/#breadcrumb\",\"itemListElement\":[{\"@type\":\"ListItem\",\"position\":1,\"name\":\"Portada\",\"item\":\"https:\/\/karibiandescanso.com\/\"},{\"@type\":\"ListItem\",\"position\":2,\"name\":\"Pol\u00edtica de Privacidad\"}]},{\"@type\":\"WebSite\",\"@id\":\"https:\/\/karibiandescanso.com\/#website\",\"url\":\"https:\/\/karibiandescanso.com\/\",\"name\":\"Karibian Descanso\",\"description\":\"Gdzie jest odpoczynek\",\"potentialAction\":[{\"@type\":\"SearchAction\",\"target\":{\"@type\":\"EntryPoint\",\"urlTemplate\":\"https:\/\/karibiandescanso.com\/?s={search_term_string}\"},\"query-input\":{\"@type\":\"PropertyValueSpecification\",\"valueRequired\":true,\"valueName\":\"search_term_string\"}}],\"inLanguage\":\"pl-PL\"}]}<\/script>\n<!-- \/ Yoast SEO plugin. -->","yoast_head_json":{"title":"POLITYKA PRYWATNO\u015aCI - Karibian Descanso","robots":{"index":"noindex","follow":"follow"},"og_locale":"pl_PL","og_type":"article","og_title":"POLITYKA PRYWATNO\u015aCI - Karibian Descanso","og_description":"[vc_row css_animation=&#8221;&#8221; row_type=&#8221;row&#8221; use_row_as_full_screen_section=&#8221;no&#8221; type=&#8221;full_width&#8221; angled_section=&#8221;no&#8221; text_align=&#8221;left&#8221; background_image_as_pattern=&#8221;without_pattern&#8221;][vc_column][vc_empty_space height=&#8221;30px&#8221;][vc_column_text] POLITYKA PRYWATNO\u015aCI STRONY INTERNETOWEJ www.karibiandescanso.com [\/vc_column_text][vc_empty_space height=&#8221;30px&#8221;][vc_column_text] Niniejsza polityka prywatno\u015bci opisuje, w jaki spos\u00f3b zbieramy informacje, w jakim celu je wykorzystujemy i jak nimi zarz\u0105dzamy. Twoja prywatno\u015b\u0107 jest dla nas istotna i przywi\u0105zujemy do niej du\u017c\u0105...","og_url":"https:\/\/karibiandescanso.com\/politica-de-privacidad\/","og_site_name":"Karibian Descanso","article_modified_time":"2024-01-08T16:04:19+00:00","twitter_card":"summary_large_image","twitter_misc":{"Szacowany czas czytania":"5 minut"},"schema":{"@context":"https:\/\/schema.org","@graph":[{"@type":"WebPage","@id":"https:\/\/karibiandescanso.com\/politica-de-privacidad\/","url":"https:\/\/karibiandescanso.com\/politica-de-privacidad\/","name":"POLITYKA PRYWATNO\u015aCI - Karibian Descanso","isPartOf":{"@id":"https:\/\/karibiandescanso.com\/#website"},"datePublished":"2019-07-02T07:18:07+00:00","dateModified":"2024-01-08T16:04:19+00:00","breadcrumb":{"@id":"https:\/\/karibiandescanso.com\/politica-de-privacidad\/#breadcrumb"},"inLanguage":"pl-PL","potentialAction":[{"@type":"ReadAction","target":["https:\/\/karibiandescanso.com\/politica-de-privacidad\/"]}]},{"@type":"BreadcrumbList","@id":"https:\/\/karibiandescanso.com\/politica-de-privacidad\/#breadcrumb","itemListElement":[{"@type":"ListItem","position":1,"name":"Portada","item":"https:\/\/karibiandescanso.com\/"},{"@type":"ListItem","position":2,"name":"Pol\u00edtica de Privacidad"}]},{"@type":"WebSite","@id":"https:\/\/karibiandescanso.com\/#website","url":"https:\/\/karibiandescanso.com\/","name":"Karibian Descanso","description":"Gdzie jest odpoczynek","potentialAction":[{"@type":"SearchAction","target":{"@type":"EntryPoint","urlTemplate":"https:\/\/karibiandescanso.com\/?s={search_term_string}"},"query-input":{"@type":"PropertyValueSpecification","valueRequired":true,"valueName":"search_term_string"}}],"inLanguage":"pl-PL"}]}},"_links":{"self":[{"href":"https:\/\/karibiandescanso.com\/pl\/wp-json\/wp\/v2\/pages\/4880","targetHints":{"allow":["GET"]}}],"collection":[{"href":"https:\/\/karibiandescanso.com\/pl\/wp-json\/wp\/v2\/pages"}],"about":[{"href":"https:\/\/karibiandescanso.com\/pl\/wp-json\/wp\/v2\/types\/page"}],"author":[{"embeddable":true,"href":"https:\/\/karibiandescanso.com\/pl\/wp-json\/wp\/v2\/users\/1"}],"replies":[{"embeddable":true,"href":"https:\/\/karibiandescanso.com\/pl\/wp-json\/wp\/v2\/comments?post=4880"}],"version-history":[{"count":0,"href":"https:\/\/karibiandescanso.com\/pl\/wp-json\/wp\/v2\/pages\/4880\/revisions"}],"wp:attachment":[{"href":"https:\/\/karibiandescanso.com\/pl\/wp-json\/wp\/v2\/media?parent=4880"}],"curies":[{"name":"wp","href":"https:\/\/api.w.org\/{rel}","templated":true}]}}