{"id":75,"date":"2017-03-06T16:07:59","date_gmt":"2017-03-06T16:07:59","guid":{"rendered":"https:\/\/www.karibiandescanso.com\/?page_id=75"},"modified":"2023-05-15T10:57:32","modified_gmt":"2023-05-15T08:57:32","slug":"noticias","status":"publish","type":"page","link":"https:\/\/karibiandescanso.com\/pl\/noticias\/","title":{"rendered":"NOWO\u015aCI"},"content":{"rendered":"<p>[vc_row css_animation=&#8221;&#8221; row_type=&#8221;row&#8221; use_row_as_full_screen_section=&#8221;no&#8221; type=&#8221;full_width&#8221; angled_section=&#8221;no&#8221; text_align=&#8221;left&#8221; background_image_as_pattern=&#8221;without_pattern&#8221; side_padding=&#8221;5&#8243;][vc_column][vc_empty_space height=&#8221;35px&#8221;][vc_column_text]<\/p>\n<h1 style=\"text-align: center;\">NOWO\u015aCI<\/h1>\n<p>[\/vc_column_text][vc_separator type=&#8221;small&#8221; position=&#8221;center&#8221; color=&#8221;#40b4e5&#8243; thickness=&#8221;3&#8243; up=&#8221;10&#8243; down=&#8221;10&#8243;][vc_empty_space height=&#8221;10px&#8221;][\/vc_column][\/vc_row][vc_row css_animation=&#8221;&#8221; row_type=&#8221;row&#8221; use_row_as_full_screen_section=&#8221;no&#8221; type=&#8221;full_width&#8221; angled_section=&#8221;no&#8221; text_align=&#8221;left&#8221; background_image_as_pattern=&#8221;without_pattern&#8221;][vc_column][vc_empty_space height=&#8221;15px&#8221;]<div class='q_masonry_blog'><div class=\"q_masonry_blog_grid_sizer\"><\/div><div class=\"q_masonry_blog_grid_gutter\"><\/div><article  class='post-18636 post type-post status-publish format-standard has-post-thumbnail hentry category-noticias category-ferias tag-industria-del-descanso tag-innovacion-en-colchones tag-tendencias-del-descanso tag-diseno-de-colchones tag-materiales-innovadores tag-networking tag-ferias-internacionales tag-made-in-spain tag-karibian tag-feria-de-milan-2026 tag-salone-del-mobile-milano-2026 '><div class=\"q_masonry_blog_post_image\"><a itemprop=\"url\" href=\"https:\/\/karibiandescanso.com\/pl\/salone-del-mobile-milano-2026\/\" target=\"_self\"><img decoding=\"async\" itemprop=\"image\" src=\"https:\/\/karibiandescanso.com\/wp-content\/uploads\/2026\/03\/milano-portada.jpg\" \/><\/a><\/div><div class=\"q_masonry_blog_post_text\"><h5 itemprop=\"name\" class=\"q_masonry_blog_title entry_title\"><a itemprop=\"url\" href=\"https:\/\/karibiandescanso.com\/pl\/salone-del-mobile-milano-2026\/\">SALONE DEL MOBILE MILANO 2026<\/a><\/h5><p itemprop=\"description\" class=\"q_masonry_blog_excerpt\">Odkryj dwa sposoby wypoczynku i sprawd\u017a, kt\u00f3ry materac hybrydowy najlepiej do Ciebie pasuje. Por\u00f3wnujemy piank\u0119 HR i spr\u0119\u017cyny kieszeniowe, aby pom\u00f3c Ci wybra\u0107 idealny materac....<\/p><div class=\"q_masonry_blog_post_info\"><span itemprop=\"dateCreated\" class=\"time entry_date updated\">28 April, 2026<meta itemprop=\"interactionCount\" content=\"UserComments: <?php echo get_comments_number(qode_get_page_id()); ?>\"\/><\/span><\/div><\/div><\/article><article  class='post-18494 post type-post status-publish format-standard has-post-thumbnail hentry category-descanso category-noticias tag-hybrid tag-articulados tag-viscoelasticas tag-colchones-hibridos tag-hr tag-hybrid-performance tag-pocket-spring tag-elastex-hybrid tag-made-in-spain tag-karibian tag-vida-saludable tag-dormir-mejor tag-salud-y-confort tag-descanso-de-calidad tag-bienestar '><div class=\"q_masonry_blog_post_image\"><a itemprop=\"url\" href=\"https:\/\/karibiandescanso.com\/pl\/dos-formas-de-descansar-hybrid\/\" target=\"_self\"><img decoding=\"async\" itemprop=\"image\" src=\"https:\/\/karibiandescanso.com\/wp-content\/uploads\/2026\/03\/2-modos-descanso-hybrid.webp\" \/><\/a><\/div><div class=\"q_masonry_blog_post_text\"><h5 itemprop=\"name\" class=\"q_masonry_blog_title entry_title\"><a itemprop=\"url\" href=\"https:\/\/karibiandescanso.com\/pl\/dos-formas-de-descansar-hybrid\/\">Dwa sposoby na odpoczynek: Hybrid<\/a><\/h5><p itemprop=\"description\" class=\"q_masonry_blog_excerpt\">Odkryj dwa sposoby wypoczynku i sprawd\u017a, kt\u00f3ry materac hybrydowy najlepiej do Ciebie pasuje. Por\u00f3wnujemy piank\u0119 HR i spr\u0119\u017cyny kieszeniowe, aby pom\u00f3c Ci wybra\u0107 idealny materac....<\/p><div class=\"q_masonry_blog_post_info\"><span itemprop=\"dateCreated\" class=\"time entry_date updated\">26 March, 2026<meta itemprop=\"interactionCount\" content=\"UserComments: <?php echo get_comments_number(qode_get_page_id()); ?>\"\/><\/span><\/div><\/div><\/article><article  class='post-18361 post type-post status-publish format-standard has-post-thumbnail hentry category-noticias category-descanso tag-karibian tag-vida-saludable tag-higiene-del-sueno tag-dormir-mejor tag-salud-y-confort tag-descanso-de-calidad tag-dormir-bien tag-bienestar tag-rutina-de-sueno tag-autocuidado tag-san-valentin tag-made-in-spain '><div class=\"q_masonry_blog_post_image\"><a itemprop=\"url\" href=\"https:\/\/karibiandescanso.com\/pl\/san-valentin-descanso\/\" target=\"_self\"><img decoding=\"async\" itemprop=\"image\" src=\"https:\/\/karibiandescanso.com\/wp-content\/uploads\/2026\/02\/Imagen-2-4.jpg\" \/><\/a><\/div><div class=\"q_masonry_blog_post_text\"><h5 itemprop=\"name\" class=\"q_masonry_blog_title entry_title\"><a itemprop=\"url\" href=\"https:\/\/karibiandescanso.com\/pl\/san-valentin-descanso\/\">Jak zadba\u0107 o siebie dzi\u0119ki zdrowym nawykom zwi\u0105zanym ze snem<\/a><\/h5><p itemprop=\"description\" class=\"q_masonry_blog_excerpt\">W te Walentynki \u015bwi\u0119tuj na sw\u00f3j spos\u00f3b, dbaj\u0105c o sw\u00f3j wypoczynek. Odkryj wskaz\u00f3wki dotycz\u0105ce dbania o siebie i mini przewodnik po lepszym \u015bnie....<\/p><div class=\"q_masonry_blog_post_info\"><span itemprop=\"dateCreated\" class=\"time entry_date updated\">14 February, 2026<meta itemprop=\"interactionCount\" content=\"UserComments: <?php echo get_comments_number(qode_get_page_id()); ?>\"\/><\/span><\/div><\/div><\/article><article  class='post-18279 post type-post status-publish format-standard has-post-thumbnail hentry category-noticias category-descanso tag-higiene-del-sueno tag-dormir-mejor tag-salud-y-confort tag-descanso-de-calidad tag-propositos tag-resolutions tag-bienestar tag-made-in-spain tag-karibian tag-vida-saludable '><div class=\"q_masonry_blog_post_image\"><a itemprop=\"url\" href=\"https:\/\/karibiandescanso.com\/pl\/10-propositos-para-dormir-mejor\/\" target=\"_self\"><img decoding=\"async\" itemprop=\"image\" src=\"https:\/\/karibiandescanso.com\/wp-content\/uploads\/2026\/01\/Portada.jpg\" \/><\/a><\/div><div class=\"q_masonry_blog_post_text\"><h5 itemprop=\"name\" class=\"q_masonry_blog_title entry_title\"><a itemprop=\"url\" href=\"https:\/\/karibiandescanso.com\/pl\/10-propositos-para-dormir-mejor\/\">10 POSTANOWIE\u0143, ABY LEPIEJ SPA\u0106<\/a><\/h5><p itemprop=\"description\" class=\"q_masonry_blog_excerpt\">Wraz z nadej\u015bciem nowego roku prawdopodobnie sporz\u0105dzisz list\u0119 postanowie\u0144. W 2026 roku postanowili\u015bmy pom\u00f3c Ci w tym, o ile jednym z Twoich cel\u00f3w jest lepsza dba\u0142o\u015b\u0107 o siebie....<\/p><div class=\"q_masonry_blog_post_info\"><span itemprop=\"dateCreated\" class=\"time entry_date updated\">13 January, 2026<meta itemprop=\"interactionCount\" content=\"UserComments: <?php echo get_comments_number(qode_get_page_id()); ?>\"\/><\/span><\/div><\/div><\/article><article  class='post-18130 post type-post status-publish format-standard has-post-thumbnail hentry category-ferias category-noticias tag-colchon tag-milan tag-mattress tag-milanodesignweek tag-europe tag-furniture tag-mueble-de-espana tag-spain-furniture tag-italy tag-isaloni tag-feria-mueble tag-karibian-descanso tag-fuorisalone '><div class=\"q_masonry_blog_post_image\"><a itemprop=\"url\" href=\"https:\/\/karibiandescanso.com\/pl\/salone-del-mobile-milano-2025\/\" target=\"_self\"><img decoding=\"async\" itemprop=\"image\" src=\"https:\/\/karibiandescanso.com\/wp-content\/uploads\/2025\/04\/MILAN-PORTADA.jpg\" \/><\/a><\/div><div class=\"q_masonry_blog_post_text\"><h5 itemprop=\"name\" class=\"q_masonry_blog_title entry_title\"><a itemprop=\"url\" href=\"https:\/\/karibiandescanso.com\/pl\/salone-del-mobile-milano-2025\/\">SALONE DEL MOBILE.MILANO 2025<\/a><\/h5><p itemprop=\"description\" class=\"q_masonry_blog_excerpt\">Karibian Descanso zaprezentowa\u0142 swoje nowe produkty na Salone del Mobile. Milano 2025, kt\u00f3re odby\u0142y si\u0119 w dniach 8-13 kwietnia 2025 r. w Mediolanie. Firma zaprezentowa\u0142a swoje najnowsze innowacje na atrakcyjnym stoisku....<\/p><div class=\"q_masonry_blog_post_info\"><span itemprop=\"dateCreated\" class=\"time entry_date updated\">16 April, 2025<meta itemprop=\"interactionCount\" content=\"UserComments: <?php echo get_comments_number(qode_get_page_id()); ?>\"\/><\/span><\/div><\/div><\/article><article  class='post-18143 post type-post status-publish format-standard has-post-thumbnail hentry category-noticias category-descanso tag-mobiliario tag-international tag-arquitectura tag-zona-de-noche tag-colchones tag-magazine tag-archiproducts tag-design tag-comfort tag-interiorismo tag-alta-calidad '><div class=\"q_masonry_blog_post_image\"><a itemprop=\"url\" href=\"https:\/\/karibiandescanso.com\/pl\/archiproducts\/\" target=\"_self\"><img decoding=\"async\" itemprop=\"image\" src=\"https:\/\/karibiandescanso.com\/wp-content\/uploads\/2025\/04\/ARCHIPRODUCTS.jpg\" \/><\/a><\/div><div class=\"q_masonry_blog_post_text\"><h5 itemprop=\"name\" class=\"q_masonry_blog_title entry_title\"><a itemprop=\"url\" href=\"https:\/\/karibiandescanso.com\/pl\/archiproducts\/\">ARCHIPRODUCTS<\/a><\/h5><p itemprop=\"description\" class=\"q_masonry_blog_excerpt\">Archiproducts to najbardziej aktualny portal po\u015bwi\u0119cony architekturze i produktom designerskim. Odkryj profil Karibian Descanso na mi\u0119dzynarodowej stronie Archiproducts w kategorii meble i \u017cycie nocne....<\/p><div class=\"q_masonry_blog_post_info\"><span itemprop=\"dateCreated\" class=\"time entry_date updated\">11 February, 2025<meta itemprop=\"interactionCount\" content=\"UserComments: <?php echo get_comments_number(qode_get_page_id()); ?>\"\/><\/span><\/div><\/div><\/article><article  class='post-18115 post type-post status-publish format-standard has-post-thumbnail hentry category-ferias category-noticias tag-mattress tag-furniture tag-mueble-de-espana tag-spain-furniture tag-contract tag-espritsommeil tag-karibian-descanso tag-ferias-2024 tag-colchon tag-paris tag-espritmeuble '><div class=\"q_masonry_blog_post_image\"><a itemprop=\"url\" href=\"https:\/\/karibiandescanso.com\/pl\/espritmeuble-paris-2024\/\" target=\"_self\"><img decoding=\"async\" itemprop=\"image\" src=\"https:\/\/karibiandescanso.com\/wp-content\/uploads\/2024\/11\/PARIS-PORTADA.jpg\" \/><\/a><\/div><div class=\"q_masonry_blog_post_text\"><h5 itemprop=\"name\" class=\"q_masonry_blog_title entry_title\"><a itemprop=\"url\" href=\"https:\/\/karibiandescanso.com\/pl\/espritmeuble-paris-2024\/\">ESPRITMEUBLE PARIS 2024<\/a><\/h5><p itemprop=\"description\" class=\"q_masonry_blog_excerpt\">Karibian wzi\u0105\u0142 udzia\u0142 w 12. edycji EspritMeuble 2024 w Pary\u017cu. Wydarzenie to odby\u0142o si\u0119 w dniach od 16 do 19 listopada. Firma zaprezentowa\u0142a swoje najnowsze innowacje w zakresie odpoczynku....<\/p><div class=\"q_masonry_blog_post_info\"><span itemprop=\"dateCreated\" class=\"time entry_date updated\">22 November, 2024<meta itemprop=\"interactionCount\" content=\"UserComments: <?php echo get_comments_number(qode_get_page_id()); ?>\"\/><\/span><\/div><\/div><\/article><article  class='post-17173 post type-post status-publish format-standard has-post-thumbnail hentry category-ferias category-noticias tag-spain-furniture tag-spain-interiors tag-feria-mueble tag-habitat tag-karibian-descanso tag-valencia tag-colchon tag-mattress tag-europe tag-furniture tag-mueble-de-espana '><div class=\"q_masonry_blog_post_image\"><a itemprop=\"url\" href=\"https:\/\/karibiandescanso.com\/pl\/58-feria-habitat-valencia\/\" target=\"_self\"><img decoding=\"async\" itemprop=\"image\" src=\"https:\/\/karibiandescanso.com\/wp-content\/uploads\/2025\/01\/VALENCIA-PORTADA.jpg\" \/><\/a><\/div><div class=\"q_masonry_blog_post_text\"><h5 itemprop=\"name\" class=\"q_masonry_blog_title entry_title\"><a itemprop=\"url\" href=\"https:\/\/karibiandescanso.com\/pl\/58-feria-habitat-valencia\/\">58 H\u00c1BITAT VALENCIA FAIR<\/a><\/h5><p itemprop=\"description\" class=\"q_masonry_blog_excerpt\">Karibian Descanso wzi\u0105\u0142 udzia\u0142 w najnowszej edycji Targ\u00f3w Valencia Habitat, kt\u00f3ra odby\u0142a si\u0119 w dniach 30 wrze\u015bnia - 3 pa\u017adziernika 2024. Kilka intensywnych dni zaj\u0119\u0107 na stoisku firmy...<\/p><div class=\"q_masonry_blog_post_info\"><span itemprop=\"dateCreated\" class=\"time entry_date updated\">07 October, 2024<meta itemprop=\"interactionCount\" content=\"UserComments: <?php echo get_comments_number(qode_get_page_id()); ?>\"\/><\/span><\/div><\/div><\/article><article  class='post-14696 post type-post status-publish format-standard has-post-thumbnail hentry category-noticias tag-mueble-de-espana tag-spain-interiors tag-fabricantes tag-diseno tag-materiales tag-oeko-tex tag-karibian-descanso tag-textiles tag-salud tag-standard-100 tag-certificado tag-colchon tag-mattress '><div class=\"q_masonry_blog_post_image\"><a itemprop=\"url\" href=\"https:\/\/karibiandescanso.com\/pl\/oeko-tex-2017ok1452\/\" target=\"_self\"><img decoding=\"async\" itemprop=\"image\" src=\"https:\/\/karibiandescanso.com\/wp-content\/uploads\/2024\/06\/OEKO-TEX-PORTADA.jpg\" \/><\/a><\/div><div class=\"q_masonry_blog_post_text\"><h5 itemprop=\"name\" class=\"q_masonry_blog_title entry_title\"><a itemprop=\"url\" href=\"https:\/\/karibiandescanso.com\/pl\/oeko-tex-2017ok1452\/\">OEKO-TEX 2017OK1452<\/a><\/h5><p itemprop=\"description\" class=\"q_masonry_blog_excerpt\">Karibian Descanso odnawia Certyfikat OEKO-TEX\u00ae 2017OK1452 AITEX na kolejny rok. Ten certyfikat Oeko-Tex Standard 100 jest wiod\u0105cym na \u015bwiecie oznakowaniem ekologicznym potwierdzaj\u0105cym bezp\u0142atne produkty tekstylne...<\/p><div class=\"q_masonry_blog_post_info\"><span itemprop=\"dateCreated\" class=\"time entry_date updated\">11 June, 2024<meta itemprop=\"interactionCount\" content=\"UserComments: <?php echo get_comments_number(qode_get_page_id()); ?>\"\/><\/span><\/div><\/div><\/article><article  class='post-14603 post type-post status-publish format-standard has-post-thumbnail hentry category-noticias category-ferias tag-spain-furniture tag-feria-mueble-yecla tag-fmy2024 tag-ven-y-crece tag-contract tag-karibian-descanso tag-colchon tag-mattress tag-furniture tag-mueble-de-espana '><div class=\"q_masonry_blog_post_image\"><a itemprop=\"url\" href=\"https:\/\/karibiandescanso.com\/pl\/62o-fmy2024\/\" target=\"_self\"><img decoding=\"async\" itemprop=\"image\" src=\"https:\/\/karibiandescanso.com\/wp-content\/uploads\/2024\/06\/FMY-24.jpg\" \/><\/a><\/div><div class=\"q_masonry_blog_post_text\"><h5 itemprop=\"name\" class=\"q_masonry_blog_title entry_title\"><a itemprop=\"url\" href=\"https:\/\/karibiandescanso.com\/pl\/62o-fmy2024\/\">62\u00ba FMY2024<\/a><\/h5><p itemprop=\"description\" class=\"q_masonry_blog_excerpt\">Karibian Descanso wzi\u0105\u0142 udzia\u0142 w 62. Targach Mebli Yecla 2024. Konkurs ten odby\u0142 si\u0119 w dniach 28\u201331 maja i by\u0142 miejscem spotka\u0144 profesjonalist\u00f3w z bran\u017cy meblarskiej, drzewnej i pokrewnych....<\/p><div class=\"q_masonry_blog_post_info\"><span itemprop=\"dateCreated\" class=\"time entry_date updated\">03 June, 2024<meta itemprop=\"interactionCount\" content=\"UserComments: <?php echo get_comments_number(qode_get_page_id()); ?>\"\/><\/span><\/div><\/div><\/article><article  class='post-14912 post type-post status-publish format-standard has-post-thumbnail hentry category-noticias tag-mattress tag-mueble-de-espana tag-vida-saludable tag-ii-open-internacional tag-yecla tag-karibian-descanso tag-deporte tag-salud tag-tenis tag-colchon '><div class=\"q_masonry_blog_post_image\"><a itemprop=\"url\" href=\"https:\/\/karibiandescanso.com\/pl\/ii-open-internacional\/\" target=\"_self\"><img decoding=\"async\" itemprop=\"image\" src=\"https:\/\/karibiandescanso.com\/wp-content\/uploads\/2024\/06\/TENIS.jpg\" \/><\/a><\/div><div class=\"q_masonry_blog_post_text\"><h5 itemprop=\"name\" class=\"q_masonry_blog_title entry_title\"><a itemprop=\"url\" href=\"https:\/\/karibiandescanso.com\/pl\/ii-open-internacional\/\">II OPEN INTERNACIONAL<\/a><\/h5><p itemprop=\"description\" class=\"q_masonry_blog_excerpt\">Karibian Descanso b\u0119dzie z\u0142otym sponsorem II Mi\u0119dzynarodowych Mistrzostw Tenisa Kobiet \u201eCiudad de Yecla\u201d. Organizowane przez Yecla Tennis Club, odby\u0142y si\u0119 w tym samym mie\u015bcie, w dniach 29 kwietnia \u2013 5 maja 2024 roku....<\/p><div class=\"q_masonry_blog_post_info\"><span itemprop=\"dateCreated\" class=\"time entry_date updated\">07 May, 2024<meta itemprop=\"interactionCount\" content=\"UserComments: <?php echo get_comments_number(qode_get_page_id()); ?>\"\/><\/span><\/div><\/div><\/article><article  class='post-14880 post type-post status-publish format-standard has-post-thumbnail hentry category-ferias category-noticias tag-karibian-descanso tag-fuorisalone tag-colchon tag-milan tag-mattress tag-milanodesignweek tag-europe tag-furniture tag-mueble-de-espana tag-spain-furniture tag-italy tag-isaloni tag-feria-mueble '><div class=\"q_masonry_blog_post_image\"><a itemprop=\"url\" href=\"https:\/\/karibiandescanso.com\/pl\/milan-design-week\/\" target=\"_self\"><img decoding=\"async\" itemprop=\"image\" src=\"https:\/\/karibiandescanso.com\/wp-content\/uploads\/2024\/06\/PORTADA-MILAN.jpg\" \/><\/a><\/div><div class=\"q_masonry_blog_post_text\"><h5 itemprop=\"name\" class=\"q_masonry_blog_title entry_title\"><a itemprop=\"url\" href=\"https:\/\/karibiandescanso.com\/pl\/milan-design-week\/\">MILAN DESIGN WEEK<\/a><\/h5><p itemprop=\"description\" class=\"q_masonry_blog_excerpt\">Karibian Descanso\u00a0pokazywa\u0142 swoje nowo\u015bci podczas Milan Design Week, kt\u00f3ry odby\u0142 si\u0119 w dniach 15\u201321 kwietnia 2024 r. Firma zaprezentowa\u0142a swoje modele na Salone del Mobile.Milano oraz na FuoriSalone....<\/p><div class=\"q_masonry_blog_post_info\"><span itemprop=\"dateCreated\" class=\"time entry_date updated\">25 April, 2024<meta itemprop=\"interactionCount\" content=\"UserComments: <?php echo get_comments_number(qode_get_page_id()); ?>\"\/><\/span><\/div><\/div><\/article><article  class='post-14850 post type-post status-publish format-standard has-post-thumbnail hentry category-ferias category-noticias tag-colchon tag-mattress tag-furniture tag-mueble-de-espana tag-zaragoza-es-mueble tag-spain-furniture tag-fmz tag-contract tag-feria-del-mueble-zaragoza tag-karibian-descanso '><div class=\"q_masonry_blog_post_image\"><a itemprop=\"url\" href=\"https:\/\/karibiandescanso.com\/pl\/9o-fmz\/\" target=\"_self\"><img decoding=\"async\" itemprop=\"image\" src=\"https:\/\/karibiandescanso.com\/wp-content\/uploads\/2024\/03\/ZG-PORTADA.jpg\" \/><\/a><\/div><div class=\"q_masonry_blog_post_text\"><h5 itemprop=\"name\" class=\"q_masonry_blog_title entry_title\"><a itemprop=\"url\" href=\"https:\/\/karibiandescanso.com\/pl\/9o-fmz\/\">9\u00ba FMZ<\/a><\/h5><p itemprop=\"description\" class=\"q_masonry_blog_excerpt\">W dniach 12-15 marca 2024 firma Karibian uczestniczy\u0142a w 9. Edycji Targ\u00f3w Meblowych w Saragossie. Spotkanie profesjonalist\u00f3w z bran\u017cy, podczas kt\u00f3rego firma Karibian zaprezentowa\u0142a swoje najnowsze nowo\u015bci z zakresu rekreacji....<\/p><div class=\"q_masonry_blog_post_info\"><span itemprop=\"dateCreated\" class=\"time entry_date updated\">18 March, 2024<meta itemprop=\"interactionCount\" content=\"UserComments: <?php echo get_comments_number(qode_get_page_id()); ?>\"\/><\/span><\/div><\/div><\/article><article  class='post-13908 post type-post status-publish format-standard has-post-thumbnail hentry category-noticias category-ferias tag-spain-interiors tag-feria-mueble tag-habitat tag-karibian-descanso tag-valencia tag-colchon tag-mattress tag-europe tag-furniture tag-mueble-de-espana tag-spain-furniture '><div class=\"q_masonry_blog_post_image\"><a itemprop=\"url\" href=\"https:\/\/karibiandescanso.com\/pl\/57-feria-habitat-valencia\/\" target=\"_self\"><img decoding=\"async\" itemprop=\"image\" src=\"https:\/\/karibiandescanso.com\/wp-content\/uploads\/2023\/09\/VALENCIA-PORTADA.jpg\" \/><\/a><\/div><div class=\"q_masonry_blog_post_text\"><h5 itemprop=\"name\" class=\"q_masonry_blog_title entry_title\"><a itemprop=\"url\" href=\"https:\/\/karibiandescanso.com\/pl\/57-feria-habitat-valencia\/\">57 H\u00c1BITAT VALENCIA FAIR<\/a><\/h5><p itemprop=\"description\" class=\"q_masonry_blog_excerpt\">Karibian Descanso wzi\u0105\u0142 udzia\u0142 w najnowszej edycji Targ\u00f3w Valencia Habitat, kt\u00f3ra odby\u0142a si\u0119 w dniach 19-22 wrze\u015bnia 2023. Kilka intensywnych dni zaj\u0119\u0107 na stoisku firmy...<\/p><div class=\"q_masonry_blog_post_info\"><span itemprop=\"dateCreated\" class=\"time entry_date updated\">26 September, 2023<meta itemprop=\"interactionCount\" content=\"UserComments: <?php echo get_comments_number(qode_get_page_id()); ?>\"\/><\/span><\/div><\/div><\/article><article  class='post-12089 post type-post status-publish format-standard has-post-thumbnail hentry category-noticias tag-equipo-humano tag-karibian-descanso tag-colchon tag-mattress tag-aniversario tag-mueble-de-espana tag-spain-furniture tag-spain-interiors tag-25-aniversario tag-fabricacion tag-celebracion '><div class=\"q_masonry_blog_post_image\"><a itemprop=\"url\" href=\"https:\/\/karibiandescanso.com\/pl\/cumplimos-25-anos\/\" target=\"_self\"><img decoding=\"async\" itemprop=\"image\" src=\"https:\/\/karibiandescanso.com\/wp-content\/uploads\/2023\/08\/KARIBIAN-25.jpg\" \/><\/a><\/div><div class=\"q_masonry_blog_post_text\"><h5 itemprop=\"name\" class=\"q_masonry_blog_title entry_title\"><a itemprop=\"url\" href=\"https:\/\/karibiandescanso.com\/pl\/cumplimos-25-anos\/\">SKO\u0143CZYLI\u015aMY 25 LAT<\/a><\/h5><p itemprop=\"description\" class=\"q_masonry_blog_excerpt\">Karibian \u015bwi\u0119tuje swoje 25-lecie. W tym szczeg\u00f3lnym roku, w kt\u00f3rym firma ko\u0144czy \u0107wier\u0107 wieku, chcemy podzi\u0119kowa\u0107 ka\u017cdej osobie, dzi\u0119ki kt\u00f3rej by\u0142o to mo\u017cliwe. B\u0119dziemy nadal dba\u0107 o Twoje dobre samopoczucie przez wiele lat....<\/p><div class=\"q_masonry_blog_post_info\"><span itemprop=\"dateCreated\" class=\"time entry_date updated\">03 August, 2023<meta itemprop=\"interactionCount\" content=\"UserComments: <?php echo get_comments_number(qode_get_page_id()); ?>\"\/><\/span><\/div><\/div><\/article><article  class='post-11575 post type-post status-publish format-standard has-post-thumbnail hentry category-ferias category-noticias tag-mattress tag-europe tag-furniture tag-mueble-de-espana tag-spain-furniture tag-spain-interiors tag-italy tag-isaloni tag-karibian-descanso tag-salone-mobile-milano tag-colchon tag-feria-mueble '><div class=\"q_masonry_blog_post_image\"><a itemprop=\"url\" href=\"https:\/\/karibiandescanso.com\/pl\/61-salone-del-mobile-milano\/\" target=\"_self\"><img decoding=\"async\" itemprop=\"image\" src=\"https:\/\/karibiandescanso.com\/wp-content\/uploads\/2023\/04\/ISALONI-PORTADA.jpg\" \/><\/a><\/div><div class=\"q_masonry_blog_post_text\"><h5 itemprop=\"name\" class=\"q_masonry_blog_title entry_title\"><a itemprop=\"url\" href=\"https:\/\/karibiandescanso.com\/pl\/61-salone-del-mobile-milano\/\">61 SALONE DEL MOBILE MILANO<\/a><\/h5><p itemprop=\"description\" class=\"q_masonry_blog_excerpt\">Karibian Descanso wzi\u0105\u0142 udzia\u0142 w 61. Salone del Mobile de Milano, kt\u00f3ry odby\u0142 si\u0119 w dniach 18-23 kwietnia w Mediolanie (W\u0142ochy). Wszystkim uczestnikom zaprezentowano najbardziej innowacyjne modele firmy....<\/p><div class=\"q_masonry_blog_post_info\"><span itemprop=\"dateCreated\" class=\"time entry_date updated\">25 April, 2023<meta itemprop=\"interactionCount\" content=\"UserComments: <?php echo get_comments_number(qode_get_page_id()); ?>\"\/><\/span><\/div><\/div><\/article><article  class='post-11137 post type-post status-publish format-standard has-post-thumbnail hentry category-noticias tag-mattress tag-mueble-de-espana tag-spain-interiors tag-relax tag-eco-nature tag-coco tag-fibras-de-coco tag-karibian-descanso tag-natural tag-materiales-naturales tag-colchon '><div class=\"q_masonry_blog_post_image\"><a itemprop=\"url\" href=\"https:\/\/karibiandescanso.com\/pl\/el-coco\/\" target=\"_self\"><img decoding=\"async\" itemprop=\"image\" src=\"https:\/\/karibiandescanso.com\/wp-content\/uploads\/2023\/02\/COCO.jpg\" \/><\/a><\/div><div class=\"q_masonry_blog_post_text\"><h5 itemprop=\"name\" class=\"q_masonry_blog_title entry_title\"><a itemprop=\"url\" href=\"https:\/\/karibiandescanso.com\/pl\/el-coco\/\">KOKOS<\/a><\/h5><p itemprop=\"description\" class=\"q_masonry_blog_excerpt\">Odkryj nowy naturalny materia\u0142, w\u0142\u00f3kna kokosowe. Kolekcja Eco Nature \u0142\u0105czy wygod\u0119 i technologi\u0119 z najlepszymi, naturalnymi materia\u0142ami. Zawsze staramy si\u0119 oferowa\u0107 najwy\u017csz\u0105 jako\u015b\u0107 w ka\u017cdym modelu podp\u00f3rek...<\/p><div class=\"q_masonry_blog_post_info\"><span itemprop=\"dateCreated\" class=\"time entry_date updated\">10 February, 2023<meta itemprop=\"interactionCount\" content=\"UserComments: <?php echo get_comments_number(qode_get_page_id()); ?>\"\/><\/span><\/div><\/div><\/article><article  class='post-10889 post type-post status-publish format-standard has-post-thumbnail hentry category-sin-categoria category-noticias tag-eco-nature tag-organic tag-cotton tag-karibian-descanso tag-silk tag-natural tag-latex tag-materiales-naturales tag-linen tag-colchon tag-mattress tag-fabricantes tag-habitat tag-251 '><div class=\"q_masonry_blog_post_image\"><a itemprop=\"url\" href=\"https:\/\/karibiandescanso.com\/pl\/coleccion-eco-nature\/\" target=\"_self\"><img decoding=\"async\" itemprop=\"image\" src=\"https:\/\/karibiandescanso.com\/wp-content\/uploads\/2022\/12\/ECO_PORTADA-copia.jpg\" \/><\/a><\/div><div class=\"q_masonry_blog_post_text\"><h5 itemprop=\"name\" class=\"q_masonry_blog_title entry_title\"><a itemprop=\"url\" href=\"https:\/\/karibiandescanso.com\/pl\/coleccion-eco-nature\/\">KOLEKCJA ECO-NATURE<\/a><\/h5><p itemprop=\"description\" class=\"q_masonry_blog_excerpt\">Kolekcja Karibian Eco-Nature przedstawia wyb\u00f3r modeli wypoczynkowych zaprojektowanych tak, aby przekracza\u0107 granice komfortu. Ostatni akcent owini\u0119ty najlepszymi zasobami naturalnymi....<\/p><div class=\"q_masonry_blog_post_info\"><span itemprop=\"dateCreated\" class=\"time entry_date updated\">20 December, 2022<meta itemprop=\"interactionCount\" content=\"UserComments: <?php echo get_comments_number(qode_get_page_id()); ?>\"\/><\/span><\/div><\/div><\/article><article  class='post-10612 post type-post status-publish format-standard has-post-thumbnail hentry category-ferias category-noticias tag-wdc2022 tag-europe tag-furniture tag-mueble-de-espana tag-spain-furniture tag-spain-interiors tag-feria-mueble tag-habitat tag-karibian-descanso tag-valencia tag-colchon tag-habitat2022 tag-mattress '><div class=\"q_masonry_blog_post_image\"><a itemprop=\"url\" href=\"https:\/\/karibiandescanso.com\/pl\/feria-habitat-valencia\/\" target=\"_self\"><img decoding=\"async\" itemprop=\"image\" src=\"https:\/\/karibiandescanso.com\/wp-content\/uploads\/2022\/09\/habitat-portada.jpg\" \/><\/a><\/div><div class=\"q_masonry_blog_post_text\"><h5 itemprop=\"name\" class=\"q_masonry_blog_title entry_title\"><a itemprop=\"url\" href=\"https:\/\/karibiandescanso.com\/pl\/feria-habitat-valencia\/\">56 TARGI HABITAT WALENCJA<\/a><\/h5><p itemprop=\"description\" class=\"q_masonry_blog_excerpt\">W dniach 20-23 wrze\u015bnia Karibian Descanso wystawia\u0142 swoje nowo\u015bci na 56. Edycji Targ\u00f3w Habitat w Walencji. Wiod\u0105ce wydarzenie Habitatu \u201eMade in Spain\u201d powr\u00f3ci\u0142o we wrze\u015bniu tego roku...<\/p><div class=\"q_masonry_blog_post_info\"><span itemprop=\"dateCreated\" class=\"time entry_date updated\">27 September, 2022<meta itemprop=\"interactionCount\" content=\"UserComments: <?php echo get_comments_number(qode_get_page_id()); ?>\"\/><\/span><\/div><\/div><\/article><article  class='post-10298 post type-post status-publish format-standard has-post-thumbnail hentry category-ferias category-noticias tag-spain-furniture tag-spain-interiors tag-italy tag-isaloni tag-karibian-descanso tag-salone-mobile-milano tag-colchon tag-feria-mueble tag-mattress tag-europe tag-furniture tag-mueble-de-espana '><div class=\"q_masonry_blog_post_image\"><a itemprop=\"url\" href=\"https:\/\/karibiandescanso.com\/pl\/60-salone-del-mobile-milano\/\" target=\"_self\"><img decoding=\"async\" itemprop=\"image\" src=\"https:\/\/karibiandescanso.com\/wp-content\/uploads\/2022\/06\/ISALONI-KARIBIAN-1.jpg\" \/><\/a><\/div><div class=\"q_masonry_blog_post_text\"><h5 itemprop=\"name\" class=\"q_masonry_blog_title entry_title\"><a itemprop=\"url\" href=\"https:\/\/karibiandescanso.com\/pl\/60-salone-del-mobile-milano\/\">60 EDYCJA SALONE DEL MOBILE MILAN<\/a><\/h5><p itemprop=\"description\" class=\"q_masonry_blog_excerpt\">W zesz\u0142ym tygodniu Karibian Descanso wzi\u0119\u0142a udzia\u0142 w 60. Salone del Mobile de Milano, kt\u00f3re odby\u0142o si\u0119 w dniach 7-12 czerwca w Mediolanie (W\u0142ochy). Po dwuletniej przerwie Mi\u0119dzynarodowy Konkurs zosta\u0142 ponownie otwarty....<\/p><div class=\"q_masonry_blog_post_info\"><span itemprop=\"dateCreated\" class=\"time entry_date updated\">13 June, 2022<meta itemprop=\"interactionCount\" content=\"UserComments: <?php echo get_comments_number(qode_get_page_id()); ?>\"\/><\/span><\/div><\/div><\/article><article  class='post-10202 post type-post status-publish format-standard has-post-thumbnail hentry category-noticias tag-materiales tag-oeko-tex tag-karibian-descanso tag-textiles tag-salud tag-standard-100 tag-certificado tag-colchon tag-mattress tag-mueble-de-espana tag-spain-interiors tag-fabricantes tag-diseno '><div class=\"q_masonry_blog_post_image\"><a itemprop=\"url\" href=\"https:\/\/karibiandescanso.com\/pl\/renovacion-oeko-tex\/\" target=\"_self\"><img decoding=\"async\" itemprop=\"image\" src=\"https:\/\/karibiandescanso.com\/wp-content\/uploads\/2022\/04\/OEKO-TEX-PORTADA.jpg\" \/><\/a><\/div><div class=\"q_masonry_blog_post_text\"><h5 itemprop=\"name\" class=\"q_masonry_blog_title entry_title\"><a itemprop=\"url\" href=\"https:\/\/karibiandescanso.com\/pl\/renovacion-oeko-tex\/\">ODNOWIENIE OEKOTEX<\/a><\/h5><p itemprop=\"description\" class=\"q_masonry_blog_excerpt\">Karibian Descanso odnawia Certyfikat OEKO-TEX\u00ae 2017OK1452 AITEX na kolejny rok. Certyfikat Oeko-Tex Standard 100 to wiod\u0105ce na \u015bwiecie oznakowanie ekologiczne potwierdzaj\u0105ce, \u017ce artyku\u0142y tekstylne s\u0105......<\/p><div class=\"q_masonry_blog_post_info\"><span itemprop=\"dateCreated\" class=\"time entry_date updated\">29 April, 2022<meta itemprop=\"interactionCount\" content=\"UserComments: <?php echo get_comments_number(qode_get_page_id()); ?>\"\/><\/span><\/div><\/div><\/article><article  class='post-10108 post type-post status-publish format-standard has-post-thumbnail hentry category-ferias category-noticias tag-colchon tag-mattress tag-furniture tag-mueble-de-espana tag-feria-mueble-zaragoza tag-zaragoza-es-mueble tag-spain-furniture tag-spain-interiors tag-fmz tag-karibian-descanso tag-fmz2022 '><div class=\"q_masonry_blog_post_image\"><a itemprop=\"url\" href=\"https:\/\/karibiandescanso.com\/pl\/8-feria-mueble-zaragoza\/\" target=\"_self\"><img decoding=\"async\" itemprop=\"image\" src=\"https:\/\/karibiandescanso.com\/wp-content\/uploads\/2022\/04\/FERIA-ZARAGOZA.jpg\" \/><\/a><\/div><div class=\"q_masonry_blog_post_text\"><h5 itemprop=\"name\" class=\"q_masonry_blog_title entry_title\"><a itemprop=\"url\" href=\"https:\/\/karibiandescanso.com\/pl\/8-feria-mueble-zaragoza\/\">8. TARGI MEBLOWE SARAGOSSA<\/a><\/h5><p itemprop=\"description\" class=\"q_masonry_blog_excerpt\">Karibian zaprezentowa\u0142 swoje najnowsze innowacje w modelach wypoczynkowych na 8. Targach Mebli w Saragossie 2022. Wydarzenie odby\u0142o si\u0119 w dniach 22-25 marca i mia\u0142o charakter profesjonalny....<\/p><div class=\"q_masonry_blog_post_info\"><span itemprop=\"dateCreated\" class=\"time entry_date updated\">30 March, 2022<meta itemprop=\"interactionCount\" content=\"UserComments: <?php echo get_comments_number(qode_get_page_id()); ?>\"\/><\/span><\/div><\/div><\/article><article  class='post-9614 post type-post status-publish format-standard has-post-thumbnail hentry category-ferias category-noticias tag-mueble-de-espana tag-spain-furniture tag-spain-interiors tag-feria-mueble-yecla tag-fmy2021 tag-reconecta tag-karibian-descanso tag-colchon tag-mattress tag-furniture '><div class=\"q_masonry_blog_post_image\"><a itemprop=\"url\" href=\"https:\/\/karibiandescanso.com\/pl\/fmy2021\/\" target=\"_self\"><img decoding=\"async\" itemprop=\"image\" src=\"https:\/\/karibiandescanso.com\/wp-content\/uploads\/2021\/10\/FMY-KARIBIAN.jpg\" \/><\/a><\/div><div class=\"q_masonry_blog_post_text\"><h5 itemprop=\"name\" class=\"q_masonry_blog_title entry_title\"><a itemprop=\"url\" href=\"https:\/\/karibiandescanso.com\/pl\/fmy2021\/\">59 EDYCJA FMY2021<\/a><\/h5><p itemprop=\"description\" class=\"q_masonry_blog_excerpt\">Karibian Descanso wzi\u0105\u0142 udzia\u0142 w 59. Targach Mebli Yecla 2021. Ta edycja obchodzi\u0142a 60. rocznic\u0119 wydarzenia i odby\u0142a si\u0119 w dniach 20-23 pa\u017adziernika. Karibian zaprezentowa\u0142 najnowsze nowo\u015bci w pozosta\u0142ych modelach....<\/p><div class=\"q_masonry_blog_post_info\"><span itemprop=\"dateCreated\" class=\"time entry_date updated\">26 October, 2021<meta itemprop=\"interactionCount\" content=\"UserComments: <?php echo get_comments_number(qode_get_page_id()); ?>\"\/><\/span><\/div><\/div><\/article><article  class='post-9629 post type-post status-publish format-standard has-post-thumbnail hentry category-noticias tag-colchon tag-mattress tag-mueble-de-espana tag-spain-interiors tag-export tag-video-corporativo tag-fabricantes tag-diseno tag-materiales tag-karibian-descanso tag-feria '><div class=\"q_masonry_blog_post_image\"><a itemprop=\"url\" href=\"https:\/\/karibiandescanso.com\/pl\/nuevo-video-corporativo\/\" target=\"_self\"><img decoding=\"async\" itemprop=\"image\" src=\"https:\/\/karibiandescanso.com\/wp-content\/uploads\/2021\/10\/FACTORY.jpg\" \/><\/a><\/div><div class=\"q_masonry_blog_post_text\"><h5 itemprop=\"name\" class=\"q_masonry_blog_title entry_title\"><a itemprop=\"url\" href=\"https:\/\/karibiandescanso.com\/pl\/nuevo-video-corporativo\/\">NOWY KORPORACYJNY FILM<\/a><\/h5><p itemprop=\"description\" class=\"q_masonry_blog_excerpt\">Przedstawiamy nowy Film Korporacyjny. Ma\u0142a pr\u00f3bka ca\u0142ego procesu produkcyjnego realizowanego dzie\u0144 po dniu przez ponad 130 profesjonalist\u00f3w tworz\u0105cych mark\u0119 Karibian Descanso....<\/p><div class=\"q_masonry_blog_post_info\"><span itemprop=\"dateCreated\" class=\"time entry_date updated\">08 October, 2021<meta itemprop=\"interactionCount\" content=\"UserComments: <?php echo get_comments_number(qode_get_page_id()); ?>\"\/><\/span><\/div><\/div><\/article><article  class='post-9415 post type-post status-publish format-standard has-post-thumbnail hentry category-sin-categoria category-noticias category-descanso tag-wellbeing tag-made-in-spain tag-estilos-de-vida tag-dormirenverano tag-karibian-descanso tag-summertime tag-descanso tag-karibian tag-cooler tag-colchon tag-calor tag-verano '><div class=\"q_masonry_blog_post_image\"><a itemprop=\"url\" href=\"https:\/\/karibiandescanso.com\/pl\/descansa-bien-en-vacaciones\/\" target=\"_self\"><img decoding=\"async\" itemprop=\"image\" src=\"https:\/\/karibiandescanso.com\/wp-content\/uploads\/2021\/08\/POST.jpg\" \/><\/a><\/div><div class=\"q_masonry_blog_post_text\"><h5 itemprop=\"name\" class=\"q_masonry_blog_title entry_title\"><a itemprop=\"url\" href=\"https:\/\/karibiandescanso.com\/pl\/descansa-bien-en-vacaciones\/\">DBAJ O SW\u00d3J WYPOCZYNEK PODCZAS WAKACJI<\/a><\/h5><p itemprop=\"description\" class=\"q_masonry_blog_excerpt\">Szczeg\u00f3\u0142owo opisujemy, jak odpocz\u0105\u0107 na wakacjach, niezb\u0119dne wytyczne, aby\u015b m\u00f3g\u0142 cieszy\u0107 si\u0119 najbardziej wyczekiwanymi dniami. Trzeba przeznaczy\u0107 czas na odpoczynek, aby z na\u0142adowanymi akumulatorami wr\u00f3ci\u0107 do codziennych obowi\u0105zk\u00f3w....<\/p><div class=\"q_masonry_blog_post_info\"><span itemprop=\"dateCreated\" class=\"time entry_date updated\">11 August, 2021<meta itemprop=\"interactionCount\" content=\"UserComments: <?php echo get_comments_number(qode_get_page_id()); ?>\"\/><\/span><\/div><\/div><\/article><article  class='post-9180 post type-post status-publish format-standard has-post-thumbnail hentry category-noticias tag-tejido-frio tag-confort tag-dormir-sin-calor tag-karibiandescanso tag-innovation tag-cooler tag-repos tag-sommeil tag-tissus tag-naturel tag-verano tag-technology '><div class=\"q_masonry_blog_post_image\"><a itemprop=\"url\" href=\"https:\/\/karibiandescanso.com\/pl\/el-verano-es-nuestro\/\" target=\"_self\"><img decoding=\"async\" itemprop=\"image\" src=\"https:\/\/karibiandescanso.com\/wp-content\/uploads\/2021\/07\/COOLER-POST-1-1.jpg\" \/><\/a><\/div><div class=\"q_masonry_blog_post_text\"><h5 itemprop=\"name\" class=\"q_masonry_blog_title entry_title\"><a itemprop=\"url\" href=\"https:\/\/karibiandescanso.com\/pl\/el-verano-es-nuestro\/\">LATO JEST NASZE<\/a><\/h5><p itemprop=\"description\" class=\"q_masonry_blog_excerpt\">Karibian Descanso zaprasza do zapoznania si\u0119 z technologi\u0105 Cooler. Odkryj nowe doznania, kt\u00f3re zapewni\u0105 Ci komfort i \u015bwie\u017co\u015b\u0107 podczas zimowych nocy. \u015apij spokojnie w ch\u0142odnym \u0142\u00f3\u017cku....<\/p><div class=\"q_masonry_blog_post_info\"><span itemprop=\"dateCreated\" class=\"time entry_date updated\">01 July, 2021<meta itemprop=\"interactionCount\" content=\"UserComments: <?php echo get_comments_number(qode_get_page_id()); ?>\"\/><\/span><\/div><\/div><\/article><article  class='post-5299 post type-post status-publish format-standard has-post-thumbnail hentry category-descanso category-sin-categoria category-noticias tag-descanso tag-colchon tag-dormir tag-sleep tag-madeinspain tag-ninos tag-juvenil tag-firmeza tag-infantil tag-karibian-descanso tag-colchonjuvenil '><div class=\"q_masonry_blog_post_image\"><a itemprop=\"url\" href=\"https:\/\/karibiandescanso.com\/pl\/descanso-ninos\/\" target=\"_self\"><img decoding=\"async\" itemprop=\"image\" src=\"https:\/\/karibiandescanso.com\/wp-content\/uploads\/2021\/04\/BLOG-KIDS.jpg\" \/><\/a><\/div><div class=\"q_masonry_blog_post_text\"><h5 itemprop=\"name\" class=\"q_masonry_blog_title entry_title\"><a itemprop=\"url\" href=\"https:\/\/karibiandescanso.com\/pl\/descanso-ninos\/\">ODPOCZYNEK I DZIECI<\/a><\/h5><p itemprop=\"description\" class=\"q_masonry_blog_excerpt\">Godziny odpoczynku u dzieci i m\u0142odzie\u017cy s\u0105 czynnikiem decyduj\u0105cym o ich rozwoju. W Karibian mamy r\u00f3\u017cne opcje komfortu, aby zapewni\u0107 odpowiedni wypoczynek....<\/p><div class=\"q_masonry_blog_post_info\"><span itemprop=\"dateCreated\" class=\"time entry_date updated\">12 April, 2021<meta itemprop=\"interactionCount\" content=\"UserComments: <?php echo get_comments_number(qode_get_page_id()); ?>\"\/><\/span><\/div><\/div><\/article><article  class='post-8414 post type-post status-publish format-standard has-post-thumbnail hentry category-noticias tag-karibian-descanso tag-tejidos tag-materiales-naturales tag-colchon tag-mattress tag-mueble-de-espana tag-spain-interiors tag-relax tag-modal tag-fibra-modal '><div class=\"q_masonry_blog_post_image\"><a itemprop=\"url\" href=\"https:\/\/karibiandescanso.com\/pl\/colchon-modal-v4\/\" target=\"_self\"><img decoding=\"async\" itemprop=\"image\" src=\"https:\/\/karibiandescanso.com\/wp-content\/uploads\/2020\/12\/POST-MODAL.jpg\" \/><\/a><\/div><div class=\"q_masonry_blog_post_text\"><h5 itemprop=\"name\" class=\"q_masonry_blog_title entry_title\"><a itemprop=\"url\" href=\"https:\/\/karibiandescanso.com\/pl\/colchon-modal-v4\/\">MODDEL MODAL V4<\/a><\/h5><p itemprop=\"description\" class=\"q_masonry_blog_excerpt\">Przedstawiamy materac Modal V4 z Serii Silver. Model wypoczynkowy wykonany z naturalnej tkaniny modalowej i doskona\u0142ej jako\u015bci materia\u0142\u00f3w i wyko\u0144cze\u0144. Odkryj niesamowite cechy tego materaca...<\/p><div class=\"q_masonry_blog_post_info\"><span itemprop=\"dateCreated\" class=\"time entry_date updated\">28 December, 2020<meta itemprop=\"interactionCount\" content=\"UserComments: <?php echo get_comments_number(qode_get_page_id()); ?>\"\/><\/span><\/div><\/div><\/article><article  class='post-8240 post type-post status-publish format-standard has-post-thumbnail hentry category-noticias tag-colchon tag-mattress tag-tecnologia tag-mueble-de-espana tag-premio tag-larazon tag-innovacion tag-periodico tag-reconocimiento tag-karibian-descanso tag-crecimiento tag-calidad '><div class=\"q_masonry_blog_post_image\"><a itemprop=\"url\" href=\"https:\/\/karibiandescanso.com\/pl\/premio-tecnologia-e-innovacion\/\" target=\"_self\"><img decoding=\"async\" itemprop=\"image\" src=\"https:\/\/karibiandescanso.com\/wp-content\/uploads\/2020\/11\/PORTADA-1.jpg\" \/><\/a><\/div><div class=\"q_masonry_blog_post_text\"><h5 itemprop=\"name\" class=\"q_masonry_blog_title entry_title\"><a itemprop=\"url\" href=\"https:\/\/karibiandescanso.com\/pl\/premio-tecnologia-e-innovacion\/\">NAGRODA TECHNOLOGII I INNOWACJI<\/a><\/h5><p itemprop=\"description\" class=\"q_masonry_blog_excerpt\">Karibian Descanso zosta\u0142 uhonorowany nagrod\u0105 \u201eInnowacja w odpoczynku\u201d przyznan\u0105 przez gazet\u0119 La Raz\u00f3n w IV edycji konkursu Technology and Innovation Awards. Do zdarzenia dosz\u0142o 27 pa\u017adziernika w Madrycie....<\/p><div class=\"q_masonry_blog_post_info\"><span itemprop=\"dateCreated\" class=\"time entry_date updated\">11 November, 2020<meta itemprop=\"interactionCount\" content=\"UserComments: <?php echo get_comments_number(qode_get_page_id()); ?>\"\/><\/span><\/div><\/div><\/article><article  class='post-8137 post type-post status-publish format-standard has-post-thumbnail hentry category-noticias tag-mattress tag-mueble-de-espana tag-spain-interiors tag-relax tag-latex-natural tag-latexco tag-coocum-nature tag-karibian-descanso tag-materiales-naturales tag-colchon '><div class=\"q_masonry_blog_post_image\"><a itemprop=\"url\" href=\"https:\/\/karibiandescanso.com\/pl\/latex-natural\/\" target=\"_self\"><img decoding=\"async\" itemprop=\"image\" src=\"https:\/\/karibiandescanso.com\/wp-content\/uploads\/2020\/10\/POST-LATEX.jpg\" \/><\/a><\/div><div class=\"q_masonry_blog_post_text\"><h5 itemprop=\"name\" class=\"q_masonry_blog_title entry_title\"><a itemprop=\"url\" href=\"https:\/\/karibiandescanso.com\/pl\/latex-natural\/\">NATURALNY LATEKS<\/a><\/h5><p itemprop=\"description\" class=\"q_masonry_blog_excerpt\">Najlepsze na doskona\u0142y wypoczynek. Odkryj zalety naturalnego lateksu, materia\u0142u, kt\u00f3ry zapewni naszemu wypoczynkowi elastyczno\u015b\u0107, j\u0119drno\u015b\u0107 i mi\u0119kko\u015b\u0107. Ponadto pomo\u017ce cia\u0142u dostosowa\u0107 si\u0119 do materaca podczas poszczeg\u00f3lnych faz...<\/p><div class=\"q_masonry_blog_post_info\"><span itemprop=\"dateCreated\" class=\"time entry_date updated\">22 October, 2020<meta itemprop=\"interactionCount\" content=\"UserComments: <?php echo get_comments_number(qode_get_page_id()); ?>\"\/><\/span><\/div><\/div><\/article><article  class='post-7987 post type-post status-publish format-standard has-post-thumbnail hentry category-ferias category-noticias tag-imm-cologne tag-mueble-de-espana tag-spain-interiors tag-magazine tag-export tag-karibian-descanso tag-rusia tag-feria tag-colchon tag-mattress tag-furniture '><div class=\"q_masonry_blog_post_image\"><a itemprop=\"url\" href=\"https:\/\/karibiandescanso.com\/pl\/karibian-en-interior-magazine\/\" target=\"_self\"><img decoding=\"async\" itemprop=\"image\" src=\"https:\/\/karibiandescanso.com\/wp-content\/uploads\/2020\/09\/Miniatura-9.png\" \/><\/a><\/div><div class=\"q_masonry_blog_post_text\"><h5 itemprop=\"name\" class=\"q_masonry_blog_title entry_title\"><a itemprop=\"url\" href=\"https:\/\/karibiandescanso.com\/pl\/karibian-en-interior-magazine\/\">KARIBIAN W ,,INTERIOR MAGAZINE\u201d<\/a><\/h5><p itemprop=\"description\" class=\"q_masonry_blog_excerpt\">W rosyjskim Magazynie \u201eInterior\u201d ukaza\u0142 si\u0119 ciekawy artyku\u0142, w kt\u00f3rym zawarto najnowsze trendy zaprezentowane przez Karibiana Descanso w ostatniej edycji IMM Cologne, kt\u00f3ra odby\u0142a si\u0119 w styczniu 2020 roku....<\/p><div class=\"q_masonry_blog_post_info\"><span itemprop=\"dateCreated\" class=\"time entry_date updated\">29 September, 2020<meta itemprop=\"interactionCount\" content=\"UserComments: <?php echo get_comments_number(qode_get_page_id()); ?>\"\/><\/span><\/div><\/div><\/article><article  class='post-7750 post type-post status-publish format-standard has-post-thumbnail hentry category-sin-categoria category-noticias category-descanso tag-made-in-spain tag-estilos-de-vida tag-dormirenverano tag-karibian-descanso tag-summertime tag-descanso tag-karibian tag-cooler tag-colchon tag-calor tag-verano tag-wellbeing '><div class=\"q_masonry_blog_post_image\"><a itemprop=\"url\" href=\"https:\/\/karibiandescanso.com\/pl\/momento-de-desconectar\/\" target=\"_self\"><img decoding=\"async\" itemprop=\"image\" src=\"https:\/\/karibiandescanso.com\/wp-content\/uploads\/2020\/08\/POST.jpg\" \/><\/a><\/div><div class=\"q_masonry_blog_post_text\"><h5 itemprop=\"name\" class=\"q_masonry_blog_title entry_title\"><a itemprop=\"url\" href=\"https:\/\/karibiandescanso.com\/pl\/momento-de-desconectar\/\">CZAS NA ODPR\u0118\u017bENIE<\/a><\/h5><p itemprop=\"description\" class=\"q_masonry_blog_excerpt\">Letnie wakacje, najbardziej wyczekiwane dni na odpoczynek i zabaw\u0119. Czas \u017cy\u0107 ka\u017cd\u0105 chwil\u0105. Jedziemy na wakacje, \u017ceby na\u0142adowa\u0107 si\u0142y i wr\u00f3ci\u0107 z wi\u0119kszym zapa\u0142em ni\u017c kiedykolwiek....<\/p><div class=\"q_masonry_blog_post_info\"><span itemprop=\"dateCreated\" class=\"time entry_date updated\">06 August, 2020<meta itemprop=\"interactionCount\" content=\"UserComments: <?php echo get_comments_number(qode_get_page_id()); ?>\"\/><\/span><\/div><\/div><\/article><article  class='post-7438 post type-post status-publish format-standard has-post-thumbnail hentry category-sin-categoria category-noticias tag-salud tag-descanso tag-colchon tag-dormir tag-mattress tag-sleep tag-dormir-en-pareja tag-wellbeing tag-posturas-para-dormir tag-made-in-spain tag-karibian-descanso tag-estilos-de-vida '><div class=\"q_masonry_blog_post_image\"><a itemprop=\"url\" href=\"https:\/\/karibiandescanso.com\/pl\/dormir-en-pareja\/\" target=\"_self\"><img decoding=\"async\" itemprop=\"image\" src=\"https:\/\/karibiandescanso.com\/wp-content\/uploads\/2020\/07\/DORMIR-EN-PAREJA.png\" \/><\/a><\/div><div class=\"q_masonry_blog_post_text\"><h5 itemprop=\"name\" class=\"q_masonry_blog_title entry_title\"><a itemprop=\"url\" href=\"https:\/\/karibiandescanso.com\/pl\/dormir-en-pareja\/\">SPANIE WE DWOJE<\/a><\/h5><p itemprop=\"description\" class=\"q_masonry_blog_excerpt\">W Karibian Descanso lepiej wyja\u015bniamy, jakie aspekty musisz wzi\u0105\u0107 pod uwag\u0119, aby w pe\u0142ni cieszy\u0107 si\u0119 nocami odpoczynku w towarzystwie partnera. Sen ma wiele zalet zdrowotnych....<\/p><div class=\"q_masonry_blog_post_info\"><span itemprop=\"dateCreated\" class=\"time entry_date updated\">14 July, 2020<meta itemprop=\"interactionCount\" content=\"UserComments: <?php echo get_comments_number(qode_get_page_id()); ?>\"\/><\/span><\/div><\/div><\/article><article  class='post-6981 post type-post status-publish format-standard has-post-thumbnail hentry category-noticias tag-cooler tag-colchon tag-mattress tag-calor tag-mueble-de-espana tag-spain-interiors tag-relax tag-verano tag-karibian-descanso '><div class=\"q_masonry_blog_post_image\"><a itemprop=\"url\" href=\"https:\/\/karibiandescanso.com\/pl\/que-el-calor-no-te-quite-el-sueno\/\" target=\"_self\"><img decoding=\"async\" itemprop=\"image\" src=\"https:\/\/karibiandescanso.com\/wp-content\/uploads\/2020\/05\/MINIATURA.jpg\" \/><\/a><\/div><div class=\"q_masonry_blog_post_text\"><h5 itemprop=\"name\" class=\"q_masonry_blog_title entry_title\"><a itemprop=\"url\" href=\"https:\/\/karibiandescanso.com\/pl\/que-el-calor-no-te-quite-el-sueno\/\">NIECH CIEP\u0141O NIE ODBIERZE CI SNU<\/a><\/h5><p itemprop=\"description\" class=\"q_masonry_blog_excerpt\">Znajd\u017a idealn\u0105 r\u00f3wnowag\u0119, dzi\u0119ki Cooler Technology, ch\u0142odnej tkaninie, kt\u00f3ra poprawi doznania podczas codziennego wypoczynku. Dzi\u0119ki du\u017cej zdolno\u015bci utrzymywania ch\u0142odu podk\u0142adu zapewni \u015bwie\u017co\u015b\u0107...<\/p><div class=\"q_masonry_blog_post_info\"><span itemprop=\"dateCreated\" class=\"time entry_date updated\">13 May, 2020<meta itemprop=\"interactionCount\" content=\"UserComments: <?php echo get_comments_number(qode_get_page_id()); ?>\"\/><\/span><\/div><\/div><\/article><article  class='post-6828 post type-post status-publish format-standard has-post-thumbnail hentry category-noticias tag-colchon tag-mattress tag-mueble-de-espana tag-spain-interiors tag-lectura tag-relax tag-dia-del-libro tag-reading tag-karibian-descanso '><div class=\"q_masonry_blog_post_image\"><a itemprop=\"url\" href=\"https:\/\/karibiandescanso.com\/pl\/lectura-en-la-cama\/\" target=\"_self\"><img decoding=\"async\" itemprop=\"image\" src=\"https:\/\/karibiandescanso.com\/wp-content\/uploads\/2020\/04\/PORTADA-3.png\" \/><\/a><\/div><div class=\"q_masonry_blog_post_text\"><h5 itemprop=\"name\" class=\"q_masonry_blog_title entry_title\"><a itemprop=\"url\" href=\"https:\/\/karibiandescanso.com\/pl\/lectura-en-la-cama\/\">CZYTANIE PRZED ZA\u015aNI\u0118CIEM<\/a><\/h5><p itemprop=\"description\" class=\"q_masonry_blog_excerpt\">Wejd\u017a do \u015bwiata czytania. Czytanie przed snem pomo\u017ce Ci zasn\u0105\u0107 i pozytywnie wp\u0142ynie na Twoje samopoczucie. Tw\u00f3j odpoczynek jest niezb\u0119dny, a dobry wypoczynek pomaga nam zregenerowa\u0107 si\u0142y....<\/p><div class=\"q_masonry_blog_post_info\"><span itemprop=\"dateCreated\" class=\"time entry_date updated\">23 April, 2020<meta itemprop=\"interactionCount\" content=\"UserComments: <?php echo get_comments_number(qode_get_page_id()); ?>\"\/><\/span><\/div><\/div><\/article><article  class='post-6375 post type-post status-publish format-standard has-post-thumbnail hentry category-noticias tag-colchon tag-mattress tag-furniture tag-mueble-de-espana tag-spain-furniture tag-spain-interiors tag-kiff2020 tag-kiev-international-furniture-forum-exhibition tag-ukraine tag-karibian-descanso '><div class=\"q_masonry_blog_post_image\"><a itemprop=\"url\" href=\"https:\/\/karibiandescanso.com\/pl\/kiff-2020-kiev-international-furniture-forum-exhibition\/\" target=\"_self\"><img decoding=\"async\" itemprop=\"image\" src=\"https:\/\/karibiandescanso.com\/wp-content\/uploads\/2020\/02\/miniatura_03.png\" \/><\/a><\/div><div class=\"q_masonry_blog_post_text\"><h5 itemprop=\"name\" class=\"q_masonry_blog_title entry_title\"><a itemprop=\"url\" href=\"https:\/\/karibiandescanso.com\/pl\/kiff-2020-kiev-international-furniture-forum-exhibition\/\">KIFF 2020 KIJ\u00d3W INTERNATIONAL<\/a><\/h5><p itemprop=\"description\" class=\"q_masonry_blog_excerpt\">Karibian Descanso we\u017amie udzia\u0142 w Kijowskim Mi\u0119dzynarodowym Forum i Wystawie Mebli 2020 (KIFF 2020), kt\u00f3re odb\u0119dzie si\u0119 w dniach 26\u201329 lutego w Kijowie (Ukraina). Znajd\u017a nas na STOISKU 1A 441 \u2013 P 1....<\/p><div class=\"q_masonry_blog_post_info\"><span itemprop=\"dateCreated\" class=\"time entry_date updated\">25 February, 2020<meta itemprop=\"interactionCount\" content=\"UserComments: <?php echo get_comments_number(qode_get_page_id()); ?>\"\/><\/span><\/div><\/div><\/article><article  class='post-6112 post type-post status-publish format-standard has-post-thumbnail hentry category-noticias tag-karibian-descanso tag-colchon tag-mattress tag-furniture tag-feria-mueble-zaragoza tag-fmz2020 tag-zaragoza-es-mueble tag-spain-furniture tag-spain-interiors '><div class=\"q_masonry_blog_post_image\"><a itemprop=\"url\" href=\"https:\/\/karibiandescanso.com\/pl\/7a-edicion-fmz\/\" target=\"_self\"><img decoding=\"async\" itemprop=\"image\" src=\"https:\/\/karibiandescanso.com\/wp-content\/uploads\/2020\/01\/karibian-portada.jpg\" \/><\/a><\/div><div class=\"q_masonry_blog_post_text\"><h5 itemprop=\"name\" class=\"q_masonry_blog_title entry_title\"><a itemprop=\"url\" href=\"https:\/\/karibiandescanso.com\/pl\/7a-edicion-fmz\/\">7. TARGI MEBLOWE SARAGOSSA<\/a><\/h5><p itemprop=\"description\" class=\"q_masonry_blog_excerpt\">W dniach 21-24 stycznia odby\u0142a si\u0119 VII edycja Targ\u00f3w Meblowych w Saragossie. Karibian Descanso wzi\u0105\u0142 udzia\u0142 w tym wydarzeniu, w kt\u00f3rym wzi\u0119\u0142o udzia\u0142 ponad 500 podpis\u00f3w i kt\u00f3re odwiedzi\u0142o prawie 46 000 os\u00f3b....<\/p><div class=\"q_masonry_blog_post_info\"><span itemprop=\"dateCreated\" class=\"time entry_date updated\">28 January, 2020<meta itemprop=\"interactionCount\" content=\"UserComments: <?php echo get_comments_number(qode_get_page_id()); ?>\"\/><\/span><\/div><\/div><\/article><article  class='post-5793 post type-post status-publish format-standard has-post-thumbnail hentry category-noticias tag-karibian-descanso tag-feria tag-mattress tag-furniture tag-imm-cologne tag-germany tag-cologne tag-mueble-de-espana '><div class=\"q_masonry_blog_post_image\"><a itemprop=\"url\" href=\"https:\/\/karibiandescanso.com\/pl\/participacion-en-imm-cologne-2020\/\" target=\"_self\"><img decoding=\"async\" itemprop=\"image\" src=\"https:\/\/karibiandescanso.com\/wp-content\/uploads\/2019\/12\/COLOGNE-POST-2.png\" \/><\/a><\/div><div class=\"q_masonry_blog_post_text\"><h5 itemprop=\"name\" class=\"q_masonry_blog_title entry_title\"><a itemprop=\"url\" href=\"https:\/\/karibiandescanso.com\/pl\/participacion-en-imm-cologne-2020\/\">KARIBIAN NA IMM KOLONIA 2020<\/a><\/h5><p itemprop=\"description\" class=\"q_masonry_blog_excerpt\">Karibian Descanso b\u0119dzie obecny na Targach IMM Cologne 2020, kt\u00f3re odb\u0119d\u0105 si\u0119 w dniach 13-19 stycznia w Kolonii (Niemcy). Znajd\u017a nas na stoisku C012\/hala 09.1 w sekcji Home Sleep, gdzie prezentujemy...<\/p><div class=\"q_masonry_blog_post_info\"><span itemprop=\"dateCreated\" class=\"time entry_date updated\">02 January, 2020<meta itemprop=\"interactionCount\" content=\"UserComments: <?php echo get_comments_number(qode_get_page_id()); ?>\"\/><\/span><\/div><\/div><\/article><article  class='post-5211 post type-post status-publish format-standard has-post-thumbnail hentry category-noticias category-sin-categoria tag-karibian-descanso tag-descanso tag-colchon tag-luxury tag-pocket-spring tag-halloween tag-pesadillas '><div class=\"q_masonry_blog_post_image\"><a itemprop=\"url\" href=\"https:\/\/karibiandescanso.com\/pl\/tiempo-de-pesadillas\/\" target=\"_self\"><img decoding=\"async\" itemprop=\"image\" src=\"https:\/\/karibiandescanso.com\/wp-content\/uploads\/2019\/09\/PORTADA-BLOG.png\" \/><\/a><\/div><div class=\"q_masonry_blog_post_text\"><h5 itemprop=\"name\" class=\"q_masonry_blog_title entry_title\"><a itemprop=\"url\" href=\"https:\/\/karibiandescanso.com\/pl\/tiempo-de-pesadillas\/\">CZAS NA KOSZMARY<\/a><\/h5><p itemprop=\"description\" class=\"q_masonry_blog_excerpt\">Nie jest tajemnic\u0105, \u017ce koszmary senne s\u0105 cz\u0119stym zjawiskiem u dzieci, ale czasami mog\u0105 wyst\u0105pi\u0107 r\u00f3wnie\u017c u doros\u0142ych. Wykorzystuj\u0105c noc Halloween i jej bezpo\u015bredni zwi\u0105zek z koszmarami......<\/p><div class=\"q_masonry_blog_post_info\"><span itemprop=\"dateCreated\" class=\"time entry_date updated\">31 October, 2019<meta itemprop=\"interactionCount\" content=\"UserComments: <?php echo get_comments_number(qode_get_page_id()); ?>\"\/><\/span><\/div><\/div><\/article><article  class='post-4807 post type-post status-publish format-standard has-post-thumbnail hentry category-sin-categoria category-noticias tag-natural tag-dormir tag-suenos tag-mattress tag-sleep tag-tecnologia tag-calor tag-frio tag-karibian-descanso tag-tejido tag-innovation tag-cooler '><div class=\"q_masonry_blog_post_image\"><a itemprop=\"url\" href=\"https:\/\/karibiandescanso.com\/pl\/summer-is-here\/\" target=\"_self\"><img decoding=\"async\" itemprop=\"image\" src=\"https:\/\/karibiandescanso.com\/wp-content\/uploads\/2019\/07\/portada-.png\" \/><\/a><\/div><div class=\"q_masonry_blog_post_text\"><h5 itemprop=\"name\" class=\"q_masonry_blog_title entry_title\"><a itemprop=\"url\" href=\"https:\/\/karibiandescanso.com\/pl\/summer-is-here\/\">LATO JU\u017b TU JEST<\/a><\/h5><p itemprop=\"description\" class=\"q_masonry_blog_excerpt\">Spanie w ch\u0142odnym otoczeniu u\u0142atwi naszemu organizmowi zasypianie w spos\u00f3b naturalny, w komfortowym otoczeniu, sprzyjaj\u0105c g\u0142\u0119bszemu i spokojniejszemu senowi. Odkryj technologi\u0119 ch\u0142odzenia....<\/p><div class=\"q_masonry_blog_post_info\"><span itemprop=\"dateCreated\" class=\"time entry_date updated\">11 July, 2019<meta itemprop=\"interactionCount\" content=\"UserComments: <?php echo get_comments_number(qode_get_page_id()); ?>\"\/><\/span><\/div><\/div><\/article><article  class='post-3903 post type-post status-publish format-standard has-post-thumbnail hentry category-sin-categoria category-noticias tag-matelas tag-muelles tag-algodon tag-cotton-fiber tag-naturaleza tag-pocketspring tag-karibian-descanso tag-descanso tag-materiales-naturales tag-colchon tag-sleep '><div class=\"q_masonry_blog_post_image\"><a itemprop=\"url\" href=\"https:\/\/karibiandescanso.com\/pl\/el-algodon\/\" target=\"_self\"><img decoding=\"async\" itemprop=\"image\" src=\"https:\/\/karibiandescanso.com\/wp-content\/uploads\/2019\/02\/ornell1-a-binni-224982-unsplash.png\" \/><\/a><\/div><div class=\"q_masonry_blog_post_text\"><h5 itemprop=\"name\" class=\"q_masonry_blog_title entry_title\"><a itemprop=\"url\" href=\"https:\/\/karibiandescanso.com\/pl\/el-algodon\/\">BAWE\u0141NA PREZEN OD NATURY<\/a><\/h5><p itemprop=\"description\" class=\"q_masonry_blog_excerpt\">Inspiruj\u0105c si\u0119 natur\u0105 w naszym codziennym \u017cyciu, w Karibian Descanso wykorzystujemy naturalne materia\u0142y, takie jak bawe\u0142na, w procesach produkcji i wytwarzania naszych produkt\u00f3w. Zgodno\u015b\u0107 z...<\/p><div class=\"q_masonry_blog_post_info\"><span itemprop=\"dateCreated\" class=\"time entry_date updated\">27 February, 2019<meta itemprop=\"interactionCount\" content=\"UserComments: <?php echo get_comments_number(qode_get_page_id()); ?>\"\/><\/span><\/div><\/div><\/article><article  class='post-3659 post type-post status-publish format-standard has-post-thumbnail hentry category-sin-categoria category-noticias tag-muelles tag-san-valentin tag-almohada tag-saint-valentin tag-karibian-descanso tag-descanso tag-bienestar tag-repos tag-suenos tag-colchones tag-viscoelastica '><div class=\"q_masonry_blog_post_image\"><a itemprop=\"url\" href=\"https:\/\/karibiandescanso.com\/pl\/love-your-dreams\/\" target=\"_self\"><img decoding=\"async\" itemprop=\"image\" src=\"https:\/\/karibiandescanso.com\/wp-content\/uploads\/2019\/02\/1-portada-.png\" \/><\/a><\/div><div class=\"q_masonry_blog_post_text\"><h5 itemprop=\"name\" class=\"q_masonry_blog_title entry_title\"><a itemprop=\"url\" href=\"https:\/\/karibiandescanso.com\/pl\/love-your-dreams\/\">POKOCHAJ SWOJE SNY<\/a><\/h5><p itemprop=\"description\" class=\"q_masonry_blog_excerpt\">Dobre samopoczucie jest pocz\u0105tkiem wszystkiego. Karibian Descanso proponuje, aby\u015b w te Walentynki wykorzysta\u0142 je, aby wyrwa\u0107 si\u0119 z rutyny i zacz\u0105\u0107 odwa\u017cy\u0107 si\u0119 i bardziej pokocha\u0107 siebie. Znajd\u017a szcz\u0119\u015bcie w ma\u0142ych szczeg\u00f3\u0142ach \u017cycia....<\/p><div class=\"q_masonry_blog_post_info\"><span itemprop=\"dateCreated\" class=\"time entry_date updated\">14 February, 2019<meta itemprop=\"interactionCount\" content=\"UserComments: <?php echo get_comments_number(qode_get_page_id()); ?>\"\/><\/span><\/div><\/div><\/article><article  class='post-2789 post type-post status-publish format-standard has-post-thumbnail hentry category-sin-categoria category-noticias tag-ameubement tag-yecla tag-confort tag-karibiandescanso tag-mattress tag-feriadelmueble tag-furniture tag-fmy2018 tag-foiredumeuble tag-viscoelasticas '><div class=\"q_masonry_blog_post_image\"><a itemprop=\"url\" href=\"https:\/\/karibiandescanso.com\/pl\/57-edicion-fmy2018\/\" target=\"_self\"><img decoding=\"async\" itemprop=\"image\" src=\"https:\/\/karibiandescanso.com\/wp-content\/uploads\/2018\/09\/PORTADA-2-.jpg\" \/><\/a><\/div><div class=\"q_masonry_blog_post_text\"><h5 itemprop=\"name\" class=\"q_masonry_blog_title entry_title\"><a itemprop=\"url\" href=\"https:\/\/karibiandescanso.com\/pl\/57-edicion-fmy2018\/\">57 EDYCJA FMY 2018<\/a><\/h5><p itemprop=\"description\" class=\"q_masonry_blog_excerpt\">Karibian Descanso wzi\u0105\u0142 udzia\u0142 w 57. Edycji Targ\u00f3w Mebli Yecla 2018, w dniach 17-20 wrze\u015bnia. Przedstawiamy nowe stoisko, na kt\u00f3rym mo\u017cna by\u0142o odkry\u0107 r\u00f3\u017cne modele podstawek....<\/p><div class=\"q_masonry_blog_post_info\"><span itemprop=\"dateCreated\" class=\"time entry_date updated\">25 September, 2018<meta itemprop=\"interactionCount\" content=\"UserComments: <?php echo get_comments_number(qode_get_page_id()); ?>\"\/><\/span><\/div><\/div><\/article><article  class='post-1156 post type-post status-publish format-standard has-post-thumbnail hentry category-noticias tag-karibian-descanso tag-confort tag-paris tag-espritmeuble tag-feria-internacional tag-ameublement '><div class=\"q_masonry_blog_post_image\"><a itemprop=\"url\" href=\"https:\/\/karibiandescanso.com\/pl\/participacion-espritmeuble-paris-2017\/\" target=\"_self\"><img decoding=\"async\" itemprop=\"image\" src=\"https:\/\/karibiandescanso.com\/wp-content\/uploads\/2017\/12\/Espritmeuble-Karibian-Descanso-1.jpg\" \/><\/a><\/div><div class=\"q_masonry_blog_post_text\"><h5 itemprop=\"name\" class=\"q_masonry_blog_title entry_title\"><a itemprop=\"url\" href=\"https:\/\/karibiandescanso.com\/pl\/participacion-espritmeuble-paris-2017\/\">UCZESTNICTWO W ESPRITMEUBLE 2017<\/a><\/h5><p itemprop=\"description\" class=\"q_masonry_blog_excerpt\">Dzi\u0119ki nieustannemu d\u0105\u017ceniu do rozwoju i ci\u0105g\u0142emu rozszerzaniu granic, w dniach od 2 do 5 grudnia 2017 roku z KARIBIAN DESCANSO byli\u015bmy obecni na targach ESPRITMEUBLE PARY\u017b 2017...<\/p><div class=\"q_masonry_blog_post_info\"><span itemprop=\"dateCreated\" class=\"time entry_date updated\">20 December, 2017<meta itemprop=\"interactionCount\" content=\"UserComments: <?php echo get_comments_number(qode_get_page_id()); ?>\"\/><\/span><\/div><\/div><\/article><article  class='post-1030 post type-post status-publish format-standard has-post-thumbnail hentry category-noticias tag-colchon tag-healthylife tag-mattress tag-advice tag-salud tag-sueno tag-karibiandescanso tag-consejos '><div class=\"q_masonry_blog_post_image\"><a itemprop=\"url\" href=\"https:\/\/karibiandescanso.com\/pl\/cuida-de-tu-colchon\/\" target=\"_self\"><img decoding=\"async\" itemprop=\"image\" src=\"https:\/\/karibiandescanso.com\/wp-content\/uploads\/2017\/10\/Cuida-tu-colch\u00f3n-blog-BR.jpg\" \/><\/a><\/div><div class=\"q_masonry_blog_post_text\"><h5 itemprop=\"name\" class=\"q_masonry_blog_title entry_title\"><a itemprop=\"url\" href=\"https:\/\/karibiandescanso.com\/pl\/cuida-de-tu-colchon\/\">WSKAZ\u00d3WKI DOTYCZ\u0104CE KONSERWACJI MATERACA<\/a><\/h5><p itemprop=\"description\" class=\"q_masonry_blog_excerpt\">Czasami nie docenia si\u0119 znaczenia tego podstawowego elementu w naszym \u017cyciu, w kt\u00f3rym sp\u0119dzamy oko\u0142o 7 godzin dziennie. Dlatego jego higiena i u\u017cytkowanie jest bardzo wa\u017cne, dajemy Ci kilka rad......<\/p><div class=\"q_masonry_blog_post_info\"><span itemprop=\"dateCreated\" class=\"time entry_date updated\">08 November, 2017<meta itemprop=\"interactionCount\" content=\"UserComments: <?php echo get_comments_number(qode_get_page_id()); ?>\"\/><\/span><\/div><\/div><\/article><\/div>[\/vc_column][\/vc_row][vc_row css_animation=&#8221;&#8221; row_type=&#8221;row&#8221; use_row_as_full_screen_section=&#8221;no&#8221; type=&#8221;full_width&#8221; angled_section=&#8221;no&#8221; text_align=&#8221;left&#8221; background_image_as_pattern=&#8221;without_pattern&#8221;][vc_column][vc_empty_space height=&#8221;50px&#8221;][\/vc_column][\/vc_row]<\/p>\n","protected":false},"excerpt":{"rendered":"<p>[vc_row css_animation=&#8221;&#8221; row_type=&#8221;row&#8221; use_row_as_full_screen_section=&#8221;no&#8221; type=&#8221;full_width&#8221; angled_section=&#8221;no&#8221; text_align=&#8221;left&#8221; background_image_as_pattern=&#8221;without_pattern&#8221; side_padding=&#8221;5&#8243;][vc_column][vc_empty_space height=&#8221;35px&#8221;][vc_column_text] NOWO\u015aCI [\/vc_column_text][vc_separator type=&#8221;small&#8221; position=&#8221;center&#8221; color=&#8221;#40b4e5&#8243; thickness=&#8221;3&#8243; up=&#8221;10&#8243; down=&#8221;10&#8243;][vc_empty_space height=&#8221;10px&#8221;][\/vc_column][\/vc_row][vc_row css_animation=&#8221;&#8221; row_type=&#8221;row&#8221; use_row_as_full_screen_section=&#8221;no&#8221; type=&#8221;full_width&#8221; angled_section=&#8221;no&#8221; text_align=&#8221;left&#8221; background_image_as_pattern=&#8221;without_pattern&#8221;][vc_column][vc_empty_space height=&#8221;15px&#8221;][\/vc_column][\/vc_row][vc_row css_animation=&#8221;&#8221; row_type=&#8221;row&#8221; use_row_as_full_screen_section=&#8221;no&#8221; type=&#8221;full_width&#8221; angled_section=&#8221;no&#8221; text_align=&#8221;left&#8221; background_image_as_pattern=&#8221;without_pattern&#8221;][vc_column][vc_empty_space height=&#8221;50px&#8221;][\/vc_column][\/vc_row]<\/p>\n","protected":false},"author":1,"featured_media":0,"parent":0,"menu_order":0,"comment_status":"closed","ping_status":"closed","template":"","meta":{"footnotes":""},"class_list":["post-75","page","type-page","status-publish","hentry"],"yoast_head":"<!-- This site is optimized with the Yoast SEO plugin v27.0 - https:\/\/yoast.com\/product\/yoast-seo-wordpress\/ -->\n<title>NOWO\u015aCI - Karibian Descanso<\/title>\n<meta name=\"robots\" content=\"index, follow, max-snippet:-1, max-image-preview:large, max-video-preview:-1\" \/>\n<link rel=\"canonical\" href=\"https:\/\/karibiandescanso.com\/noticias\/\" \/>\n<meta property=\"og:locale\" content=\"pl_PL\" \/>\n<meta property=\"og:type\" content=\"article\" \/>\n<meta property=\"og:title\" content=\"NOWO\u015aCI - Karibian Descanso\" \/>\n<meta property=\"og:description\" content=\"[vc_row css_animation=&#8221;&#8221; row_type=&#8221;row&#8221; use_row_as_full_screen_section=&#8221;no&#8221; type=&#8221;full_width&#8221; angled_section=&#8221;no&#8221; text_align=&#8221;left&#8221; background_image_as_pattern=&#8221;without_pattern&#8221; side_padding=&#8221;5&#8243;][vc_column][vc_empty_space height=&#8221;35px&#8221;][vc_column_text] NOWO\u015aCI [\/vc_column_text][vc_separator type=&#8221;small&#8221; position=&#8221;center&#8221; color=&#8221;#40b4e5&#8243; thickness=&#8221;3&#8243; up=&#8221;10&#8243; down=&#8221;10&#8243;][vc_empty_space height=&#8221;10px&#8221;][\/vc_column][\/vc_row][vc_row css_animation=&#8221;&#8221; row_type=&#8221;row&#8221; use_row_as_full_screen_section=&#8221;no&#8221; type=&#8221;full_width&#8221; angled_section=&#8221;no&#8221; text_align=&#8221;left&#8221; background_image_as_pattern=&#8221;without_pattern&#8221;][vc_column][vc_empty_space height=&#8221;15px&#8221;][\/vc_column][\/vc_row][vc_row css_animation=&#8221;&#8221; row_type=&#8221;row&#8221; use_row_as_full_screen_section=&#8221;no&#8221; type=&#8221;full_width&#8221; angled_section=&#8221;no&#8221; text_align=&#8221;left&#8221; background_image_as_pattern=&#8221;without_pattern&#8221;][vc_column][vc_empty_space height=&#8221;50px&#8221;][\/vc_column][\/vc_row]\" \/>\n<meta property=\"og:url\" content=\"https:\/\/karibiandescanso.com\/noticias\/\" \/>\n<meta property=\"og:site_name\" content=\"Karibian Descanso\" \/>\n<meta property=\"article:modified_time\" content=\"2023-05-15T08:57:32+00:00\" \/>\n<meta name=\"twitter:card\" content=\"summary_large_image\" \/>\n<meta name=\"twitter:label1\" content=\"Szacowany czas czytania\" \/>\n\t<meta name=\"twitter:data1\" content=\"1 minuta\" \/>\n<script type=\"application\/ld+json\" class=\"yoast-schema-graph\">{\"@context\":\"https:\/\/schema.org\",\"@graph\":[{\"@type\":\"WebPage\",\"@id\":\"https:\/\/karibiandescanso.com\/noticias\/\",\"url\":\"https:\/\/karibiandescanso.com\/noticias\/\",\"name\":\"NOWO\u015aCI - Karibian Descanso\",\"isPartOf\":{\"@id\":\"https:\/\/karibiandescanso.com\/#website\"},\"datePublished\":\"2017-03-06T16:07:59+00:00\",\"dateModified\":\"2023-05-15T08:57:32+00:00\",\"breadcrumb\":{\"@id\":\"https:\/\/karibiandescanso.com\/noticias\/#breadcrumb\"},\"inLanguage\":\"pl-PL\",\"potentialAction\":[{\"@type\":\"ReadAction\",\"target\":[\"https:\/\/karibiandescanso.com\/noticias\/\"]}]},{\"@type\":\"BreadcrumbList\",\"@id\":\"https:\/\/karibiandescanso.com\/noticias\/#breadcrumb\",\"itemListElement\":[{\"@type\":\"ListItem\",\"position\":1,\"name\":\"Portada\",\"item\":\"https:\/\/karibiandescanso.com\/\"},{\"@type\":\"ListItem\",\"position\":2,\"name\":\"Noticias\"}]},{\"@type\":\"WebSite\",\"@id\":\"https:\/\/karibiandescanso.com\/#website\",\"url\":\"https:\/\/karibiandescanso.com\/\",\"name\":\"Karibian Descanso\",\"description\":\"Gdzie jest odpoczynek\",\"potentialAction\":[{\"@type\":\"SearchAction\",\"target\":{\"@type\":\"EntryPoint\",\"urlTemplate\":\"https:\/\/karibiandescanso.com\/?s={search_term_string}\"},\"query-input\":{\"@type\":\"PropertyValueSpecification\",\"valueRequired\":true,\"valueName\":\"search_term_string\"}}],\"inLanguage\":\"pl-PL\"}]}<\/script>\n<!-- \/ Yoast SEO plugin. -->","yoast_head_json":{"title":"NOWO\u015aCI - Karibian Descanso","robots":{"index":"index","follow":"follow","max-snippet":"max-snippet:-1","max-image-preview":"max-image-preview:large","max-video-preview":"max-video-preview:-1"},"canonical":"https:\/\/karibiandescanso.com\/noticias\/","og_locale":"pl_PL","og_type":"article","og_title":"NOWO\u015aCI - Karibian Descanso","og_description":"[vc_row css_animation=&#8221;&#8221; row_type=&#8221;row&#8221; use_row_as_full_screen_section=&#8221;no&#8221; type=&#8221;full_width&#8221; angled_section=&#8221;no&#8221; text_align=&#8221;left&#8221; background_image_as_pattern=&#8221;without_pattern&#8221; side_padding=&#8221;5&#8243;][vc_column][vc_empty_space height=&#8221;35px&#8221;][vc_column_text] NOWO\u015aCI [\/vc_column_text][vc_separator type=&#8221;small&#8221; position=&#8221;center&#8221; color=&#8221;#40b4e5&#8243; thickness=&#8221;3&#8243; up=&#8221;10&#8243; down=&#8221;10&#8243;][vc_empty_space height=&#8221;10px&#8221;][\/vc_column][\/vc_row][vc_row css_animation=&#8221;&#8221; row_type=&#8221;row&#8221; use_row_as_full_screen_section=&#8221;no&#8221; type=&#8221;full_width&#8221; angled_section=&#8221;no&#8221; text_align=&#8221;left&#8221; background_image_as_pattern=&#8221;without_pattern&#8221;][vc_column][vc_empty_space height=&#8221;15px&#8221;][\/vc_column][\/vc_row][vc_row css_animation=&#8221;&#8221; row_type=&#8221;row&#8221; use_row_as_full_screen_section=&#8221;no&#8221; type=&#8221;full_width&#8221; angled_section=&#8221;no&#8221; text_align=&#8221;left&#8221; background_image_as_pattern=&#8221;without_pattern&#8221;][vc_column][vc_empty_space height=&#8221;50px&#8221;][\/vc_column][\/vc_row]","og_url":"https:\/\/karibiandescanso.com\/noticias\/","og_site_name":"Karibian Descanso","article_modified_time":"2023-05-15T08:57:32+00:00","twitter_card":"summary_large_image","twitter_misc":{"Szacowany czas czytania":"1 minuta"},"schema":{"@context":"https:\/\/schema.org","@graph":[{"@type":"WebPage","@id":"https:\/\/karibiandescanso.com\/noticias\/","url":"https:\/\/karibiandescanso.com\/noticias\/","name":"NOWO\u015aCI - Karibian Descanso","isPartOf":{"@id":"https:\/\/karibiandescanso.com\/#website"},"datePublished":"2017-03-06T16:07:59+00:00","dateModified":"2023-05-15T08:57:32+00:00","breadcrumb":{"@id":"https:\/\/karibiandescanso.com\/noticias\/#breadcrumb"},"inLanguage":"pl-PL","potentialAction":[{"@type":"ReadAction","target":["https:\/\/karibiandescanso.com\/noticias\/"]}]},{"@type":"BreadcrumbList","@id":"https:\/\/karibiandescanso.com\/noticias\/#breadcrumb","itemListElement":[{"@type":"ListItem","position":1,"name":"Portada","item":"https:\/\/karibiandescanso.com\/"},{"@type":"ListItem","position":2,"name":"Noticias"}]},{"@type":"WebSite","@id":"https:\/\/karibiandescanso.com\/#website","url":"https:\/\/karibiandescanso.com\/","name":"Karibian Descanso","description":"Gdzie jest odpoczynek","potentialAction":[{"@type":"SearchAction","target":{"@type":"EntryPoint","urlTemplate":"https:\/\/karibiandescanso.com\/?s={search_term_string}"},"query-input":{"@type":"PropertyValueSpecification","valueRequired":true,"valueName":"search_term_string"}}],"inLanguage":"pl-PL"}]}},"_links":{"self":[{"href":"https:\/\/karibiandescanso.com\/pl\/wp-json\/wp\/v2\/pages\/75","targetHints":{"allow":["GET"]}}],"collection":[{"href":"https:\/\/karibiandescanso.com\/pl\/wp-json\/wp\/v2\/pages"}],"about":[{"href":"https:\/\/karibiandescanso.com\/pl\/wp-json\/wp\/v2\/types\/page"}],"author":[{"embeddable":true,"href":"https:\/\/karibiandescanso.com\/pl\/wp-json\/wp\/v2\/users\/1"}],"replies":[{"embeddable":true,"href":"https:\/\/karibiandescanso.com\/pl\/wp-json\/wp\/v2\/comments?post=75"}],"version-history":[{"count":0,"href":"https:\/\/karibiandescanso.com\/pl\/wp-json\/wp\/v2\/pages\/75\/revisions"}],"wp:attachment":[{"href":"https:\/\/karibiandescanso.com\/pl\/wp-json\/wp\/v2\/media?parent=75"}],"curies":[{"name":"wp","href":"https:\/\/api.w.org\/{rel}","templated":true}]}}